{"id":1563,"date":"2019-08-28T13:19:02","date_gmt":"2019-08-28T11:19:02","guid":{"rendered":"https:\/\/visionsdafrique.fr\/2023\/?page_id=1563"},"modified":"2023-10-13T09:32:02","modified_gmt":"2023-10-13T07:32:02","slug":"edition2023","status":"publish","type":"page","link":"https:\/\/visionsdafrique.fr\/2023\/edition2023\/","title":{"rendered":"Pr\u00e9sentation de la 14\u00b0 \u00e9dition"},"content":{"rendered":"\n<h2 class=\"wp-block-heading has-text-color\" style=\"color:#fc222a\">18 &gt; 24 octobre 2023<\/h2>\n\n\n\n<p><strong>Cette 14<sup>e<\/sup> \u00e9dition t\u00e9moigne de la diversit\u00e9 g\u00e9ographique et th\u00e9matique croissante des cin\u00e9mas d\u2019Afrique et se fait l\u2019\u00e9cho de leur essor. La manifestation la plus \u00e9loquente en fut la s\u00e9lection au festival de Cannes 2023 de 12 films, <\/strong>dont beaucoup sont distribu\u00e9s depuis dans les salles fran\u00e7aises (fait assez rare pour \u00eatre soulign\u00e9) comme <em><strong>Banel et Adama<\/strong><\/em> de la s\u00e9n\u00e9galaise <strong>Ramata-Toulaye Sy<\/strong> ou L<strong><em>es filles d\u2019Olfa <\/em><\/strong>de la Tunisienne <strong><em>Kaouther Ben Hania<\/em><\/strong>.<\/p>\n\n\n\n<div style=\"height:50px\" aria-hidden=\"true\" class=\"wp-block-spacer\"><\/div>\n\n\n\n<h1 class=\"wp-block-heading icon-title\" style=\"text-transform:none\">Trois r\u00e9alisateurs invit\u00e9s d&rsquo;honneur du festival<\/h1>\n\n\n\n<div class=\"wp-block-media-text alignwide is-stacked-on-mobile\" style=\"grid-template-columns:35% auto\"><figure class=\"wp-block-media-text__media\"><a href=\"https:\/\/visionsdafrique.fr\/2023\/intervenant\/moussa-sene-absa\/\"><img loading=\"lazy\" decoding=\"async\" width=\"600\" height=\"900\" src=\"https:\/\/visionsdafrique.fr\/2023\/wp-content\/uploads\/sites\/8\/2023\/09\/seneabsamoussa\u00a9-Gerhard-Kassner-Berlinale-.jpg\" alt=\"\" class=\"wp-image-4638 size-full\" srcset=\"https:\/\/visionsdafrique.fr\/2023\/wp-content\/uploads\/sites\/8\/2023\/09\/seneabsamoussa\u00a9-Gerhard-Kassner-Berlinale-.jpg 600w, https:\/\/visionsdafrique.fr\/2023\/wp-content\/uploads\/sites\/8\/2023\/09\/seneabsamoussa\u00a9-Gerhard-Kassner-Berlinale--200x300.jpg 200w, https:\/\/visionsdafrique.fr\/2023\/wp-content\/uploads\/sites\/8\/2023\/09\/seneabsamoussa\u00a9-Gerhard-Kassner-Berlinale--16x24.jpg 16w, https:\/\/visionsdafrique.fr\/2023\/wp-content\/uploads\/sites\/8\/2023\/09\/seneabsamoussa\u00a9-Gerhard-Kassner-Berlinale--24x36.jpg 24w, https:\/\/visionsdafrique.fr\/2023\/wp-content\/uploads\/sites\/8\/2023\/09\/seneabsamoussa\u00a9-Gerhard-Kassner-Berlinale--32x48.jpg 32w\" sizes=\"auto, (max-width: 600px) 100vw, 600px\" \/><\/a><\/figure><div class=\"wp-block-media-text__content\">\n<h3 class=\"wp-block-heading\">Moussa S\u00e8ne Absa<\/h3>\n\n\n\n<h5 class=\"wp-block-heading\">Cin\u00e9aste s\u00e9n\u00e9galais<\/h5>\n\n\n\n<p>Invit\u00e9 d\u2019honneur : le r\u00e9alisateur s\u00e9n\u00e9galais <strong>Moussa S\u00e8ne Absa<\/strong>, avec une mini-r\u00e9trospective \u00e0 l\u2019occasion de la sortie de son nouveau film <strong><em>Xal\u00e9, les blessures de l\u2019enfance<\/em><\/strong> (2022).<\/p>\n<\/div><\/div>\n\n\n\n<div style=\"height:50px\" aria-hidden=\"true\" class=\"wp-block-spacer\"><\/div>\n\n\n\n<div class=\"wp-block-media-text alignwide has-media-on-the-right is-stacked-on-mobile\" style=\"grid-template-columns:auto 35%\"><div class=\"wp-block-media-text__content\">\n<h3 class=\"wp-block-heading\">Jean Odoutan<\/h3>\n\n\n\n<h5 class=\"wp-block-heading\">Cin\u00e9aste b\u00e9ninois<\/h5>\n\n\n\n<p>D\u00e9j\u00e0 pr\u00e9sent en 2016, le cin\u00e9aste b\u00e9ninois <strong>Jean Odoutan<\/strong> revient nous offrir son dernier film musical, <strong><em>Le Panth\u00e9on de la Joie<\/em><\/strong>. Il animera \u00e9galement les s\u00e9ances avec les coll\u00e9giens.<\/p>\n<\/div><figure class=\"wp-block-media-text__media\"><a href=\"https:\/\/visionsdafrique.fr\/2023\/intervenant\/jean-odoutan\/\"><img loading=\"lazy\" decoding=\"async\" width=\"684\" height=\"1024\" src=\"https:\/\/visionsdafrique.fr\/2023\/wp-content\/uploads\/sites\/8\/2023\/09\/Jean-Odoutan-Realisateur-Auteur-Acteur-2015--684x1024.jpg\" alt=\"\" class=\"wp-image-5071 size-full\" srcset=\"https:\/\/visionsdafrique.fr\/2023\/wp-content\/uploads\/sites\/8\/2023\/09\/Jean-Odoutan-Realisateur-Auteur-Acteur-2015--684x1024.jpg 684w, https:\/\/visionsdafrique.fr\/2023\/wp-content\/uploads\/sites\/8\/2023\/09\/Jean-Odoutan-Realisateur-Auteur-Acteur-2015--200x300.jpg 200w, https:\/\/visionsdafrique.fr\/2023\/wp-content\/uploads\/sites\/8\/2023\/09\/Jean-Odoutan-Realisateur-Auteur-Acteur-2015--768x1151.jpg 768w, https:\/\/visionsdafrique.fr\/2023\/wp-content\/uploads\/sites\/8\/2023\/09\/Jean-Odoutan-Realisateur-Auteur-Acteur-2015-.jpg 801w\" sizes=\"auto, (max-width: 684px) 100vw, 684px\" \/><\/a><\/figure><\/div>\n\n\n\n<div style=\"height:50px\" aria-hidden=\"true\" class=\"wp-block-spacer\"><\/div>\n\n\n\n<div class=\"wp-block-media-text alignwide is-stacked-on-mobile\" style=\"grid-template-columns:35% auto\"><figure class=\"wp-block-media-text__media\"><a href=\"https:\/\/visionsdafrique.fr\/2023\/intervenant\/sana-na-nhada\/\"><img loading=\"lazy\" decoding=\"async\" width=\"800\" height=\"987\" src=\"https:\/\/visionsdafrique.fr\/2023\/wp-content\/uploads\/sites\/8\/2023\/09\/Sana_Na_Nhada_2023.jpg\" alt=\"\" class=\"wp-image-4852 size-full\" srcset=\"https:\/\/visionsdafrique.fr\/2023\/wp-content\/uploads\/sites\/8\/2023\/09\/Sana_Na_Nhada_2023.jpg 800w, https:\/\/visionsdafrique.fr\/2023\/wp-content\/uploads\/sites\/8\/2023\/09\/Sana_Na_Nhada_2023-243x300.jpg 243w, https:\/\/visionsdafrique.fr\/2023\/wp-content\/uploads\/sites\/8\/2023\/09\/Sana_Na_Nhada_2023-768x948.jpg 768w\" sizes=\"auto, (max-width: 800px) 100vw, 800px\" \/><\/a><\/figure><div class=\"wp-block-media-text__content\">\n<h3 class=\"wp-block-heading\">Sana Na N&rsquo;Hada<\/h3>\n\n\n\n<h5 class=\"wp-block-heading\">Cin\u00e9aste bissau-guin\u00e9en<\/h5>\n\n\n\n<p><strong>Sana Na N\u2019Hada<\/strong> sera aussi parmi nous pour pr\u00e9senter en avant premi\u00e8re son dernier film <strong><em>Nome <\/em><\/strong>apr\u00e8s sa projection \u00e0 Cannes dans la S\u00e9lection de l\u2019ACID.<\/p>\n<\/div><\/div>\n\n\n\n<div style=\"height:50px\" aria-hidden=\"true\" class=\"wp-block-spacer\"><\/div>\n\n\n\n<div class=\"wp-block-columns is-layout-flex wp-container-core-columns-is-layout-9d6595d7 wp-block-columns-is-layout-flex\">\n<div class=\"wp-block-column is-layout-flow wp-block-column-is-layout-flow\"><div class=\"wp-block-image rounded\">\n<figure class=\"aligncenter size-large\"><a href=\"https:\/\/visionsdafrique.fr\/2023\/film\/xale-les-blessures-de-lenfance\/\"><img loading=\"lazy\" decoding=\"async\" width=\"768\" height=\"1024\" src=\"https:\/\/visionsdafrique.fr\/2023\/wp-content\/uploads\/sites\/8\/2023\/09\/Affiche_Xale_FR-1-768x1024.jpg\" alt=\"\" class=\"wp-image-4621\" srcset=\"https:\/\/visionsdafrique.fr\/2023\/wp-content\/uploads\/sites\/8\/2023\/09\/Affiche_Xale_FR-1-768x1024.jpg 768w, https:\/\/visionsdafrique.fr\/2023\/wp-content\/uploads\/sites\/8\/2023\/09\/Affiche_Xale_FR-1-225x300.jpg 225w, https:\/\/visionsdafrique.fr\/2023\/wp-content\/uploads\/sites\/8\/2023\/09\/Affiche_Xale_FR-1-1152x1536.jpg 1152w, https:\/\/visionsdafrique.fr\/2023\/wp-content\/uploads\/sites\/8\/2023\/09\/Affiche_Xale_FR-1-18x24.jpg 18w, https:\/\/visionsdafrique.fr\/2023\/wp-content\/uploads\/sites\/8\/2023\/09\/Affiche_Xale_FR-1-27x36.jpg 27w, https:\/\/visionsdafrique.fr\/2023\/wp-content\/uploads\/sites\/8\/2023\/09\/Affiche_Xale_FR-1-36x48.jpg 36w, https:\/\/visionsdafrique.fr\/2023\/wp-content\/uploads\/sites\/8\/2023\/09\/Affiche_Xale_FR-1.jpg 1200w\" sizes=\"auto, (max-width: 768px) 100vw, 768px\" \/><\/a><\/figure>\n<\/div><\/div>\n\n\n\n<div class=\"wp-block-column is-layout-flow wp-block-column-is-layout-flow\"><div class=\"wp-block-image rounded\">\n<figure class=\"aligncenter size-large\"><a href=\"https:\/\/visionsdafrique.fr\/2023\/film\/le-pantheon-de-la-joie\/\"><img loading=\"lazy\" decoding=\"async\" width=\"724\" height=\"1024\" src=\"https:\/\/visionsdafrique.fr\/2023\/wp-content\/uploads\/sites\/8\/2023\/09\/affiche-modifiee-pantheon-de-la-joie-scaled-1-724x1024.jpg\" alt=\"\" class=\"wp-image-4620\" srcset=\"https:\/\/visionsdafrique.fr\/2023\/wp-content\/uploads\/sites\/8\/2023\/09\/affiche-modifiee-pantheon-de-la-joie-scaled-1-724x1024.jpg 724w, https:\/\/visionsdafrique.fr\/2023\/wp-content\/uploads\/sites\/8\/2023\/09\/affiche-modifiee-pantheon-de-la-joie-scaled-1-212x300.jpg 212w, https:\/\/visionsdafrique.fr\/2023\/wp-content\/uploads\/sites\/8\/2023\/09\/affiche-modifiee-pantheon-de-la-joie-scaled-1-768x1086.jpg 768w, https:\/\/visionsdafrique.fr\/2023\/wp-content\/uploads\/sites\/8\/2023\/09\/affiche-modifiee-pantheon-de-la-joie-scaled-1-1086x1536.jpg 1086w, https:\/\/visionsdafrique.fr\/2023\/wp-content\/uploads\/sites\/8\/2023\/09\/affiche-modifiee-pantheon-de-la-joie-scaled-1-17x24.jpg 17w, https:\/\/visionsdafrique.fr\/2023\/wp-content\/uploads\/sites\/8\/2023\/09\/affiche-modifiee-pantheon-de-la-joie-scaled-1-25x36.jpg 25w, https:\/\/visionsdafrique.fr\/2023\/wp-content\/uploads\/sites\/8\/2023\/09\/affiche-modifiee-pantheon-de-la-joie-scaled-1-34x48.jpg 34w, https:\/\/visionsdafrique.fr\/2023\/wp-content\/uploads\/sites\/8\/2023\/09\/affiche-modifiee-pantheon-de-la-joie-scaled-1.jpg 1358w\" sizes=\"auto, (max-width: 724px) 100vw, 724px\" \/><\/a><\/figure>\n<\/div><\/div>\n\n\n\n<div class=\"wp-block-column is-layout-flow wp-block-column-is-layout-flow\"><div class=\"wp-block-image rounded\">\n<figure class=\"aligncenter size-large\"><a href=\"https:\/\/visionsdafrique.fr\/2023\/film\/nome\/\"><img loading=\"lazy\" decoding=\"async\" width=\"724\" height=\"1024\" src=\"https:\/\/visionsdafrique.fr\/2023\/wp-content\/uploads\/sites\/8\/2023\/09\/afficheA2_nome_V5-Site_TD-724x1024.jpg\" alt=\"\" class=\"wp-image-4619\" srcset=\"https:\/\/visionsdafrique.fr\/2023\/wp-content\/uploads\/sites\/8\/2023\/09\/afficheA2_nome_V5-Site_TD-724x1024.jpg 724w, https:\/\/visionsdafrique.fr\/2023\/wp-content\/uploads\/sites\/8\/2023\/09\/afficheA2_nome_V5-Site_TD-212x300.jpg 212w, https:\/\/visionsdafrique.fr\/2023\/wp-content\/uploads\/sites\/8\/2023\/09\/afficheA2_nome_V5-Site_TD-768x1087.jpg 768w, https:\/\/visionsdafrique.fr\/2023\/wp-content\/uploads\/sites\/8\/2023\/09\/afficheA2_nome_V5-Site_TD-1086x1536.jpg 1086w, https:\/\/visionsdafrique.fr\/2023\/wp-content\/uploads\/sites\/8\/2023\/09\/afficheA2_nome_V5-Site_TD-17x24.jpg 17w, https:\/\/visionsdafrique.fr\/2023\/wp-content\/uploads\/sites\/8\/2023\/09\/afficheA2_nome_V5-Site_TD-25x36.jpg 25w, https:\/\/visionsdafrique.fr\/2023\/wp-content\/uploads\/sites\/8\/2023\/09\/afficheA2_nome_V5-Site_TD-34x48.jpg 34w, https:\/\/visionsdafrique.fr\/2023\/wp-content\/uploads\/sites\/8\/2023\/09\/afficheA2_nome_V5-Site_TD.jpg 1357w\" sizes=\"auto, (max-width: 724px) 100vw, 724px\" \/><\/a><figcaption class=\"wp-element-caption\"><strong>Avant-premi\u00e8re<\/strong><\/figcaption><\/figure>\n<\/div>\n\n\n<p><\/p>\n<\/div>\n<\/div>\n\n\n\n<div style=\"height:50px\" aria-hidden=\"true\" class=\"wp-block-spacer\"><\/div>\n\n\n\n<div class=\"wp-block-media-text alignwide has-media-on-the-right is-stacked-on-mobile rounded has-background\" style=\"background-color:#c93c32;grid-template-columns:auto 51%\"><div class=\"wp-block-media-text__content\">\n<h4 class=\"wp-block-heading has-white-color has-text-color\"><strong>UN HOMMAGE \u00c0<\/strong><\/h4>\n\n\n\n<h2 class=\"wp-block-heading has-black-color has-text-color\"><a href=\"https:\/\/visionsdafrique.fr\/2023\/intervenant\/sembene-ousmane\/\" data-type=\"intervenants\" data-id=\"4843\">SEMB<strong>\u00c8<\/strong>NE OUSMANE<\/a><\/h2>\n\n\n\n<h3 class=\"wp-block-heading has-black-color has-text-color\"><strong>CIN\u00c9ASTE S\u00c9N\u00c9GALAIS<\/strong><\/h3>\n\n\n\n<p class=\"has-white-color has-text-color\"><em>1923 &#8211; 2023<\/em><\/p>\n<\/div><figure class=\"wp-block-media-text__media\"><a href=\"https:\/\/visionsdafrique.fr\/2023\/intervenant\/sembene-ousmane\/\"><img loading=\"lazy\" decoding=\"async\" width=\"800\" height=\"664\" src=\"https:\/\/visionsdafrique.fr\/2023\/wp-content\/uploads\/sites\/8\/2023\/09\/Sembene-Senegal-A-01-01\u00a9Desjeux.png\" alt=\"\" class=\"wp-image-4839 size-full\" srcset=\"https:\/\/visionsdafrique.fr\/2023\/wp-content\/uploads\/sites\/8\/2023\/09\/Sembene-Senegal-A-01-01\u00a9Desjeux.png 800w, https:\/\/visionsdafrique.fr\/2023\/wp-content\/uploads\/sites\/8\/2023\/09\/Sembene-Senegal-A-01-01\u00a9Desjeux-300x249.png 300w, https:\/\/visionsdafrique.fr\/2023\/wp-content\/uploads\/sites\/8\/2023\/09\/Sembene-Senegal-A-01-01\u00a9Desjeux-768x637.png 768w\" sizes=\"auto, (max-width: 800px) 100vw, 800px\" \/><\/a><\/figure><\/div>\n\n\n\n<div style=\"height:31px\" aria-hidden=\"true\" class=\"wp-block-spacer\"><\/div>\n\n\n\n<h2 class=\"wp-block-heading\">Conf\u00e9rence Sembene Ousmane anim\u00e9e par Catherine ruelle et Val\u00e9rie Berty<\/h2>\n\n\n\n<h3 class=\"wp-block-heading icon-title\">Ven. 20 oct. 18 h &#8211; Cin\u00e9ma l\u2019Eldorado<\/h3>\n\n\n\n<h3 class=\"wp-block-heading icon-title\">Lun. 23 oct. 15 h \u2013 La biguaille<\/h3>\n\n\n\n<p><strong>Hommage \u00e0 Semb\u00e8ne Ousmane<\/strong>, enfin. Pour marquer le 100<sup>e<\/sup> anniversaire de la naissance du \u00ab&nbsp;P\u00e8re&nbsp;\u00bb du cin\u00e9ma subsaharien.<\/p>\n\n\n\n<p><strong>Semb\u00e8ne Ousmane<\/strong>, l\u2019ain\u00e9 des anciens, comme tout le monde l\u2019appelait de son vivant, \u00e9crivain reconnu dans le monde entier, premier cin\u00e9aste africain de fiction, m\u00e9ritait bien seize ans apr\u00e8s sa disparition qu\u2019on se penche \u00e0 nouveau sur son \u0153uvre, v\u00e9ritable com\u00e9die africaine moderne.<\/p>\n\n\n\n<div class=\"wp-block-media-text alignwide is-stacked-on-mobile\" style=\"grid-template-columns:20% auto\"><figure class=\"wp-block-media-text__media\"><a href=\"https:\/\/visionsdafrique.fr\/2023\/intervenant\/valerie-berty\/\"><img loading=\"lazy\" decoding=\"async\" width=\"768\" height=\"1024\" src=\"https:\/\/visionsdafrique.fr\/2023\/wp-content\/uploads\/sites\/8\/2023\/09\/photo-valery-berty.jpg\" alt=\"\" class=\"wp-image-4630 size-full\" srcset=\"https:\/\/visionsdafrique.fr\/2023\/wp-content\/uploads\/sites\/8\/2023\/09\/photo-valery-berty.jpg 768w, https:\/\/visionsdafrique.fr\/2023\/wp-content\/uploads\/sites\/8\/2023\/09\/photo-valery-berty-225x300.jpg 225w, https:\/\/visionsdafrique.fr\/2023\/wp-content\/uploads\/sites\/8\/2023\/09\/photo-valery-berty-18x24.jpg 18w, https:\/\/visionsdafrique.fr\/2023\/wp-content\/uploads\/sites\/8\/2023\/09\/photo-valery-berty-27x36.jpg 27w, https:\/\/visionsdafrique.fr\/2023\/wp-content\/uploads\/sites\/8\/2023\/09\/photo-valery-berty-36x48.jpg 36w\" sizes=\"auto, (max-width: 768px) 100vw, 768px\" \/><\/a><\/figure><div class=\"wp-block-media-text__content\">\n<p><strong><a href=\"https:\/\/visionsdafrique.fr\/2023\/intervenant\/catherine-ruelle\/\" data-type=\"intervenants\" data-id=\"934\">Catherine Ruelle<\/a> et <a href=\"https:\/\/visionsdafrique.fr\/2023\/intervenant\/valerie-berty\/\" data-type=\"intervenants\" data-id=\"4957\">Val\u00e9rie Berty<\/a><\/strong> pr\u00e9senteront des montages autour de son \u0153uvre et son dernier long-m\u00e9trage <a href=\"https:\/\/visionsdafrique.fr\/2023\/film\/moolaade\/\" data-type=\"film\" data-id=\"4863\"><strong><em>Moolaad\u00e9<\/em><\/strong> <\/a>(2002).<\/p>\n<\/div><\/div>\n\n\n\n<div style=\"height:32px\" aria-hidden=\"true\" class=\"wp-block-spacer\"><\/div>\n\n\n\n<div class=\"wp-block-uagb-buttons uagb-buttons__outer-wrap uagb-btn__default-btn uagb-btn-tablet__default-btn uagb-btn-mobile__default-btn uagb-block-87907fe8\"><div class=\"uagb-buttons__wrap uagb-buttons-layout-wrap\">\n<div class=\"wp-block-uagb-buttons-child uagb-buttons__outer-wrap uagb-block-8bcdf7c2 wp-block-button\"><div class=\"uagb-button__wrapper\"><a class=\"uagb-buttons-repeater wp-block-button__link\" href=\"\/films-de-lannee\" onclick=\"return true;\" rel=\"follow noopener\" target=\"_self\"><div class=\"uagb-button__link\">Les invit\u00e9s et leurs films<\/div><span class=\"uagb-button__icon uagb-button__icon-position-after\"><svg xmlns=\"https:\/\/www.w3.org\/2000\/svg\" viewBox=\"0 0 448 512\"><path d=\"M438.6 278.6l-160 160C272.4 444.9 264.2 448 256 448s-16.38-3.125-22.62-9.375c-12.5-12.5-12.5-32.75 0-45.25L338.8 288H32C14.33 288 .0016 273.7 .0016 256S14.33 224 32 224h306.8l-105.4-105.4c-12.5-12.5-12.5-32.75 0-45.25s32.75-12.5 45.25 0l160 160C451.1 245.9 451.1 266.1 438.6 278.6z\"><\/path><\/svg><\/span><\/a><\/div><\/div>\n<\/div><\/div>\n\n\n\n<div style=\"height:50px\" aria-hidden=\"true\" class=\"wp-block-spacer\"><\/div>\n\n\n\n<h2 class=\"wp-block-heading icon-title\">La s\u00e9lection 2023<\/h2>\n\n\n\n<h3 class=\"wp-block-heading icone-title\">22 films, dont 2 courts-m\u00e9trages, venus de 13 pays<\/h3>\n\n\n\n<p><br>Si l\u2019Afrique du Nord occupe une place de choix \u00e0 c\u00f4t\u00e9 des traditionnels pays de cin\u00e9ma (S\u00e9n\u00e9gal, Burkina Faso), la s\u00e9lection fait la part belle \u00e0 des cin\u00e9matographies moins connues (Kenya, Guin\u00e9e Bissau, Rwanda, Soudan, Congo) et aux femmes cin\u00e9astes (<strong><em>Sous les figues<\/em><\/strong>, <strong><em>Les filles d\u2019Olfa<\/em><\/strong>, <strong><em>Banel et Adama<\/em><\/strong>, <strong><em>Mambar Pierrette<\/em><\/strong>, <strong><em>Neptune Frost<\/em><\/strong>, <strong><em>La Derni\u00e8re Reine<\/em><\/strong>, <strong><em>Sira<\/em><\/strong>, <strong><em>Astel<\/em><\/strong>, <strong><em>L\u2019envoy\u00e9e de Dieu<\/em><\/strong>) \u00e0 travers un programme riche et diversifi\u00e9&nbsp;: de la romance au thriller, de la fable politique \u00e0 la critique sociale, de la fresque historique au film \u00ab&nbsp;politique&nbsp;\u00bb de r\u00e9sistance, de la biographie historique au cin\u00e9ma exp\u00e9rimental et m\u00eame au film fantastique, les cin\u00e9astes s\u2019en donnent \u00e0 c\u0153ur joie&nbsp;!<\/p>\n\n\n\t\t\t\t\t<div\n\t\t\t\t\t\tclass=\"wp-block-uagb-image-gallery uagb-block-7854849e     \"\n\t\t\t\t\t\tstyle=\"\"\n\t\t\t\t\t>\n\t\t\t\t\t\t\t\t\t\t\t<div class=\"spectra-image-gallery spectra-image-gallery__layout--grid spectra-image-gallery__layout--grid-col-4 spectra-image-gallery__layout--grid-col-tab-2 spectra-image-gallery__layout--grid-col-mob-2\">\n\t\t\t\t\t\t\t\t\t\t\t<div class='spectra-image-gallery__media-wrapper' data-spectra-gallery-image-id='4917' tabindex=\"0\">\n\t\t\t\t\t\t\t<div class=\"spectra-image-gallery__media spectra-image-gallery__media--grid\">\n\t\t\t\t<picture>\n\t\t\t\t\t<source media=\"(min-width: 1024px)\" srcset=\"https:\/\/visionsdafrique.fr\/2023\/wp-content\/uploads\/sites\/8\/2023\/09\/sous-les-figues-768x1024.jpg\">\n\t\t\t\t\t<source media=\"(min-width: 768px)\" srcset=\"https:\/\/visionsdafrique.fr\/2023\/wp-content\/uploads\/sites\/8\/2023\/09\/sous-les-figues-768x1024.jpg\">\n\t\t\t\t\t<img decoding=\"async\" class=\"spectra-image-gallery__media-thumbnail spectra-image-gallery__media-thumbnail--grid\" src=\"https:\/\/visionsdafrique.fr\/2023\/wp-content\/uploads\/sites\/8\/2023\/09\/sous-les-figues-225x300.jpg\" alt=\"\" loading=\"lazy\" \/>\n\t\t\t\t<\/picture>\n\t\t\t\t<div class=\"spectra-image-gallery__media-thumbnail-blurrer\"><\/div>\n\t\t\t\t\t\t\t\t\t\t\t<div class=\"spectra-image-gallery__media-thumbnail-caption-wrapper spectra-image-gallery__media-thumbnail-caption-wrapper--overlay\"><\/div>\n\t\t\t\t\t\t\t\t<\/div>\n\t\t\t\t\t\t<\/div>\n\t\t\t\t\t\t<div class='spectra-image-gallery__media-wrapper' data-spectra-gallery-image-id='4780' tabindex=\"0\">\n\t\t\t\t\t\t\t<div class=\"spectra-image-gallery__media spectra-image-gallery__media--grid\">\n\t\t\t\t<picture>\n\t\t\t\t\t<source media=\"(min-width: 1024px)\" srcset=\"https:\/\/visionsdafrique.fr\/2023\/wp-content\/uploads\/sites\/8\/2023\/09\/1757181-758x1024.webp\">\n\t\t\t\t\t<source media=\"(min-width: 768px)\" srcset=\"https:\/\/visionsdafrique.fr\/2023\/wp-content\/uploads\/sites\/8\/2023\/09\/1757181-758x1024.webp\">\n\t\t\t\t\t<img decoding=\"async\" class=\"spectra-image-gallery__media-thumbnail spectra-image-gallery__media-thumbnail--grid\" src=\"https:\/\/visionsdafrique.fr\/2023\/wp-content\/uploads\/sites\/8\/2023\/09\/1757181-222x300.webp\" alt=\"\" loading=\"lazy\" \/>\n\t\t\t\t<\/picture>\n\t\t\t\t<div class=\"spectra-image-gallery__media-thumbnail-blurrer\"><\/div>\n\t\t\t\t\t\t\t\t\t\t\t<div class=\"spectra-image-gallery__media-thumbnail-caption-wrapper spectra-image-gallery__media-thumbnail-caption-wrapper--overlay\"><\/div>\n\t\t\t\t\t\t\t\t<\/div>\n\t\t\t\t\t\t<\/div>\n\t\t\t\t\t\t<div class='spectra-image-gallery__media-wrapper' data-spectra-gallery-image-id='4762' tabindex=\"0\">\n\t\t\t\t\t\t\t<div class=\"spectra-image-gallery__media spectra-image-gallery__media--grid\">\n\t\t\t\t<picture>\n\t\t\t\t\t<source media=\"(min-width: 1024px)\" srcset=\"https:\/\/visionsdafrique.fr\/2023\/wp-content\/uploads\/sites\/8\/2023\/09\/Affiche-LES-FILLES-DOLFA-752x1024.jpg\">\n\t\t\t\t\t<source media=\"(min-width: 768px)\" srcset=\"https:\/\/visionsdafrique.fr\/2023\/wp-content\/uploads\/sites\/8\/2023\/09\/Affiche-LES-FILLES-DOLFA-752x1024.jpg\">\n\t\t\t\t\t<img decoding=\"async\" class=\"spectra-image-gallery__media-thumbnail spectra-image-gallery__media-thumbnail--grid\" src=\"https:\/\/visionsdafrique.fr\/2023\/wp-content\/uploads\/sites\/8\/2023\/09\/Affiche-LES-FILLES-DOLFA-220x300.jpg\" alt=\"\" loading=\"lazy\" \/>\n\t\t\t\t<\/picture>\n\t\t\t\t<div class=\"spectra-image-gallery__media-thumbnail-blurrer\"><\/div>\n\t\t\t\t\t\t\t\t\t\t\t<div class=\"spectra-image-gallery__media-thumbnail-caption-wrapper spectra-image-gallery__media-thumbnail-caption-wrapper--overlay\"><\/div>\n\t\t\t\t\t\t\t\t<\/div>\n\t\t\t\t\t\t<\/div>\n\t\t\t\t\t\t<div class='spectra-image-gallery__media-wrapper' data-spectra-gallery-image-id='4933' tabindex=\"0\">\n\t\t\t\t\t\t\t<div class=\"spectra-image-gallery__media spectra-image-gallery__media--grid\">\n\t\t\t\t<picture>\n\t\t\t\t\t<source media=\"(min-width: 1024px)\" srcset=\"https:\/\/visionsdafrique.fr\/2023\/wp-content\/uploads\/sites\/8\/2023\/09\/derniere-reine_affiche-731x1024.jpg\">\n\t\t\t\t\t<source media=\"(min-width: 768px)\" srcset=\"https:\/\/visionsdafrique.fr\/2023\/wp-content\/uploads\/sites\/8\/2023\/09\/derniere-reine_affiche-731x1024.jpg\">\n\t\t\t\t\t<img decoding=\"async\" class=\"spectra-image-gallery__media-thumbnail spectra-image-gallery__media-thumbnail--grid\" src=\"https:\/\/visionsdafrique.fr\/2023\/wp-content\/uploads\/sites\/8\/2023\/09\/derniere-reine_affiche-214x300.jpg\" alt=\"\" loading=\"lazy\" \/>\n\t\t\t\t<\/picture>\n\t\t\t\t<div class=\"spectra-image-gallery__media-thumbnail-blurrer\"><\/div>\n\t\t\t\t\t\t\t\t\t\t\t<div class=\"spectra-image-gallery__media-thumbnail-caption-wrapper spectra-image-gallery__media-thumbnail-caption-wrapper--overlay\"><\/div>\n\t\t\t\t\t\t\t\t<\/div>\n\t\t\t\t\t\t<\/div>\n\t\t\t\t\t\t<div class='spectra-image-gallery__media-wrapper' data-spectra-gallery-image-id='5175' tabindex=\"0\">\n\t\t\t\t\t\t\t<div class=\"spectra-image-gallery__media spectra-image-gallery__media--grid\">\n\t\t\t\t<picture>\n\t\t\t\t\t<source media=\"(min-width: 1024px)\" srcset=\"https:\/\/visionsdafrique.fr\/2023\/wp-content\/uploads\/sites\/8\/2023\/09\/mambar_pierrette.jpg\">\n\t\t\t\t\t<source media=\"(min-width: 768px)\" srcset=\"https:\/\/visionsdafrique.fr\/2023\/wp-content\/uploads\/sites\/8\/2023\/09\/mambar_pierrette.jpg\">\n\t\t\t\t\t<img decoding=\"async\" class=\"spectra-image-gallery__media-thumbnail spectra-image-gallery__media-thumbnail--grid\" src=\"https:\/\/visionsdafrique.fr\/2023\/wp-content\/uploads\/sites\/8\/2023\/09\/mambar_pierrette-200x300.jpg\" alt=\"\" loading=\"lazy\" \/>\n\t\t\t\t<\/picture>\n\t\t\t\t<div class=\"spectra-image-gallery__media-thumbnail-blurrer\"><\/div>\n\t\t\t\t\t\t\t\t\t\t\t<div class=\"spectra-image-gallery__media-thumbnail-caption-wrapper spectra-image-gallery__media-thumbnail-caption-wrapper--overlay\"><\/div>\n\t\t\t\t\t\t\t\t<\/div>\n\t\t\t\t\t\t<\/div>\n\t\t\t\t\t\t<div class='spectra-image-gallery__media-wrapper' data-spectra-gallery-image-id='4799' tabindex=\"0\">\n\t\t\t\t\t\t\t<div class=\"spectra-image-gallery__media spectra-image-gallery__media--grid\">\n\t\t\t\t<picture>\n\t\t\t\t\t<source media=\"(min-width: 1024px)\" srcset=\"https:\/\/visionsdafrique.fr\/2023\/wp-content\/uploads\/sites\/8\/2023\/09\/SIRA-AFFICHE-berlin-fespaco-717x1024.jpg\">\n\t\t\t\t\t<source media=\"(min-width: 768px)\" srcset=\"https:\/\/visionsdafrique.fr\/2023\/wp-content\/uploads\/sites\/8\/2023\/09\/SIRA-AFFICHE-berlin-fespaco-717x1024.jpg\">\n\t\t\t\t\t<img decoding=\"async\" class=\"spectra-image-gallery__media-thumbnail spectra-image-gallery__media-thumbnail--grid\" src=\"https:\/\/visionsdafrique.fr\/2023\/wp-content\/uploads\/sites\/8\/2023\/09\/SIRA-AFFICHE-berlin-fespaco-210x300.jpg\" alt=\"\" loading=\"lazy\" \/>\n\t\t\t\t<\/picture>\n\t\t\t\t<div class=\"spectra-image-gallery__media-thumbnail-blurrer\"><\/div>\n\t\t\t\t\t\t\t\t\t\t\t<div class=\"spectra-image-gallery__media-thumbnail-caption-wrapper spectra-image-gallery__media-thumbnail-caption-wrapper--overlay\"><\/div>\n\t\t\t\t\t\t\t\t<\/div>\n\t\t\t\t\t\t<\/div>\n\t\t\t\t\t\t<div class='spectra-image-gallery__media-wrapper' data-spectra-gallery-image-id='4653' tabindex=\"0\">\n\t\t\t\t\t\t\t<div class=\"spectra-image-gallery__media spectra-image-gallery__media--grid\">\n\t\t\t\t<picture>\n\t\t\t\t\t<source media=\"(min-width: 1024px)\" srcset=\"https:\/\/visionsdafrique.fr\/2023\/wp-content\/uploads\/sites\/8\/2023\/09\/BANEL-ADAMA_AFFICHE1-770x1024.jpg\">\n\t\t\t\t\t<source media=\"(min-width: 768px)\" srcset=\"https:\/\/visionsdafrique.fr\/2023\/wp-content\/uploads\/sites\/8\/2023\/09\/BANEL-ADAMA_AFFICHE1-770x1024.jpg\">\n\t\t\t\t\t<img decoding=\"async\" class=\"spectra-image-gallery__media-thumbnail spectra-image-gallery__media-thumbnail--grid\" src=\"https:\/\/visionsdafrique.fr\/2023\/wp-content\/uploads\/sites\/8\/2023\/09\/BANEL-ADAMA_AFFICHE1-225x300.jpg\" alt=\"\" loading=\"lazy\" \/>\n\t\t\t\t<\/picture>\n\t\t\t\t<div class=\"spectra-image-gallery__media-thumbnail-blurrer\"><\/div>\n\t\t\t\t\t\t\t\t\t\t\t<div class=\"spectra-image-gallery__media-thumbnail-caption-wrapper spectra-image-gallery__media-thumbnail-caption-wrapper--overlay\"><\/div>\n\t\t\t\t\t\t\t\t<\/div>\n\t\t\t\t\t\t<\/div>\n\t\t\t\t\t\t<div class='spectra-image-gallery__media-wrapper' data-spectra-gallery-image-id='4675' tabindex=\"0\">\n\t\t\t\t\t\t\t<div class=\"spectra-image-gallery__media spectra-image-gallery__media--grid\">\n\t\t\t\t<picture>\n\t\t\t\t\t<source media=\"(min-width: 1024px)\" srcset=\"https:\/\/visionsdafrique.fr\/2023\/wp-content\/uploads\/sites\/8\/2023\/09\/astel.jpg\">\n\t\t\t\t\t<source media=\"(min-width: 768px)\" srcset=\"https:\/\/visionsdafrique.fr\/2023\/wp-content\/uploads\/sites\/8\/2023\/09\/astel.jpg\">\n\t\t\t\t\t<img decoding=\"async\" class=\"spectra-image-gallery__media-thumbnail spectra-image-gallery__media-thumbnail--grid\" src=\"https:\/\/visionsdafrique.fr\/2023\/wp-content\/uploads\/sites\/8\/2023\/09\/astel-225x300.jpg\" alt=\"\" loading=\"lazy\" \/>\n\t\t\t\t<\/picture>\n\t\t\t\t<div class=\"spectra-image-gallery__media-thumbnail-blurrer\"><\/div>\n\t\t\t\t\t\t\t\t\t\t\t<div class=\"spectra-image-gallery__media-thumbnail-caption-wrapper spectra-image-gallery__media-thumbnail-caption-wrapper--overlay\"><\/div>\n\t\t\t\t\t\t\t\t<\/div>\n\t\t\t\t\t\t<\/div>\n\t\t\t\t\t\t<div class='spectra-image-gallery__media-wrapper' data-spectra-gallery-image-id='4716' tabindex=\"0\">\n\t\t\t\t\t\t\t<div class=\"spectra-image-gallery__media spectra-image-gallery__media--grid\">\n\t\t\t\t<picture>\n\t\t\t\t\t<source media=\"(min-width: 1024px)\" srcset=\"https:\/\/visionsdafrique.fr\/2023\/wp-content\/uploads\/sites\/8\/2023\/09\/1675270311-5296ac4a8b36328b06c00e7086015c07.900x.jpg\">\n\t\t\t\t\t<source media=\"(min-width: 768px)\" srcset=\"https:\/\/visionsdafrique.fr\/2023\/wp-content\/uploads\/sites\/8\/2023\/09\/1675270311-5296ac4a8b36328b06c00e7086015c07.900x.jpg\">\n\t\t\t\t\t<img decoding=\"async\" class=\"spectra-image-gallery__media-thumbnail spectra-image-gallery__media-thumbnail--grid\" src=\"https:\/\/visionsdafrique.fr\/2023\/wp-content\/uploads\/sites\/8\/2023\/09\/1675270311-5296ac4a8b36328b06c00e7086015c07.900x-215x300.jpg\" alt=\"\" loading=\"lazy\" \/>\n\t\t\t\t<\/picture>\n\t\t\t\t<div class=\"spectra-image-gallery__media-thumbnail-blurrer\"><\/div>\n\t\t\t\t\t\t\t\t\t\t\t<div class=\"spectra-image-gallery__media-thumbnail-caption-wrapper spectra-image-gallery__media-thumbnail-caption-wrapper--overlay\"><\/div>\n\t\t\t\t\t\t\t\t<\/div>\n\t\t\t\t\t\t<\/div>\n\t\t\t\t\t\t\t\t\t\t<\/div>\n\t\t\t\t\t\t\t\t\t\t\t\t\t\t\t\t\t\t<\/div>\n\t\t\t\t\t\t\t\t\t\t\t<div class='spectra-image-gallery__control-lightbox' tabindex='0'>\n\t\t\t\t\t\t\t\t\t\t\t<div class=\"swiper spectra-image-gallery__control-lightbox--main\" dir=\"\">\n\t\t\t\t\t<div class=\"swiper-wrapper\">\n\t\t\t\t\t\t\t\t\t\t\t\t\t\n\t\t\t\t\t\t\t<div class=\"swiper-slide\">\n\t\t\t\t\t\t\t\t<img class=\"swiper-lazy\" data-src=\"https:\/\/visionsdafrique.fr\/2023\/wp-content\/uploads\/sites\/8\/2023\/09\/sous-les-figues.jpg\" alt=\"\"\/>\n\t\t\t\t\t\t\t\t<div class=\"swiper-lazy-preloader swiper-lazy-preloader-white\"><\/div>\n\t\t\t\t\t\t\t\t\t\t\t\t\t\t\t<\/div>\n\t\t\t\t\t\t\t\t\t\t\t\t\t\n\t\t\t\t\t\t\t<div class=\"swiper-slide\">\n\t\t\t\t\t\t\t\t<img class=\"swiper-lazy\" data-src=\"https:\/\/visionsdafrique.fr\/2023\/wp-content\/uploads\/sites\/8\/2023\/09\/1757181.webp\" alt=\"\"\/>\n\t\t\t\t\t\t\t\t<div class=\"swiper-lazy-preloader swiper-lazy-preloader-white\"><\/div>\n\t\t\t\t\t\t\t\t\t\t\t\t\t\t\t<\/div>\n\t\t\t\t\t\t\t\t\t\t\t\t\t\n\t\t\t\t\t\t\t<div class=\"swiper-slide\">\n\t\t\t\t\t\t\t\t<img class=\"swiper-lazy\" data-src=\"https:\/\/visionsdafrique.fr\/2023\/wp-content\/uploads\/sites\/8\/2023\/09\/Affiche-LES-FILLES-DOLFA.jpg\" alt=\"\"\/>\n\t\t\t\t\t\t\t\t<div class=\"swiper-lazy-preloader swiper-lazy-preloader-white\"><\/div>\n\t\t\t\t\t\t\t\t\t\t\t\t\t\t\t<\/div>\n\t\t\t\t\t\t\t\t\t\t\t\t\t\n\t\t\t\t\t\t\t<div class=\"swiper-slide\">\n\t\t\t\t\t\t\t\t<img class=\"swiper-lazy\" data-src=\"https:\/\/visionsdafrique.fr\/2023\/wp-content\/uploads\/sites\/8\/2023\/09\/derniere-reine_affiche.jpg\" alt=\"\"\/>\n\t\t\t\t\t\t\t\t<div class=\"swiper-lazy-preloader swiper-lazy-preloader-white\"><\/div>\n\t\t\t\t\t\t\t\t\t\t\t\t\t\t\t<\/div>\n\t\t\t\t\t\t\t\t\t\t\t\t\t\n\t\t\t\t\t\t\t<div class=\"swiper-slide\">\n\t\t\t\t\t\t\t\t<img class=\"swiper-lazy\" data-src=\"https:\/\/visionsdafrique.fr\/2023\/wp-content\/uploads\/sites\/8\/2023\/09\/mambar_pierrette.jpg\" alt=\"\"\/>\n\t\t\t\t\t\t\t\t<div class=\"swiper-lazy-preloader swiper-lazy-preloader-white\"><\/div>\n\t\t\t\t\t\t\t\t\t\t\t\t\t\t\t<\/div>\n\t\t\t\t\t\t\t\t\t\t\t\t\t\n\t\t\t\t\t\t\t<div class=\"swiper-slide\">\n\t\t\t\t\t\t\t\t<img class=\"swiper-lazy\" data-src=\"https:\/\/visionsdafrique.fr\/2023\/wp-content\/uploads\/sites\/8\/2023\/09\/SIRA-AFFICHE-berlin-fespaco.jpg\" alt=\"\"\/>\n\t\t\t\t\t\t\t\t<div class=\"swiper-lazy-preloader swiper-lazy-preloader-white\"><\/div>\n\t\t\t\t\t\t\t\t\t\t\t\t\t\t\t<\/div>\n\t\t\t\t\t\t\t\t\t\t\t\t\t\n\t\t\t\t\t\t\t<div class=\"swiper-slide\">\n\t\t\t\t\t\t\t\t<img class=\"swiper-lazy\" data-src=\"https:\/\/visionsdafrique.fr\/2023\/wp-content\/uploads\/sites\/8\/2023\/09\/BANEL-ADAMA_AFFICHE1.jpg\" alt=\"\"\/>\n\t\t\t\t\t\t\t\t<div class=\"swiper-lazy-preloader swiper-lazy-preloader-white\"><\/div>\n\t\t\t\t\t\t\t\t\t\t\t\t\t\t\t<\/div>\n\t\t\t\t\t\t\t\t\t\t\t\t\t\n\t\t\t\t\t\t\t<div class=\"swiper-slide\">\n\t\t\t\t\t\t\t\t<img class=\"swiper-lazy\" data-src=\"https:\/\/visionsdafrique.fr\/2023\/wp-content\/uploads\/sites\/8\/2023\/09\/astel.jpg\" alt=\"\"\/>\n\t\t\t\t\t\t\t\t<div class=\"swiper-lazy-preloader swiper-lazy-preloader-white\"><\/div>\n\t\t\t\t\t\t\t\t\t\t\t\t\t\t\t<\/div>\n\t\t\t\t\t\t\t\t\t\t\t\t\t\n\t\t\t\t\t\t\t<div class=\"swiper-slide\">\n\t\t\t\t\t\t\t\t<img class=\"swiper-lazy\" data-src=\"https:\/\/visionsdafrique.fr\/2023\/wp-content\/uploads\/sites\/8\/2023\/09\/1675270311-5296ac4a8b36328b06c00e7086015c07.900x.jpg\" alt=\"\"\/>\n\t\t\t\t\t\t\t\t<div class=\"swiper-lazy-preloader swiper-lazy-preloader-white\"><\/div>\n\t\t\t\t\t\t\t\t\t\t\t\t\t\t\t<\/div>\n\t\t\t\t\t\t\t\t\t\t\t<\/div>\n\t\t\t\t\t<div class=\"swiper-button-next\"><\/div>\n\t\t\t\t\t<div class=\"swiper-button-prev\"><\/div>\n\t\t\t\t<\/div>\t\t\t\n\t\t\t\t\t\t\t\t\t\t\t\t\t\t\t\t\t\t\t\t\t\t\t\t\t\t\t\t\t\t\t\t<button class='spectra-image-gallery__control-lightbox--close' aria-label=\"Close\">\n\t\t\t\t\t\t\t\t\t\t\t\t\t<svg xmlns=\"https:\/\/www.w3.org\/2000\/svg\" viewBox= \"0 0 320 512\"><path d=\"M310.6 361.4c12.5 12.5 12.5 32.75 0 45.25C304.4 412.9 296.2 416 288 416s-16.38-3.125-22.62-9.375L160 301.3L54.63 406.6C48.38 412.9 40.19 416 32 416S15.63 412.9 9.375 406.6c-12.5-12.5-12.5-32.75 0-45.25l105.4-105.4L9.375 150.6c-12.5-12.5-12.5-32.75 0-45.25s32.75-12.5 45.25 0L160 210.8l105.4-105.4c12.5-12.5 32.75-12.5 45.25 0s12.5 32.75 0 45.25l-105.4 105.4L310.6 361.4z\"><\/path><\/svg>\n\t\t\t\t\t\t\t\t\t\t\t\t<\/button>\n\t\t\t\t\t\t\t\t\t\t\t\t\t<\/div>\n\t\t\t\t\t\t\t\t\t\n\n\n<div class=\"wp-block-uagb-buttons uagb-buttons__outer-wrap uagb-btn__default-btn uagb-btn-tablet__default-btn uagb-btn-mobile__default-btn uagb-block-8fc7371a\"><div class=\"uagb-buttons__wrap uagb-buttons-layout-wrap\">\n<div class=\"wp-block-uagb-buttons-child uagb-buttons__outer-wrap uagb-block-79475301 wp-block-button\"><div class=\"uagb-button__wrapper\"><a class=\"uagb-buttons-repeater wp-block-button__link\" href=\"\/films-de-lannee\" onclick=\"return true;\" rel=\"follow noopener\" target=\"_self\"><div class=\"uagb-button__link\">Tous les films de la 14e \u00e9dition<\/div><span class=\"uagb-button__icon uagb-button__icon-position-after\"><svg xmlns=\"https:\/\/www.w3.org\/2000\/svg\" viewBox=\"0 0 448 512\"><path d=\"M438.6 278.6l-160 160C272.4 444.9 264.2 448 256 448s-16.38-3.125-22.62-9.375c-12.5-12.5-12.5-32.75 0-45.25L338.8 288H32C14.33 288 .0016 273.7 .0016 256S14.33 224 32 224h306.8l-105.4-105.4c-12.5-12.5-12.5-32.75 0-45.25s32.75-12.5 45.25 0l160 160C451.1 245.9 451.1 266.1 438.6 278.6z\"><\/path><\/svg><\/span><\/a><\/div><\/div>\n<\/div><\/div>\n\n\n\n<div style=\"height:50px\" aria-hidden=\"true\" class=\"wp-block-spacer\"><\/div>\n\n\n\n<h2 class=\"wp-block-heading icon-title\">Deux soir\u00e9es Musique\/Cin\u00e9ma \u00e0 ne pas manquer\u2026<\/h2>\n\n\n\t\t\t\t\t<div\n\t\t\t\t\t\tclass=\"wp-block-uagb-image-gallery uagb-block-e35a08bc     \"\n\t\t\t\t\t\tstyle=\"\"\n\t\t\t\t\t>\n\t\t\t\t\t\t\t\t\t\t\t<div class=\"spectra-image-gallery spectra-image-gallery__layout--grid spectra-image-gallery__layout--grid-col-2 spectra-image-gallery__layout--grid-col-tab-2 spectra-image-gallery__layout--grid-col-mob-2\">\n\t\t\t\t\t\t\t\t\t\t\t<div class='spectra-image-gallery__media-wrapper' data-spectra-gallery-image-id='4975' tabindex=\"0\">\n\t\t\t\t\t\t\t<div class=\"spectra-image-gallery__media spectra-image-gallery__media--grid\">\n\t\t\t\t<picture>\n\t\t\t\t\t<source media=\"(min-width: 1024px)\" srcset=\"https:\/\/visionsdafrique.fr\/2023\/wp-content\/uploads\/sites\/8\/2023\/09\/soiree-musique-cine14e.jpg\">\n\t\t\t\t\t<source media=\"(min-width: 768px)\" srcset=\"https:\/\/visionsdafrique.fr\/2023\/wp-content\/uploads\/sites\/8\/2023\/09\/soiree-musique-cine14e.jpg\">\n\t\t\t\t\t<img decoding=\"async\" class=\"spectra-image-gallery__media-thumbnail spectra-image-gallery__media-thumbnail--grid\" src=\"https:\/\/visionsdafrique.fr\/2023\/wp-content\/uploads\/sites\/8\/2023\/09\/soiree-musique-cine14e-300x175.jpg\" alt=\"\" loading=\"lazy\" \/>\n\t\t\t\t<\/picture>\n\t\t\t\t<div class=\"spectra-image-gallery__media-thumbnail-blurrer\"><\/div>\n\t\t\t\t\t\t\t\t\t\t\t<div class=\"spectra-image-gallery__media-thumbnail-caption-wrapper spectra-image-gallery__media-thumbnail-caption-wrapper--overlay\"><\/div>\n\t\t\t\t\t\t\t\t<\/div>\n\t\t\t\t\t\t<\/div>\n\t\t\t\t\t\t<div class='spectra-image-gallery__media-wrapper' data-spectra-gallery-image-id='5071' tabindex=\"0\">\n\t\t\t\t\t\t\t<div class=\"spectra-image-gallery__media spectra-image-gallery__media--grid\">\n\t\t\t\t<picture>\n\t\t\t\t\t<source media=\"(min-width: 1024px)\" srcset=\"https:\/\/visionsdafrique.fr\/2023\/wp-content\/uploads\/sites\/8\/2023\/09\/Jean-Odoutan-Realisateur-Auteur-Acteur-2015--684x1024.jpg\">\n\t\t\t\t\t<source media=\"(min-width: 768px)\" srcset=\"https:\/\/visionsdafrique.fr\/2023\/wp-content\/uploads\/sites\/8\/2023\/09\/Jean-Odoutan-Realisateur-Auteur-Acteur-2015--684x1024.jpg\">\n\t\t\t\t\t<img decoding=\"async\" class=\"spectra-image-gallery__media-thumbnail spectra-image-gallery__media-thumbnail--grid\" src=\"https:\/\/visionsdafrique.fr\/2023\/wp-content\/uploads\/sites\/8\/2023\/09\/Jean-Odoutan-Realisateur-Auteur-Acteur-2015--200x300.jpg\" alt=\"\" loading=\"lazy\" \/>\n\t\t\t\t<\/picture>\n\t\t\t\t<div class=\"spectra-image-gallery__media-thumbnail-blurrer\"><\/div>\n\t\t\t\t\t\t\t\t\t\t\t<div class=\"spectra-image-gallery__media-thumbnail-caption-wrapper spectra-image-gallery__media-thumbnail-caption-wrapper--overlay\"><\/div>\n\t\t\t\t\t\t\t\t<\/div>\n\t\t\t\t\t\t<\/div>\n\t\t\t\t\t\t\t\t\t\t<\/div>\n\t\t\t\t\t\t\t\t\t\t\t\t\t\t\t\t\t\t<\/div>\n\t\t\t\t\t\t\t\t\t\n\n\n<p><strong>L\u2019ouverture du festival, \u00e0 l\u2019Eldorado le mercredi 18 octobre<\/strong>, sera anim\u00e9e en co-organisation avec le service culturel de la ville de Saint-Pierre, par le <strong><a href=\"https:\/\/visionsdafrique.fr\/2023\/intervenant\/aywa\/\" data-type=\"intervenants\" data-id=\"4964\">groupe AYWA<\/a><\/strong> (musiques du Maghreb et du monde), suivi du film tunisien <strong><em><a href=\"https:\/\/visionsdafrique.fr\/2023\/film\/sous-les-figues\/\" data-type=\"film\" data-id=\"4918\">Sous les figues<\/a><\/em><\/strong>.<br>En cl\u00f4ture, le mardi 24 \u00e0 l\u2019Estran, <strong>Jean Odoutan<\/strong>, accompagn\u00e9 au piano par <strong>Philippe Monang<\/strong>e, offrira un concert suivi de la projection de son film Le Panth\u00e9on de la Joie.<\/p>\n\n\n\n<div class=\"wp-block-uagb-buttons uagb-buttons__outer-wrap uagb-btn__default-btn uagb-btn-tablet__default-btn uagb-btn-mobile__default-btn uagb-block-8c6290e2\"><div class=\"uagb-buttons__wrap uagb-buttons-layout-wrap\">\n<div class=\"wp-block-uagb-buttons-child uagb-buttons__outer-wrap uagb-block-fea1858b wp-block-button\"><div class=\"uagb-button__wrapper\"><a class=\"uagb-buttons-repeater wp-block-button__link\" href=\"\/soirees-speciales\" onclick=\"return true;\" rel=\"follow noopener\" target=\"_self\"><div class=\"uagb-button__link\">D\u00e9couvrir les soir\u00e9es sp\u00e9ciales<\/div><span class=\"uagb-button__icon uagb-button__icon-position-after\"><svg xmlns=\"https:\/\/www.w3.org\/2000\/svg\" viewBox=\"0 0 448 512\"><path d=\"M438.6 278.6l-160 160C272.4 444.9 264.2 448 256 448s-16.38-3.125-22.62-9.375c-12.5-12.5-12.5-32.75 0-45.25L338.8 288H32C14.33 288 .0016 273.7 .0016 256S14.33 224 32 224h306.8l-105.4-105.4c-12.5-12.5-12.5-32.75 0-45.25s32.75-12.5 45.25 0l160 160C451.1 245.9 451.1 266.1 438.6 278.6z\"><\/path><\/svg><\/span><\/a><\/div><\/div>\n<\/div><\/div>\n\n\n\n<div style=\"height:50px\" aria-hidden=\"true\" class=\"wp-block-spacer\"><\/div>\n\n\n\n<h2 class=\"wp-block-heading icon-title\">Des rencontres litt\u00e9raires<\/h2>\n\n\n\t\t\t\t\t<div\n\t\t\t\t\t\tclass=\"wp-block-uagb-image-gallery uagb-block-22d2151b     \"\n\t\t\t\t\t\tstyle=\"\"\n\t\t\t\t\t>\n\t\t\t\t\t\t\t\t\t\t\t<div class=\"spectra-image-gallery spectra-image-gallery__layout--grid spectra-image-gallery__layout--grid-col-2 spectra-image-gallery__layout--grid-col-tab-2 spectra-image-gallery__layout--grid-col-mob-2\">\n\t\t\t\t\t\t\t\t\t\t\t<div class='spectra-image-gallery__media-wrapper' data-spectra-gallery-image-id='4954' tabindex=\"0\">\n\t\t\t\t\t\t\t<div class=\"spectra-image-gallery__media spectra-image-gallery__media--grid\">\n\t\t\t\t<picture>\n\t\t\t\t\t<source media=\"(min-width: 1024px)\" srcset=\"https:\/\/visionsdafrique.fr\/2023\/wp-content\/uploads\/sites\/8\/2023\/09\/akli-tadjer-01-1024x787.jpg\">\n\t\t\t\t\t<source media=\"(min-width: 768px)\" srcset=\"https:\/\/visionsdafrique.fr\/2023\/wp-content\/uploads\/sites\/8\/2023\/09\/akli-tadjer-01-1024x787.jpg\">\n\t\t\t\t\t<img decoding=\"async\" class=\"spectra-image-gallery__media-thumbnail spectra-image-gallery__media-thumbnail--grid\" src=\"https:\/\/visionsdafrique.fr\/2023\/wp-content\/uploads\/sites\/8\/2023\/09\/akli-tadjer-01-300x231.jpg\" alt=\"\" loading=\"lazy\" \/>\n\t\t\t\t<\/picture>\n\t\t\t\t<div class=\"spectra-image-gallery__media-thumbnail-blurrer\"><\/div>\n\t\t\t\t\t\t\t\t\t\t\t<div class=\"spectra-image-gallery__media-thumbnail-caption-wrapper spectra-image-gallery__media-thumbnail-caption-wrapper--overlay\"><\/div>\n\t\t\t\t\t\t\t\t<\/div>\n\t\t\t\t\t\t<\/div>\n\t\t\t\t\t\t<div class='spectra-image-gallery__media-wrapper' data-spectra-gallery-image-id='4956' tabindex=\"0\">\n\t\t\t\t\t\t\t<div class=\"spectra-image-gallery__media spectra-image-gallery__media--grid\">\n\t\t\t\t<picture>\n\t\t\t\t\t<source media=\"(min-width: 1024px)\" srcset=\"https:\/\/visionsdafrique.fr\/2023\/wp-content\/uploads\/sites\/8\/2023\/09\/souleymane-mbodj.jpg\">\n\t\t\t\t\t<source media=\"(min-width: 768px)\" srcset=\"https:\/\/visionsdafrique.fr\/2023\/wp-content\/uploads\/sites\/8\/2023\/09\/souleymane-mbodj.jpg\">\n\t\t\t\t\t<img decoding=\"async\" class=\"spectra-image-gallery__media-thumbnail spectra-image-gallery__media-thumbnail--grid\" src=\"https:\/\/visionsdafrique.fr\/2023\/wp-content\/uploads\/sites\/8\/2023\/09\/souleymane-mbodj-225x300.jpg\" alt=\"\" loading=\"lazy\" \/>\n\t\t\t\t<\/picture>\n\t\t\t\t<div class=\"spectra-image-gallery__media-thumbnail-blurrer\"><\/div>\n\t\t\t\t\t\t\t\t\t\t\t<div class=\"spectra-image-gallery__media-thumbnail-caption-wrapper spectra-image-gallery__media-thumbnail-caption-wrapper--overlay\"><\/div>\n\t\t\t\t\t\t\t\t<\/div>\n\t\t\t\t\t\t<\/div>\n\t\t\t\t\t\t\t\t\t\t<\/div>\n\t\t\t\t\t\t\t\t\t\t\t\t\t\t\t\t\t\t<\/div>\n\t\t\t\t\t\t\t\t\t\n\n\n<p><\/p>\n\n\n\n<p>Le romancier franco-alg\u00e9rien <strong><a href=\"https:\/\/visionsdafrique.fr\/2023\/intervenant\/akli-tadjer\/\" data-type=\"intervenants\" data-id=\"4953\">Akli Tadjer<\/a><\/strong>, auteur du <em>Porteur de cartable<\/em>, et <em>D\u2019audace et de libert\u00e9<\/em> et le conteur, \u00e9crivain et musicien <strong><a href=\"https:\/\/visionsdafrique.fr\/2023\/intervenant\/souleymane-mbodj\/\" data-type=\"intervenants\" data-id=\"4955\">Souleymane Mbodj<\/a><\/strong> rencontreront le public adulte avec<strong><a href=\"https:\/\/visionsdafrique.fr\/2023\/intervenant\/bernard-magnier\/\" data-type=\"intervenants\" data-id=\"1091\"> Bernard Magnier<\/a><\/strong>, et le jeune public.<\/p>\n\n\n\n<div class=\"wp-block-uagb-buttons uagb-buttons__outer-wrap uagb-btn__default-btn uagb-btn-tablet__default-btn uagb-btn-mobile__default-btn uagb-block-3cdd8f52\"><div class=\"uagb-buttons__wrap uagb-buttons-layout-wrap\">\n<div class=\"wp-block-uagb-buttons-child uagb-buttons__outer-wrap uagb-block-9c4ae510 wp-block-button\"><div class=\"uagb-button__wrapper\"><a class=\"uagb-buttons-repeater wp-block-button__link\" href=\"\/rencontres-litteraires\" onclick=\"return true;\" rel=\"follow noopener\" target=\"_self\"><div class=\"uagb-button__link\">D\u00e9couvrir le programme<\/div><span class=\"uagb-button__icon uagb-button__icon-position-after\"><svg xmlns=\"https:\/\/www.w3.org\/2000\/svg\" viewBox=\"0 0 448 512\"><path d=\"M438.6 278.6l-160 160C272.4 444.9 264.2 448 256 448s-16.38-3.125-22.62-9.375c-12.5-12.5-12.5-32.75 0-45.25L338.8 288H32C14.33 288 .0016 273.7 .0016 256S14.33 224 32 224h306.8l-105.4-105.4c-12.5-12.5-12.5-32.75 0-45.25s32.75-12.5 45.25 0l160 160C451.1 245.9 451.1 266.1 438.6 278.6z\"><\/path><\/svg><\/span><\/a><\/div><\/div>\n<\/div><\/div>\n\n\n\n<div style=\"height:50px\" aria-hidden=\"true\" class=\"wp-block-spacer\"><\/div>\n\n\n\n<h2 class=\"wp-block-heading icon-title\">Enfin, pas de Visions d\u2019Afrique, sans \u00ab&nbsp;visions&nbsp;\u00bb d\u2019Afrique&nbsp;: <\/h2>\n\n\n\t\t\t\t\t<div\n\t\t\t\t\t\tclass=\"wp-block-uagb-image-gallery uagb-block-bdf8fa29     \"\n\t\t\t\t\t\tstyle=\"\"\n\t\t\t\t\t>\n\t\t\t\t\t\t\t\t\t\t\t<div class=\"spectra-image-gallery spectra-image-gallery__layout--grid spectra-image-gallery__layout--grid-col-2 spectra-image-gallery__layout--grid-col-tab-2 spectra-image-gallery__layout--grid-col-mob-2\">\n\t\t\t\t\t\t\t\t\t\t\t<div class='spectra-image-gallery__media-wrapper' data-spectra-gallery-image-id='5031' tabindex=\"0\">\n\t\t\t\t\t\t\t<div class=\"spectra-image-gallery__media spectra-image-gallery__media--grid\">\n\t\t\t\t<picture>\n\t\t\t\t\t<source media=\"(min-width: 1024px)\" srcset=\"https:\/\/visionsdafrique.fr\/2023\/wp-content\/uploads\/sites\/8\/2023\/09\/photo-plon1-1024x681.jpg\">\n\t\t\t\t\t<source media=\"(min-width: 768px)\" srcset=\"https:\/\/visionsdafrique.fr\/2023\/wp-content\/uploads\/sites\/8\/2023\/09\/photo-plon1-1024x681.jpg\">\n\t\t\t\t\t<img decoding=\"async\" class=\"spectra-image-gallery__media-thumbnail spectra-image-gallery__media-thumbnail--grid\" src=\"https:\/\/visionsdafrique.fr\/2023\/wp-content\/uploads\/sites\/8\/2023\/09\/photo-plon1-300x199.jpg\" alt=\"\" loading=\"lazy\" \/>\n\t\t\t\t<\/picture>\n\t\t\t\t<div class=\"spectra-image-gallery__media-thumbnail-blurrer\"><\/div>\n\t\t\t\t\t\t\t\t\t\t\t<div class=\"spectra-image-gallery__media-thumbnail-caption-wrapper spectra-image-gallery__media-thumbnail-caption-wrapper--overlay\"><\/div>\n\t\t\t\t\t\t\t\t<\/div>\n\t\t\t\t\t\t<\/div>\n\t\t\t\t\t\t<div class='spectra-image-gallery__media-wrapper' data-spectra-gallery-image-id='5036' tabindex=\"0\">\n\t\t\t\t\t\t\t<div class=\"spectra-image-gallery__media spectra-image-gallery__media--grid\">\n\t\t\t\t<picture>\n\t\t\t\t\t<source media=\"(min-width: 1024px)\" srcset=\"https:\/\/visionsdafrique.fr\/2023\/wp-content\/uploads\/sites\/8\/2023\/09\/Senegal-expo.jpg\">\n\t\t\t\t\t<source media=\"(min-width: 768px)\" srcset=\"https:\/\/visionsdafrique.fr\/2023\/wp-content\/uploads\/sites\/8\/2023\/09\/Senegal-expo.jpg\">\n\t\t\t\t\t<img decoding=\"async\" class=\"spectra-image-gallery__media-thumbnail spectra-image-gallery__media-thumbnail--grid\" src=\"https:\/\/visionsdafrique.fr\/2023\/wp-content\/uploads\/sites\/8\/2023\/09\/Senegal-expo-218x300.jpg\" alt=\"\" loading=\"lazy\" \/>\n\t\t\t\t<\/picture>\n\t\t\t\t<div class=\"spectra-image-gallery__media-thumbnail-blurrer\"><\/div>\n\t\t\t\t\t\t\t\t\t\t\t<div class=\"spectra-image-gallery__media-thumbnail-caption-wrapper spectra-image-gallery__media-thumbnail-caption-wrapper--overlay\"><\/div>\n\t\t\t\t\t\t\t\t<\/div>\n\t\t\t\t\t\t<\/div>\n\t\t\t\t\t\t\t\t\t\t<\/div>\n\t\t\t\t\t\t\t\t\t\t\t\t\t\t\t\t\t\t<\/div>\n\t\t\t\t\t\t\t\t\t\n\n\n<p>Deux expositions pour voir le continent autrement. <strong>\u00c0 l\u2019Eldorado, <em>S\u00e9n\u00e9gal instants d\u2019ann\u00e9es<\/em><\/strong> de <strong>Catherine, Bernard et Eric Desjeux<\/strong>. Etal\u00e9es dans le temps et l\u2019espace, des images qui \u00ab&nbsp;capturent magnifiquement les sens multiples du S\u00e9n\u00e9gal\u2026.&nbsp;\u00bb (Souleymane Bachir Diagne). <strong>\u00c0 la m\u00e9diath\u00e8que de Marennes,<em> Les solitaires de Nouadhibou<\/em> de J\u00e9r\u00f4me Plon. <\/strong>Des photos prises lors du tournage du film <em>En attendant le bonheur<\/em> d\u2019Abderrahmane Sissako.<\/p>\n\n\n\n<div class=\"wp-block-uagb-buttons uagb-buttons__outer-wrap uagb-btn__default-btn uagb-btn-tablet__default-btn uagb-btn-mobile__default-btn uagb-block-eceec9e0\"><div class=\"uagb-buttons__wrap uagb-buttons-layout-wrap\">\n<div class=\"wp-block-uagb-buttons-child uagb-buttons__outer-wrap uagb-block-1f65e29f wp-block-button\"><div class=\"uagb-button__wrapper\"><a class=\"uagb-buttons-repeater wp-block-button__link\" href=\"\/expositions\" onclick=\"return true;\" rel=\"follow noopener\" target=\"_self\"><div class=\"uagb-button__link\">En savoir plus<\/div><span class=\"uagb-button__icon uagb-button__icon-position-after\"><svg xmlns=\"https:\/\/www.w3.org\/2000\/svg\" viewBox=\"0 0 448 512\"><path d=\"M438.6 278.6l-160 160C272.4 444.9 264.2 448 256 448s-16.38-3.125-22.62-9.375c-12.5-12.5-12.5-32.75 0-45.25L338.8 288H32C14.33 288 .0016 273.7 .0016 256S14.33 224 32 224h306.8l-105.4-105.4c-12.5-12.5-12.5-32.75 0-45.25s32.75-12.5 45.25 0l160 160C451.1 245.9 451.1 266.1 438.6 278.6z\"><\/path><\/svg><\/span><\/a><\/div><\/div>\n<\/div><\/div>\n\n\n\n<div style=\"height:50px\" aria-hidden=\"true\" class=\"wp-block-spacer\"><\/div>\n\n\n\n<h2 class=\"wp-block-heading icon-title\">Autour du festival<\/h2>\n\n\n\n<p><strong>Mardi 10 octobre \u00e0 20 h<br><\/strong>Visions d\u2019Afrique \u00e0 l\u2019<strong>Apollo Cin\u00e9 8 de Rochefort<\/strong> organis\u00e9e avec<em><strong> Rochefort sur Toile<\/strong><\/em> pr\u00e9sentera le film <strong><em><a href=\"https:\/\/visionsdafrique.fr\/2023\/film\/shimoni\/\" data-type=\"film\" data-id=\"4793\">Shimoni <\/a><\/em><\/strong>de <strong><a href=\"https:\/\/visionsdafrique.fr\/2023\/intervenant\/angela-wanjiku-wamai\/\" data-type=\"intervenants\" data-id=\"4792\">Angela Wanjiku Wama\u00ef.<\/a><\/strong><\/p>\n\n\n\n<div class=\"wp-block-media-text is-stacked-on-mobile\"><figure class=\"wp-block-media-text__media\"><img loading=\"lazy\" decoding=\"async\" width=\"1024\" height=\"768\" src=\"https:\/\/visionsdafrique.fr\/2023\/wp-content\/uploads\/sites\/8\/2023\/09\/peinture-tassilienne-1024x768.jpg\" alt=\"\" class=\"wp-image-5065 size-full\" srcset=\"https:\/\/visionsdafrique.fr\/2023\/wp-content\/uploads\/sites\/8\/2023\/09\/peinture-tassilienne-1024x768.jpg 1024w, https:\/\/visionsdafrique.fr\/2023\/wp-content\/uploads\/sites\/8\/2023\/09\/peinture-tassilienne-300x225.jpg 300w, https:\/\/visionsdafrique.fr\/2023\/wp-content\/uploads\/sites\/8\/2023\/09\/peinture-tassilienne-768x576.jpg 768w, https:\/\/visionsdafrique.fr\/2023\/wp-content\/uploads\/sites\/8\/2023\/09\/peinture-tassilienne.jpg 1280w\" sizes=\"auto, (max-width: 1024px) 100vw, 1024px\" \/><\/figure><div class=\"wp-block-media-text__content\">\n<p><strong>Lundi 16 octobre \u00e0 15 h<\/strong><\/p>\n\n\n\n<p>Enfin, en partenariat avec Visions d\u2019Afrique, l\u2019Universit\u00e9 du Temps Libre de Marennes Ol\u00e9ron organise <strong>une conf\u00e9rence de Jean-Lo\u00efc Le Quellec <\/strong>sur l\u2019Art rupestre au Sahara.<\/p>\n<\/div><\/div>\n\n\n\n<div style=\"height:32px\" aria-hidden=\"true\" class=\"wp-block-spacer\"><\/div>\n\n\n\n<div class=\"wp-block-uagb-buttons uagb-buttons__outer-wrap uagb-btn__default-btn uagb-btn-tablet__default-btn uagb-btn-mobile__default-btn uagb-block-d8ea8126\"><div class=\"uagb-buttons__wrap uagb-buttons-layout-wrap\">\n<div class=\"wp-block-uagb-buttons-child uagb-buttons__outer-wrap uagb-block-37b3ff56 wp-block-button\"><div class=\"uagb-button__wrapper\"><a class=\"uagb-buttons-repeater wp-block-button__link\" href=\"\/autour-du-festival\" onclick=\"return true;\" rel=\"follow noopener\" target=\"_self\"><div class=\"uagb-button__link\">En savoir plus<\/div><span class=\"uagb-button__icon uagb-button__icon-position-after\"><svg xmlns=\"https:\/\/www.w3.org\/2000\/svg\" viewBox=\"0 0 448 512\"><path d=\"M438.6 278.6l-160 160C272.4 444.9 264.2 448 256 448s-16.38-3.125-22.62-9.375c-12.5-12.5-12.5-32.75 0-45.25L338.8 288H32C14.33 288 .0016 273.7 .0016 256S14.33 224 32 224h306.8l-105.4-105.4c-12.5-12.5-12.5-32.75 0-45.25s32.75-12.5 45.25 0l160 160C451.1 245.9 451.1 266.1 438.6 278.6z\"><\/path><\/svg><\/span><\/a><\/div><\/div>\n<\/div><\/div>\n\n\n\n<div style=\"height:50px\" aria-hidden=\"true\" class=\"wp-block-spacer\"><\/div>\n\n\n\n<h2 class=\"wp-block-heading\">Une semaine de f\u00eate et de rencontres sur les cultures et les cin\u00e9mas d\u2019Afrique&nbsp;!<\/h2>\n","protected":false},"excerpt":{"rendered":"<p>18 &gt; 24 octobre 2023 Cette 14e \u00e9dition t\u00e9moigne de la diversit\u00e9 g\u00e9ographique et th\u00e9matique croissante des cin\u00e9mas d\u2019Afrique et se fait l\u2019\u00e9cho de leur essor. La manifestation la plus \u00e9loquente en fut la s\u00e9lection au festival de Cannes 2023 de 12 films, dont beaucoup sont distribu\u00e9s depuis dans les salles fran\u00e7aises (fait assez rare [&hellip;]<\/p>\n","protected":false},"author":1,"featured_media":4600,"parent":0,"menu_order":1,"comment_status":"closed","ping_status":"closed","template":"","meta":{"_acf_changed":false,"_uag_custom_page_level_css":"","footnotes":""},"class_list":["post-1563","page","type-page","status-publish","has-post-thumbnail","hentry"],"acf":[],"uagb_featured_image_src":{"full":["https:\/\/visionsdafrique.fr\/2023\/wp-content\/uploads\/sites\/8\/2023\/09\/VISIONS-D-AFRIQUE_AFFICHE_2023.jpg",1366,1933,false],"thumbnail":["https:\/\/visionsdafrique.fr\/2023\/wp-content\/uploads\/sites\/8\/2023\/09\/VISIONS-D-AFRIQUE_AFFICHE_2023-150x150.jpg",150,150,true],"medium":["https:\/\/visionsdafrique.fr\/2023\/wp-content\/uploads\/sites\/8\/2023\/09\/VISIONS-D-AFRIQUE_AFFICHE_2023-212x300.jpg",212,300,true],"medium_large":["https:\/\/visionsdafrique.fr\/2023\/wp-content\/uploads\/sites\/8\/2023\/09\/VISIONS-D-AFRIQUE_AFFICHE_2023-768x1087.jpg",768,1087,true],"large":["https:\/\/visionsdafrique.fr\/2023\/wp-content\/uploads\/sites\/8\/2023\/09\/VISIONS-D-AFRIQUE_AFFICHE_2023-724x1024.jpg",724,1024,true],"1536x1536":["https:\/\/visionsdafrique.fr\/2023\/wp-content\/uploads\/sites\/8\/2023\/09\/VISIONS-D-AFRIQUE_AFFICHE_2023-1085x1536.jpg",1085,1536,true],"2048x2048":["https:\/\/visionsdafrique.fr\/2023\/wp-content\/uploads\/sites\/8\/2023\/09\/VISIONS-D-AFRIQUE_AFFICHE_2023.jpg",1366,1933,false]},"uagb_author_info":{"display_name":"Julien","author_link":"https:\/\/visionsdafrique.fr\/2023\/author\/hapi_admin\/"},"uagb_comment_info":0,"uagb_excerpt":"18 &gt; 24 octobre 2023 Cette 14e \u00e9dition t\u00e9moigne de la diversit\u00e9 g\u00e9ographique et th\u00e9matique croissante des cin\u00e9mas d\u2019Afrique et se fait l\u2019\u00e9cho de leur essor. La manifestation la plus \u00e9loquente en fut la s\u00e9lection au festival de Cannes 2023 de 12 films, dont beaucoup sont distribu\u00e9s depuis dans les salles fran\u00e7aises (fait assez rare\u2026","_links":{"self":[{"href":"https:\/\/visionsdafrique.fr\/2023\/wp-json\/wp\/v2\/pages\/1563","targetHints":{"allow":["GET"]}}],"collection":[{"href":"https:\/\/visionsdafrique.fr\/2023\/wp-json\/wp\/v2\/pages"}],"about":[{"href":"https:\/\/visionsdafrique.fr\/2023\/wp-json\/wp\/v2\/types\/page"}],"author":[{"embeddable":true,"href":"https:\/\/visionsdafrique.fr\/2023\/wp-json\/wp\/v2\/users\/1"}],"replies":[{"embeddable":true,"href":"https:\/\/visionsdafrique.fr\/2023\/wp-json\/wp\/v2\/comments?post=1563"}],"version-history":[{"count":143,"href":"https:\/\/visionsdafrique.fr\/2023\/wp-json\/wp\/v2\/pages\/1563\/revisions"}],"predecessor-version":[{"id":5193,"href":"https:\/\/visionsdafrique.fr\/2023\/wp-json\/wp\/v2\/pages\/1563\/revisions\/5193"}],"wp:featuredmedia":[{"embeddable":true,"href":"https:\/\/visionsdafrique.fr\/2023\/wp-json\/wp\/v2\/media\/4600"}],"wp:attachment":[{"href":"https:\/\/visionsdafrique.fr\/2023\/wp-json\/wp\/v2\/media?parent=1563"}],"curies":[{"name":"wp","href":"https:\/\/api.w.org\/{rel}","templated":true}]}}