{"id":1499,"date":"2019-08-23T10:31:20","date_gmt":"2019-08-23T08:31:20","guid":{"rendered":"https:\/\/visionsdafrique.fr\/2023\/?page_id=1499"},"modified":"2024-05-09T10:41:48","modified_gmt":"2024-05-09T08:41:48","slug":"13e-edition","status":"publish","type":"page","link":"https:\/\/visionsdafrique.fr\/2023\/","title":{"rendered":"Visions d&rsquo;Afrique 14e \u00e9dition 2023"},"content":{"rendered":"\n<div class=\"wp-block-columns is-layout-flex wp-container-core-columns-is-layout-9d6595d7 wp-block-columns-is-layout-flex\">\n<div class=\"wp-block-column is-layout-flow wp-block-column-is-layout-flow\">\n<div class=\"wp-block-group\"><div class=\"wp-block-group__inner-container is-layout-flow wp-block-group-is-layout-flow\">\n<h2 class=\"wp-block-heading\">Pr\u00e9sentation de la 14<sup>e<\/sup> \u00e9dition du festival Visions d&rsquo;Afrique<\/h2>\n\n\n\n<span class=\"separator-big-horiz\"><\/span>\n\n\n\n<div class=\"wp-block-media-text is-stacked-on-mobile has-background\" style=\"background-color:#f1f1f1;grid-template-columns:33% auto\"><figure class=\"wp-block-media-text__media\"><img loading=\"lazy\" decoding=\"async\" width=\"724\" height=\"1024\" src=\"https:\/\/visionsdafrique.fr\/2023\/wp-content\/uploads\/sites\/8\/2023\/09\/VISIONS-D-AFRIQUE_AFFICHE_2023-724x1024.jpg\" alt=\"Visions d'Afrique - 1'e \u00e9dition 2023 - Du 18 au 24 octobre - LEs Rencontres Cin\u00e9matographiques du pays Marennes Ol\u00e9ron\" class=\"wp-image-4600 size-full\" srcset=\"https:\/\/visionsdafrique.fr\/2023\/wp-content\/uploads\/sites\/8\/2023\/09\/VISIONS-D-AFRIQUE_AFFICHE_2023-724x1024.jpg 724w, https:\/\/visionsdafrique.fr\/2023\/wp-content\/uploads\/sites\/8\/2023\/09\/VISIONS-D-AFRIQUE_AFFICHE_2023-212x300.jpg 212w, https:\/\/visionsdafrique.fr\/2023\/wp-content\/uploads\/sites\/8\/2023\/09\/VISIONS-D-AFRIQUE_AFFICHE_2023-768x1087.jpg 768w, https:\/\/visionsdafrique.fr\/2023\/wp-content\/uploads\/sites\/8\/2023\/09\/VISIONS-D-AFRIQUE_AFFICHE_2023-1085x1536.jpg 1085w, https:\/\/visionsdafrique.fr\/2023\/wp-content\/uploads\/sites\/8\/2023\/09\/VISIONS-D-AFRIQUE_AFFICHE_2023-17x24.jpg 17w, https:\/\/visionsdafrique.fr\/2023\/wp-content\/uploads\/sites\/8\/2023\/09\/VISIONS-D-AFRIQUE_AFFICHE_2023-25x36.jpg 25w, https:\/\/visionsdafrique.fr\/2023\/wp-content\/uploads\/sites\/8\/2023\/09\/VISIONS-D-AFRIQUE_AFFICHE_2023-34x48.jpg 34w, https:\/\/visionsdafrique.fr\/2023\/wp-content\/uploads\/sites\/8\/2023\/09\/VISIONS-D-AFRIQUE_AFFICHE_2023.jpg 1366w\" sizes=\"auto, (max-width: 724px) 100vw, 724px\" \/><\/figure><div class=\"wp-block-media-text__content\">\n<div class=\"wp-block-group has-background\" style=\"background-color:#f1f1f1\"><div class=\"wp-block-group__inner-container is-layout-constrained wp-block-group-is-layout-constrained\">\n<h3 class=\"wp-block-heading icon-title\">Du 18 au 24 oct. 2023<\/h3>\n\n\n\n<p><strong>Une semaine de f\u00eate et de rencontres sur les cultures et les cin\u00e9mas d\u2019Afrique&nbsp;!<\/strong><\/p>\n\n\n\n<p>Cette 14<sup>e<\/sup> \u00e9dition t\u00e9moigne de la diversit\u00e9 g\u00e9ographique et th\u00e9matique croissante des cin\u00e9mas d\u2019Afrique&nbsp;et se fait l\u2019\u00e9cho de leur essor. La manifestation la plus \u00e9loquente fut la s\u00e9lection au festival de Cannes 2023 de 12 films, dont beaucoup sont distribu\u00e9s depuis dans les salles fran\u00e7aises (fait assez rare pour \u00eatre soulign\u00e9) comme<strong><em> Banel et Adama<\/em><\/strong> de la S\u00e9n\u00e9galaise <strong>Ramata-Toulaye<\/strong> Sy ou <strong><em>Les filles d\u2019Olfa<\/em><\/strong> de la tunisienne <strong>Kaouther Ben Hania<\/strong>.<\/p>\n\n\n\n<div class=\"wp-block-uagb-buttons uagb-buttons__outer-wrap uagb-btn__default-btn uagb-btn-tablet__default-btn uagb-btn-mobile__default-btn uagb-block-87907fe8\"><div class=\"uagb-buttons__wrap uagb-buttons-layout-wrap \">\n<div class=\"wp-block-uagb-buttons-child uagb-buttons__outer-wrap uagb-block-8bcdf7c2 wp-block-button\"><div class=\"uagb-button__wrapper\"><a class=\"uagb-buttons-repeater wp-block-button__link\" aria-label=\"\" href=\"\/2023\/edition2023\" rel=\"follow noopener\" target=\"_self\" role=\"button\"><div class=\"uagb-button__link\">En savoir plus<\/div><span class=\"uagb-button__icon uagb-button__icon-position-after\"><svg xmlns=\"https:\/\/www.w3.org\/2000\/svg\" viewBox=\"0 0 448 512\" aria-hidden=\"true\" focussable=\"false\"><path d=\"M438.6 278.6l-160 160C272.4 444.9 264.2 448 256 448s-16.38-3.125-22.62-9.375c-12.5-12.5-12.5-32.75 0-45.25L338.8 288H32C14.33 288 .0016 273.7 .0016 256S14.33 224 32 224h306.8l-105.4-105.4c-12.5-12.5-12.5-32.75 0-45.25s32.75-12.5 45.25 0l160 160C451.1 245.9 451.1 266.1 438.6 278.6z\"><\/path><\/svg><\/span><\/a><\/div><\/div>\n<\/div><\/div>\n<\/div><\/div>\n<\/div><\/div>\n\n\n\n<div style=\"height:20px\" aria-hidden=\"true\" class=\"wp-block-spacer\"><\/div>\n\n\n<\/div><\/div>\n<\/div>\n<\/div>\n\n\n\n<div style=\"height:60px\" aria-hidden=\"true\" class=\"wp-block-spacer\"><\/div>\n\n\n\n<div class=\"wp-block-group\"><div class=\"wp-block-group__inner-container is-layout-constrained wp-block-group-is-layout-constrained\">\n<div class=\"wp-block-columns row align-items-center is-layout-flex wp-container-core-columns-is-layout-9d6595d7 wp-block-columns-is-layout-flex\">\n<div class=\"wp-block-column is-layout-flow wp-block-column-is-layout-flow\" style=\"flex-basis:66.66%\">\n<h2 class=\"wp-block-heading\">Les Invit\u00e9s du Festival<\/h2>\n\n\n\n<span class=\"separator-big-horiz\"><\/span>\n<\/div>\n\n\n\n<div class=\"wp-block-column is-layout-flow wp-block-column-is-layout-flow\" style=\"flex-basis:33.33%\">\n<p class=\"has-text-align-right mb-0\" style=\"font-size:22px\"><strong><a href=\"https:\/\/visionsdafrique.fr\/2023\/cineastes-intervenants\/\" data-type=\"page\" data-id=\"385\">&gt; Les cin\u00e9astes &amp; intervenants <\/a><\/strong><\/p>\n<\/div>\n<\/div>\n\n\n\n<div class=\"wp-block-uagb-container uagb-block-cd354e8f alignfull uagb-is-root-container\"><div class=\"uagb-container-inner-blocks-wrap\">\n<div class=\"wp-block-uagb-container uagb-block-20895514\">\n<div class=\"wp-block-uagb-team uagb-team__image-position-above uagb-team__align-center uagb-team__stack-tablet uagb-block-f5d65da7\"><div class=\"uagb-team__content\"><img decoding=\"async\" class=\"uagb-team__image-crop-circle\" src=\"https:\/\/visionsdafrique.fr\/2023\/wp-content\/uploads\/sites\/8\/2023\/09\/seneabsamouss-\u00a9-Gerhard-Kassner-Berlinale-150x150.png\" alt=\"\" height=\"150\" width=\"150\" loading=\"lazy\"\/><h4 class=\"uagb-team__title\"><strong><a href=\"https:\/\/visionsdafrique.fr\/2023\/intervenant\/moussa-sene-absa\/\" data-type=\"intervenants\" data-id=\"4637\">Moussa S\u00e8ne Absa<\/a><\/strong><\/h4><span class=\"uagb-team__prefix\">R\u00e9alisateur s\u00e9n\u00e9galais<\/span><p class=\"uagb-team__desc\"><\/p><\/div><\/div>\n<\/div>\n\n\n\n<div class=\"wp-block-uagb-container uagb-block-4ca6cd73\">\n<div class=\"wp-block-uagb-team uagb-team__image-position-above uagb-team__align-center uagb-team__stack-tablet uagb-block-1acf0495\"><div class=\"uagb-team__content\"><img decoding=\"async\" class=\"uagb-team__image-crop-circle\" src=\"https:\/\/visionsdafrique.fr\/2023\/wp-content\/uploads\/sites\/8\/2023\/09\/Jean-Odoutan-Realisateur-Auteur-Acteur-2015-1-1-150x150.png\" alt=\"\" height=\"150\" width=\"150\" loading=\"lazy\"\/><h4 class=\"uagb-team__title\"><a href=\"https:\/\/visionsdafrique.fr\/2023\/intervenant\/jean-odoutan\/\" data-type=\"intervenants\" data-id=\"3864\">Jean Odoutan<\/a><\/h4><span class=\"uagb-team__prefix\">R\u00e9alisateur b\u00e9ninois<\/span><p class=\"uagb-team__desc\"><\/p><\/div><\/div>\n<\/div>\n\n\n\n<div class=\"wp-block-uagb-container uagb-block-9eca6b0c\">\n<div class=\"wp-block-uagb-team uagb-team__image-position-above uagb-team__align-center uagb-team__stack-tablet uagb-block-daab0d89\"><div class=\"uagb-team__content\"><img decoding=\"async\" class=\"uagb-team__image-crop-circle\" src=\"https:\/\/visionsdafrique.fr\/2023\/wp-content\/uploads\/sites\/8\/2023\/09\/Sana_Na_Nhada_2023-1-150x150.png\" alt=\"\" height=\"150\" width=\"150\" loading=\"lazy\"\/><h4 class=\"uagb-team__title\"><strong><a href=\"https:\/\/visionsdafrique.fr\/2023\/intervenant\/sana-na-nhada\/\" data-type=\"intervenants\" data-id=\"4637\">Sana Na N&rsquo;Hada<\/a><\/strong><\/h4><span class=\"uagb-team__prefix\">R\u00e9alisateur bissau-guin\u00e9en<\/span><p class=\"uagb-team__desc\"><\/p><\/div><\/div>\n<\/div>\n\n\n\n<div class=\"wp-block-uagb-container uagb-block-179fdb20\">\n<div class=\"wp-block-uagb-team uagb-team__image-position-above uagb-team__align-center uagb-team__stack-tablet uagb-block-b0f9c058\"><div class=\"uagb-team__content\"><img decoding=\"async\" class=\"uagb-team__image-crop-circle\" src=\"https:\/\/visionsdafrique.fr\/2023\/wp-content\/uploads\/sites\/8\/2023\/09\/Sembene-Senegal-A-01-01\u00a9Desjeux_2-1-150x150.png\" alt=\"\" height=\"150\" width=\"150\" loading=\"lazy\"\/><h4 class=\"uagb-team__title\">Hommage \u00e0<br><a href=\"https:\/\/visionsdafrique.fr\/2023\/intervenant\/sembene-ousmane\/\" data-type=\"intervenants\" data-id=\"4637\">Semb\u00e8ne Ousmane<\/a><\/h4><span class=\"uagb-team__prefix\">R\u00e9alisateur s\u00e9n\u00e9galais<\/span><p class=\"uagb-team__desc\"><\/p><\/div><\/div>\n<\/div>\n<\/div><\/div>\n\n\n\n<div class=\"wp-block-uagb-container uagb-block-2fedc242 alignfull uagb-is-root-container\"><div class=\"uagb-container-inner-blocks-wrap\">\n<div class=\"wp-block-uagb-container uagb-block-1d7fcb7d\">\n<div class=\"wp-block-uagb-team uagb-team__image-position-above uagb-team__align-center uagb-team__stack-tablet uagb-block-59d28445\"><div class=\"uagb-team__content\"><img decoding=\"async\" class=\"uagb-team__image-crop-circle\" src=\"https:\/\/visionsdafrique.fr\/2023\/wp-content\/uploads\/sites\/8\/2023\/09\/akli-tadjer-01-150x150.png\" alt=\"\" height=\"150\" width=\"150\" loading=\"lazy\"\/><h4 class=\"uagb-team__title\"><strong><a href=\"https:\/\/visionsdafrique.fr\/2023\/intervenant\/akli-tadjer\/\" data-type=\"intervenants\" data-id=\"4953\">Akli Tadjer<\/a><\/strong><\/h4><span class=\"uagb-team__prefix\">Ecrivain alg\u00e9rien<\/span><p class=\"uagb-team__desc\"><\/p><\/div><\/div>\n<\/div>\n\n\n\n<div class=\"wp-block-uagb-container uagb-block-c5b493a5\">\n<div class=\"wp-block-uagb-team uagb-team__image-position-above uagb-team__align-center uagb-team__stack-tablet uagb-block-3e57a615\"><div class=\"uagb-team__content\"><img decoding=\"async\" class=\"uagb-team__image-crop-circle\" src=\"https:\/\/visionsdafrique.fr\/2023\/wp-content\/uploads\/sites\/8\/2023\/09\/souleymane-mbodj-150x150.png\" alt=\"\" height=\"150\" width=\"150\" loading=\"lazy\"\/><h4 class=\"uagb-team__title\"><a href=\"https:\/\/visionsdafrique.fr\/2023\/intervenant\/souleymane-mbodj\/\" data-type=\"intervenants\" data-id=\"4955\">Souleymane Mbodj<\/a><\/h4><span class=\"uagb-team__prefix\">Auteur\/conteur s\u00e9n\u00e9galais<\/span><p class=\"uagb-team__desc\"><\/p><\/div><\/div>\n<\/div>\n\n\n\n<div class=\"wp-block-uagb-container uagb-block-32cd6073\">\n<div class=\"wp-block-uagb-team uagb-team__image-position-above uagb-team__align-center uagb-team__stack-tablet uagb-block-2bcd4db2\"><div class=\"uagb-team__content\"><img decoding=\"async\" class=\"uagb-team__image-crop-circle\" src=\"https:\/\/visionsdafrique.fr\/2023\/wp-content\/uploads\/sites\/8\/2023\/09\/photo-valery-berty-150x150.png\" alt=\"\" height=\"150\" width=\"150\" loading=\"lazy\"\/><h4 class=\"uagb-team__title\"><strong><a href=\"https:\/\/visionsdafrique.fr\/2023\/intervenant\/valerie-berty\/\" data-type=\"intervenants\" data-id=\"4957\">Val\u00e9rie Berty<\/a><\/strong><\/h4><span class=\"uagb-team__prefix\">Docteur en litt\u00e9rature<\/span><p class=\"uagb-team__desc\"><\/p><\/div><\/div>\n<\/div>\n\n\n\n<div class=\"wp-block-uagb-container uagb-block-16122f4e\">\n<div class=\"wp-block-uagb-team uagb-team__image-position-above uagb-team__align-center uagb-team__stack-tablet uagb-block-cea9aa9a\"><div class=\"uagb-team__content\"><img decoding=\"async\" class=\"uagb-team__image-crop-circle\" src=\"https:\/\/visionsdafrique.fr\/2023\/wp-content\/uploads\/sites\/8\/2023\/09\/AYWA-2021\u00a9Luc-Jennepin-150x150.png\" alt=\"\" height=\"150\" width=\"150\" loading=\"lazy\"\/><h4 class=\"uagb-team__title\"><a href=\"https:\/\/visionsdafrique.fr\/2023\/intervenant\/aywa\/\" data-type=\"intervenants\" data-id=\"4964\">Aywa<\/a><\/h4><span class=\"uagb-team__prefix\">Groupe de musique<\/span><p class=\"uagb-team__desc\"><\/p><\/div><\/div>\n<\/div>\n<\/div><\/div>\n\n\n\n<div style=\"height:40px\" aria-hidden=\"true\" class=\"wp-block-spacer\"><\/div>\n<\/div><\/div>\n\n\n\n<div style=\"height:40px\" aria-hidden=\"true\" class=\"wp-block-spacer\"><\/div>\n","protected":false},"excerpt":{"rendered":"<p>Pr\u00e9sentation de la 14e \u00e9dition du festival Visions d&rsquo;Afrique Du 18 au 24 oct. 2023 Une semaine de f\u00eate et de rencontres sur les cultures et les cin\u00e9mas d\u2019Afrique&nbsp;! Cette 14e \u00e9dition t\u00e9moigne de la diversit\u00e9 g\u00e9ographique et th\u00e9matique croissante des cin\u00e9mas d\u2019Afrique&nbsp;et se fait l\u2019\u00e9cho de leur essor. La manifestation la plus \u00e9loquente fut [&hellip;]<\/p>\n","protected":false},"author":1,"featured_media":4570,"parent":0,"menu_order":0,"comment_status":"closed","ping_status":"closed","template":"template-homepage.php","meta":{"_acf_changed":false,"_uag_custom_page_level_css":"","footnotes":""},"class_list":["post-1499","page","type-page","status-publish","has-post-thumbnail","hentry"],"acf":[],"uagb_featured_image_src":{"full":["https:\/\/visionsdafrique.fr\/2023\/wp-content\/uploads\/sites\/8\/2023\/09\/viions-d-afrique_2023_14e-edition_18-24-oct-2023_visuel_fullpage.jpg",1980,1200,false],"thumbnail":["https:\/\/visionsdafrique.fr\/2023\/wp-content\/uploads\/sites\/8\/2023\/09\/viions-d-afrique_2023_14e-edition_18-24-oct-2023_visuel_fullpage-150x150.jpg",150,150,true],"medium":["https:\/\/visionsdafrique.fr\/2023\/wp-content\/uploads\/sites\/8\/2023\/09\/viions-d-afrique_2023_14e-edition_18-24-oct-2023_visuel_fullpage-300x182.jpg",300,182,true],"medium_large":["https:\/\/visionsdafrique.fr\/2023\/wp-content\/uploads\/sites\/8\/2023\/09\/viions-d-afrique_2023_14e-edition_18-24-oct-2023_visuel_fullpage-768x465.jpg",768,465,true],"large":["https:\/\/visionsdafrique.fr\/2023\/wp-content\/uploads\/sites\/8\/2023\/09\/viions-d-afrique_2023_14e-edition_18-24-oct-2023_visuel_fullpage-1024x621.jpg",1024,621,true],"1536x1536":["https:\/\/visionsdafrique.fr\/2023\/wp-content\/uploads\/sites\/8\/2023\/09\/viions-d-afrique_2023_14e-edition_18-24-oct-2023_visuel_fullpage-1536x931.jpg",1536,931,true],"2048x2048":["https:\/\/visionsdafrique.fr\/2023\/wp-content\/uploads\/sites\/8\/2023\/09\/viions-d-afrique_2023_14e-edition_18-24-oct-2023_visuel_fullpage.jpg",1980,1200,false]},"uagb_author_info":{"display_name":"Julien","author_link":"https:\/\/visionsdafrique.fr\/2023\/author\/hapi_admin\/"},"uagb_comment_info":0,"uagb_excerpt":"Pr\u00e9sentation de la 14e \u00e9dition du festival Visions d&rsquo;Afrique Du 18 au 24 oct. 2023 Une semaine de f\u00eate et de rencontres sur les cultures et les cin\u00e9mas d\u2019Afrique&nbsp;! Cette 14e \u00e9dition t\u00e9moigne de la diversit\u00e9 g\u00e9ographique et th\u00e9matique croissante des cin\u00e9mas d\u2019Afrique&nbsp;et se fait l\u2019\u00e9cho de leur essor. La manifestation la plus \u00e9loquente fut\u2026","_links":{"self":[{"href":"https:\/\/visionsdafrique.fr\/2023\/wp-json\/wp\/v2\/pages\/1499","targetHints":{"allow":["GET"]}}],"collection":[{"href":"https:\/\/visionsdafrique.fr\/2023\/wp-json\/wp\/v2\/pages"}],"about":[{"href":"https:\/\/visionsdafrique.fr\/2023\/wp-json\/wp\/v2\/types\/page"}],"author":[{"embeddable":true,"href":"https:\/\/visionsdafrique.fr\/2023\/wp-json\/wp\/v2\/users\/1"}],"replies":[{"embeddable":true,"href":"https:\/\/visionsdafrique.fr\/2023\/wp-json\/wp\/v2\/comments?post=1499"}],"version-history":[{"count":158,"href":"https:\/\/visionsdafrique.fr\/2023\/wp-json\/wp\/v2\/pages\/1499\/revisions"}],"predecessor-version":[{"id":5203,"href":"https:\/\/visionsdafrique.fr\/2023\/wp-json\/wp\/v2\/pages\/1499\/revisions\/5203"}],"wp:featuredmedia":[{"embeddable":true,"href":"https:\/\/visionsdafrique.fr\/2023\/wp-json\/wp\/v2\/media\/4570"}],"wp:attachment":[{"href":"https:\/\/visionsdafrique.fr\/2023\/wp-json\/wp\/v2\/media?parent=1499"}],"curies":[{"name":"wp","href":"https:\/\/api.w.org\/{rel}","templated":true}]}}