{"id":106,"date":"2018-08-08T10:58:48","date_gmt":"2018-08-08T08:58:48","guid":{"rendered":"https:\/\/visionsdafrique.fr\/2023\/?page_id=106"},"modified":"2023-10-08T16:54:22","modified_gmt":"2023-10-08T14:54:22","slug":"rencontres-litteraires","status":"publish","type":"page","link":"https:\/\/visionsdafrique.fr\/2023\/rencontres-litteraires\/","title":{"rendered":"Les Rencontres Litt\u00e9raires"},"content":{"rendered":"\n<p><strong>Les Rencontres litt\u00e9raires Visions d&rsquo;Afrique se tiendront du mercredi 18 au samedi 21 octobre<\/strong>.<\/p>\n\n\n\n<h2 class=\"wp-block-heading icon-title\">Dialogue entre un conteur venu du S\u00e9n\u00e9gal et un romancier d\u2019origine alg\u00e9rienne<\/h2>\n\n\n\n<figure class=\"wp-block-image size-large\"><img loading=\"lazy\" decoding=\"async\" width=\"1024\" height=\"416\" src=\"https:\/\/visionsdafrique.fr\/2023\/wp-content\/uploads\/sites\/8\/2023\/09\/rencontres-litteraires-2023-1024x416.jpg\" alt=\"\" class=\"wp-image-5050\" srcset=\"https:\/\/visionsdafrique.fr\/2023\/wp-content\/uploads\/sites\/8\/2023\/09\/rencontres-litteraires-2023-1024x416.jpg 1024w, https:\/\/visionsdafrique.fr\/2023\/wp-content\/uploads\/sites\/8\/2023\/09\/rencontres-litteraires-2023-300x122.jpg 300w, https:\/\/visionsdafrique.fr\/2023\/wp-content\/uploads\/sites\/8\/2023\/09\/rencontres-litteraires-2023-768x312.jpg 768w, https:\/\/visionsdafrique.fr\/2023\/wp-content\/uploads\/sites\/8\/2023\/09\/rencontres-litteraires-2023.jpg 1200w\" sizes=\"auto, (max-width: 1024px) 100vw, 1024px\" \/><figcaption class=\"wp-element-caption\"><em><sup>Akli Tadjer et Souleymane Mbodj<\/sup><\/em><\/figcaption><\/figure>\n\n\n\n<blockquote class=\"wp-block-quote is-layout-flow wp-block-quote-is-layout-flow\">\n<p>Un romancier alg\u00e9rien, un conteur s\u00e9n\u00e9galais.<br>Une rencontre et la d\u00e9couverte de deux univers culturels, deux genres litt\u00e9raires, deux personnalit\u00e9s attachantes et talentueuses.<\/p>\n<\/blockquote>\n\n\n\n<p>L\u2019\u00e9crivain s\u00e9n\u00e9galais, conteur et musicien, <strong><a href=\"https:\/\/visionsdafrique.fr\/2023\/intervenant\/souleymane-mbodj\/\" data-type=\"intervenants\" data-id=\"4955\">Souleymane Mbodj<\/a><\/strong>,&nbsp;dira ses contes d\u2019Afrique aux scolaires des \u00e9coles \u00e9l\u00e9mentaires du pays Marennes Ol\u00e9ron. Il a publi\u00e9 plus de dix ouvrages \u00e9dit\u00e9s en&nbsp;France.<\/p>\n\n\n\n<p>La plume d\u2019<strong><a href=\"https:\/\/visionsdafrique.fr\/2023\/intervenant\/akli-tadjer\/\" data-type=\"intervenants\" data-id=\"4953\">Akli Tadjer<\/a><\/strong> ne cesse de s\u00e9duire le public et la critique salue unanimement chacune des nouveaut\u00e9s de l\u2019\u00e9crivain. Durant le festival, il rencontrera les coll\u00e9giens et les lyc\u00e9ens du territoire ainsi que le public.<\/p>\n\n\n\t\t\t\t\t<div\n\t\t\t\t\t\tclass=\"wp-block-uagb-image-gallery uagb-block-1d824597     \"\n\t\t\t\t\t\tstyle=\"\"\n\t\t\t\t\t>\n\t\t\t\t\t\t\t\t\t\t\t<div class=\"spectra-image-gallery spectra-image-gallery__layout--masonry spectra-image-gallery__layout--masonry-col-2 spectra-image-gallery__layout--masonry-col-tab-2 spectra-image-gallery__layout--masonry-col-mob-2\">\n\t\t\t\t\t\t\t\t\t\t\t<div class='spectra-image-gallery__media-wrapper--isotope'>\n\t\t\t\t\t\t\t<div class='spectra-image-gallery__media-wrapper' data-spectra-gallery-image-id='5054' tabindex=\"0\">\n\t\t\t\t\t\t\t<div class=\"spectra-image-gallery__media spectra-image-gallery__media--masonry\">\n\t\t\t\t<picture>\n\t\t\t\t\t<source media=\"(min-width: 1024px)\" srcset=\"https:\/\/visionsdafrique.fr\/2023\/wp-content\/uploads\/sites\/8\/2023\/09\/71jYuU4rWSL._AC_UF8941000_QL80_.jpg\">\n\t\t\t\t\t<source media=\"(min-width: 768px)\" srcset=\"https:\/\/visionsdafrique.fr\/2023\/wp-content\/uploads\/sites\/8\/2023\/09\/71jYuU4rWSL._AC_UF8941000_QL80_.jpg\">\n\t\t\t\t\t<img decoding=\"async\" class=\"spectra-image-gallery__media-thumbnail spectra-image-gallery__media-thumbnail--masonry\" src=\"https:\/\/visionsdafrique.fr\/2023\/wp-content\/uploads\/sites\/8\/2023\/09\/71jYuU4rWSL._AC_UF8941000_QL80_-192x300.jpg\" alt=\"\" loading=\"lazy\" \/>\n\t\t\t\t<\/picture>\n\t\t\t\t<div class=\"spectra-image-gallery__media-thumbnail-blurrer\"><\/div>\n\t\t\t\t\t\t\t\t\t\t\t<div class=\"spectra-image-gallery__media-thumbnail-caption-wrapper spectra-image-gallery__media-thumbnail-caption-wrapper--overlay\"><\/div>\n\t\t\t\t\t\t\t\t<\/div>\n\t\t\t\t\t\t<\/div>\n\t\t\t\t\t\t<\/div>\n\t\t\t\t\t\t<div class='spectra-image-gallery__media-wrapper--isotope'>\n\t\t\t\t\t\t\t<div class='spectra-image-gallery__media-wrapper' data-spectra-gallery-image-id='5055' tabindex=\"0\">\n\t\t\t\t\t\t\t<div class=\"spectra-image-gallery__media spectra-image-gallery__media--masonry\">\n\t\t\t\t<picture>\n\t\t\t\t\t<source media=\"(min-width: 1024px)\" srcset=\"https:\/\/visionsdafrique.fr\/2023\/wp-content\/uploads\/sites\/8\/2023\/09\/Mille-ans-de-contes-Afrique.jpg\">\n\t\t\t\t\t<source media=\"(min-width: 768px)\" srcset=\"https:\/\/visionsdafrique.fr\/2023\/wp-content\/uploads\/sites\/8\/2023\/09\/Mille-ans-de-contes-Afrique.jpg\">\n\t\t\t\t\t<img decoding=\"async\" class=\"spectra-image-gallery__media-thumbnail spectra-image-gallery__media-thumbnail--masonry\" src=\"https:\/\/visionsdafrique.fr\/2023\/wp-content\/uploads\/sites\/8\/2023\/09\/Mille-ans-de-contes-Afrique-226x300.jpg\" alt=\"\" loading=\"lazy\" \/>\n\t\t\t\t<\/picture>\n\t\t\t\t<div class=\"spectra-image-gallery__media-thumbnail-blurrer\"><\/div>\n\t\t\t\t\t\t\t\t\t\t\t<div class=\"spectra-image-gallery__media-thumbnail-caption-wrapper spectra-image-gallery__media-thumbnail-caption-wrapper--overlay\"><\/div>\n\t\t\t\t\t\t\t\t<\/div>\n\t\t\t\t\t\t<\/div>\n\t\t\t\t\t\t<\/div>\n\t\t\t\t\t\t\t\t\t\t<\/div>\n\t\t\t\t\t\t\t\t\t\t\t\t\t\t\t\t\t\t<\/div>\n\t\t\t\t\t\t\t\t\t\t\t<div class='spectra-image-gallery__control-lightbox' tabindex='0'>\n\t\t\t\t\t\t\t\t\t\t\t<div class=\"swiper spectra-image-gallery__control-lightbox--main\" dir=\"\">\n\t\t\t\t\t<div class=\"swiper-wrapper\">\n\t\t\t\t\t\t\t\t\t\t\t\t\t\n\t\t\t\t\t\t\t<div class=\"swiper-slide\">\n\t\t\t\t\t\t\t\t<img class=\"swiper-lazy\" data-src=\"https:\/\/visionsdafrique.fr\/2023\/wp-content\/uploads\/sites\/8\/2023\/09\/71jYuU4rWSL._AC_UF8941000_QL80_.jpg\" alt=\"\"\/>\n\t\t\t\t\t\t\t\t<div class=\"swiper-lazy-preloader swiper-lazy-preloader-white\"><\/div>\n\t\t\t\t\t\t\t\t\t\t\t\t\t\t\t<\/div>\n\t\t\t\t\t\t\t\t\t\t\t\t\t\n\t\t\t\t\t\t\t<div class=\"swiper-slide\">\n\t\t\t\t\t\t\t\t<img class=\"swiper-lazy\" data-src=\"https:\/\/visionsdafrique.fr\/2023\/wp-content\/uploads\/sites\/8\/2023\/09\/Mille-ans-de-contes-Afrique.jpg\" alt=\"\"\/>\n\t\t\t\t\t\t\t\t<div class=\"swiper-lazy-preloader swiper-lazy-preloader-white\"><\/div>\n\t\t\t\t\t\t\t\t\t\t\t\t\t\t\t<\/div>\n\t\t\t\t\t\t\t\t\t\t\t<\/div>\n\t\t\t\t\t<div class=\"swiper-button-next\"><\/div>\n\t\t\t\t\t<div class=\"swiper-button-prev\"><\/div>\n\t\t\t\t<\/div>\t\t\t\n\t\t\t\t\t\t\t\t\t\t\t\t\t\t\t\t\t\t\t\t\t\t\t\t\t\t\t\t\t\t\t\t<button class='spectra-image-gallery__control-lightbox--close' aria-label=\"Close\">\n\t\t\t\t\t\t\t\t\t\t\t\t\t<svg xmlns=\"https:\/\/www.w3.org\/2000\/svg\" viewBox= \"0 0 320 512\"><path d=\"M310.6 361.4c12.5 12.5 12.5 32.75 0 45.25C304.4 412.9 296.2 416 288 416s-16.38-3.125-22.62-9.375L160 301.3L54.63 406.6C48.38 412.9 40.19 416 32 416S15.63 412.9 9.375 406.6c-12.5-12.5-12.5-32.75 0-45.25l105.4-105.4L9.375 150.6c-12.5-12.5-12.5-32.75 0-45.25s32.75-12.5 45.25 0L160 210.8l105.4-105.4c12.5-12.5 32.75-12.5 45.25 0s12.5 32.75 0 45.25l-105.4 105.4L310.6 361.4z\"><\/path><\/svg>\n\t\t\t\t\t\t\t\t\t\t\t\t<\/button>\n\t\t\t\t\t\t\t\t\t\t\t\t\t<\/div>\n\t\t\t\t\t\t\t\t\t\n\n\n<p><strong>Les deux auteurs se retrouveront \u00e0 l\u2019Eldorado autour de Bernard Magnier, journaliste, \u00e0 10 h le samedi 21 pour une rencontre et la d\u00e9couverte de leurs deux univers culturels.<\/strong><\/p>\n\n\n\n<p><strong><em>Leurs diff\u00e9rents ouvrages seront en vente durant le festival et les auteurs pourront les d\u00e9dicacer le samedi matin.<\/em><\/strong><\/p>\n\n\n\n<div style=\"height:50px\" aria-hidden=\"true\" class=\"wp-block-spacer\"><\/div>\n\n\n\n<div class=\"wp-block-media-text alignwide is-stacked-on-mobile has-background\" style=\"background-color:#f1f1f1;grid-template-columns:30% auto\"><figure class=\"wp-block-media-text__media\"><a href=\"https:\/\/visionsdafrique.fr\/2023\/intervenant\/bernard-magnier\/\"><img loading=\"lazy\" decoding=\"async\" width=\"200\" height=\"300\" src=\"https:\/\/visionsdafrique.fr\/2023\/wp-content\/uploads\/sites\/8\/2021\/09\/Bernard-Magnier-Journaliste-Editeur-200x300.jpg\" alt=\"\" class=\"wp-image-3818 size-medium\" srcset=\"https:\/\/visionsdafrique.fr\/2023\/wp-content\/uploads\/sites\/8\/2021\/09\/Bernard-Magnier-Journaliste-Editeur-200x300.jpg 200w, https:\/\/visionsdafrique.fr\/2023\/wp-content\/uploads\/sites\/8\/2021\/09\/Bernard-Magnier-Journaliste-Editeur-684x1024.jpg 684w, https:\/\/visionsdafrique.fr\/2023\/wp-content\/uploads\/sites\/8\/2021\/09\/Bernard-Magnier-Journaliste-Editeur-768x1151.jpg 768w, https:\/\/visionsdafrique.fr\/2023\/wp-content\/uploads\/sites\/8\/2021\/09\/Bernard-Magnier-Journaliste-Editeur-16x24.jpg 16w, https:\/\/visionsdafrique.fr\/2023\/wp-content\/uploads\/sites\/8\/2021\/09\/Bernard-Magnier-Journaliste-Editeur-24x36.jpg 24w, https:\/\/visionsdafrique.fr\/2023\/wp-content\/uploads\/sites\/8\/2021\/09\/Bernard-Magnier-Journaliste-Editeur-32x48.jpg 32w, https:\/\/visionsdafrique.fr\/2023\/wp-content\/uploads\/sites\/8\/2021\/09\/Bernard-Magnier-Journaliste-Editeur.jpg 801w\" sizes=\"auto, (max-width: 200px) 100vw, 200px\" \/><\/a><\/figure><div class=\"wp-block-media-text__content\">\n<p><strong><a href=\"https:\/\/visionsdafrique.fr\/2023\/intervenant\/bernard-magnier\/\" data-type=\"intervenants\" data-id=\"1091\">Bernard Magnier<\/a><\/strong><\/p>\n\n\n\n<p>Le journaliste Bernard Magnier, sp\u00e9cialiste des litt\u00e9ratures africaines et directeur de la collection \u00abLettres africaines \u00bb aux \u00e9ditions Actes Sud animera les rencontres avec le public adulte.<\/p>\n<\/div><\/div>\n\n\n\n<div style=\"height:50px\" aria-hidden=\"true\" class=\"wp-block-spacer\"><\/div>\n\n\n\n<h2 class=\"wp-block-heading icon-title\"><strong>Le programme 2023<\/strong><\/h2>\n\n\n\n<h4 class=\"wp-block-heading\">Mercredi 18<\/h4>\n\n\n\n<div class=\"wp-block-columns are-vertically-aligned-center gap-0 row align-items-center is-layout-flex wp-container-core-columns-is-layout-9d6595d7 wp-block-columns-is-layout-flex\">\n<div class=\"wp-block-column is-vertically-aligned-center is-layout-flow wp-block-column-is-layout-flow\" style=\"flex-basis:15%\">\n<figure class=\"wp-block-image size-thumbnail is-resized is-style-rounded mb-0\"><img loading=\"lazy\" decoding=\"async\" src=\"https:\/\/visionsdafrique.fr\/2023\/wp-content\/uploads\/sites\/8\/2023\/09\/souleymane-mbodj-150x150.jpg\" alt=\"\" class=\"wp-image-4956\" style=\"width:60px;height:60px\" width=\"60\" height=\"60\"\/><\/figure>\n<\/div>\n\n\n\n<div class=\"wp-block-column is-vertically-aligned-center prog-date is-layout-flow wp-block-column-is-layout-flow\" style=\"flex-basis:15%\">\n<p>9 h 30<\/p>\n<\/div>\n\n\n\n<div class=\"wp-block-column is-vertically-aligned-center prog-lieu is-layout-flow wp-block-column-is-layout-flow\" style=\"flex-basis:15%\">\n<p>M\u00e9d.<br>St-Denis<\/p>\n<\/div>\n\n\n\n<div class=\"wp-block-column is-vertically-aligned-center prog-text is-layout-flow wp-block-column-is-layout-flow\" style=\"flex-basis:55%\">\n<p><strong><sub>Rencontres litt\u00e9raires<br><\/sub><a href=\"https:\/\/visionsdafrique.fr\/2023\/intervenant\/souleymane-mbodj\/\" data-type=\"intervenants\" data-id=\"4955\">Souleymane Mbodj<\/a><\/strong> &#8211; Scolaires<\/p>\n<\/div>\n<\/div>\n\n\n\n<h4 class=\"wp-block-heading\">Jeudi 19<\/h4>\n\n\n\n<div class=\"wp-block-columns are-vertically-aligned-center gap-0 row align-items-center is-layout-flex wp-container-core-columns-is-layout-9d6595d7 wp-block-columns-is-layout-flex\">\n<div class=\"wp-block-column is-vertically-aligned-center is-layout-flow wp-block-column-is-layout-flow\" style=\"flex-basis:15%\">\n<figure class=\"wp-block-image size-thumbnail is-resized is-style-rounded mb-0\"><img loading=\"lazy\" decoding=\"async\" src=\"https:\/\/visionsdafrique.fr\/2023\/wp-content\/uploads\/sites\/8\/2023\/09\/souleymane-mbodj-150x150.jpg\" alt=\"\" class=\"wp-image-4956\" style=\"width:60px;height:60px\" width=\"60\" height=\"60\"\/><\/figure>\n<\/div>\n\n\n\n<div class=\"wp-block-column is-vertically-aligned-center prog-date is-layout-flow wp-block-column-is-layout-flow\" style=\"flex-basis:15%\">\n<p>9 h 30<\/p>\n<\/div>\n\n\n\n<div class=\"wp-block-column is-vertically-aligned-center prog-lieu is-layout-flow wp-block-column-is-layout-flow\" style=\"flex-basis:15%\">\n<p>M\u00e9d.<br>St-Pierre<\/p>\n<\/div>\n\n\n\n<div class=\"wp-block-column is-vertically-aligned-center prog-text is-layout-flow wp-block-column-is-layout-flow\" style=\"flex-basis:55%\">\n<p><strong><sub>Rencontres litt\u00e9raires<br><\/sub><a href=\"https:\/\/visionsdafrique.fr\/2023\/intervenant\/souleymane-mbodj\/\" data-type=\"intervenants\" data-id=\"4955\">Souleymane Mbodj<\/a><\/strong> &#8211; Scolaires<\/p>\n<\/div>\n<\/div>\n\n\n\n<div class=\"wp-block-columns are-vertically-aligned-center gap-0 row align-items-center is-layout-flex wp-container-core-columns-is-layout-9d6595d7 wp-block-columns-is-layout-flex\">\n<div class=\"wp-block-column is-vertically-aligned-center is-layout-flow wp-block-column-is-layout-flow\" style=\"flex-basis:15%\">\n<figure class=\"wp-block-image size-thumbnail is-resized is-style-rounded mb-0\"><img loading=\"lazy\" decoding=\"async\" src=\"https:\/\/visionsdafrique.fr\/2023\/wp-content\/uploads\/sites\/8\/2023\/09\/akli-tadjer-01-150x150.jpg\" alt=\"\" class=\"wp-image-4954\" style=\"width:60px;height:60px\" width=\"60\" height=\"60\"\/><\/figure>\n<\/div>\n\n\n\n<div class=\"wp-block-column is-vertically-aligned-center prog-date is-layout-flow wp-block-column-is-layout-flow\" style=\"flex-basis:15%\">\n<p>10 h 30<\/p>\n<\/div>\n\n\n\n<div class=\"wp-block-column is-vertically-aligned-center prog-lieu is-layout-flow wp-block-column-is-layout-flow\" style=\"flex-basis:15%\">\n<p>Coll\u00e8ge<br>Marennes<\/p>\n<\/div>\n\n\n\n<div class=\"wp-block-column is-vertically-aligned-center prog-text is-layout-flow wp-block-column-is-layout-flow\" style=\"flex-basis:55%\">\n<p><strong><sub>Rencontres litt\u00e9raires<br><\/sub><a href=\"https:\/\/visionsdafrique.fr\/2023\/intervenant\/akli-tadjer\/\" data-type=\"intervenants\" data-id=\"4953\">Akli Tadjer<\/a><\/strong> &#8211; Scolaires coll\u00e8ge<\/p>\n<\/div>\n<\/div>\n\n\n\n<div class=\"wp-block-columns are-vertically-aligned-center gap-0 row align-items-center is-layout-flex wp-container-core-columns-is-layout-9d6595d7 wp-block-columns-is-layout-flex\">\n<div class=\"wp-block-column is-vertically-aligned-center is-layout-flow wp-block-column-is-layout-flow\" style=\"flex-basis:15%\">\n<figure class=\"wp-block-image size-thumbnail is-resized is-style-rounded mb-0\"><img loading=\"lazy\" decoding=\"async\" src=\"https:\/\/visionsdafrique.fr\/2023\/wp-content\/uploads\/sites\/8\/2023\/09\/akli-tadjer-01-150x150.jpg\" alt=\"\" class=\"wp-image-4954\" style=\"width:60px;height:60px\" width=\"60\" height=\"60\"\/><\/figure>\n<\/div>\n\n\n\n<div class=\"wp-block-column is-vertically-aligned-center prog-date is-layout-flow wp-block-column-is-layout-flow\" style=\"flex-basis:15%\">\n<p>14 h<\/p>\n<\/div>\n\n\n\n<div class=\"wp-block-column is-vertically-aligned-center prog-lieu is-layout-flow wp-block-column-is-layout-flow\" style=\"flex-basis:15%\">\n<p>Coll\u00e8ge<br>Le Ch\u00e2teau<\/p>\n<\/div>\n\n\n\n<div class=\"wp-block-column is-vertically-aligned-center prog-text is-layout-flow wp-block-column-is-layout-flow\" style=\"flex-basis:55%\">\n<p><strong><sub>Rencontres litt\u00e9raires<br><\/sub><a href=\"https:\/\/visionsdafrique.fr\/2023\/intervenant\/akli-tadjer\/\" data-type=\"intervenants\" data-id=\"4953\">Akli Tadjer<\/a><\/strong> &#8211; Scolaires coll\u00e8ge<\/p>\n<\/div>\n<\/div>\n\n\n\n<div class=\"wp-block-columns are-vertically-aligned-center gap-0 row align-items-center is-layout-flex wp-container-core-columns-is-layout-9d6595d7 wp-block-columns-is-layout-flex\">\n<div class=\"wp-block-column is-vertically-aligned-center is-layout-flow wp-block-column-is-layout-flow\" style=\"flex-basis:15%\">\n<figure class=\"wp-block-image size-thumbnail is-resized is-style-rounded mb-0\"><img loading=\"lazy\" decoding=\"async\" src=\"https:\/\/visionsdafrique.fr\/2023\/wp-content\/uploads\/sites\/8\/2023\/09\/akli-tadjer-01-150x150.jpg\" alt=\"\" class=\"wp-image-4954\" style=\"width:60px;height:60px\" width=\"60\" height=\"60\"\/><\/figure>\n<\/div>\n\n\n\n<div class=\"wp-block-column is-vertically-aligned-center prog-date is-layout-flow wp-block-column-is-layout-flow\" style=\"flex-basis:15%\">\n<p>18 h 30<\/p>\n<\/div>\n\n\n\n<div class=\"wp-block-column is-vertically-aligned-center prog-lieu is-layout-flow wp-block-column-is-layout-flow\" style=\"flex-basis:15%\">\n<p>M\u00e9d.<br>Marrennes<\/p>\n<\/div>\n\n\n\n<div class=\"wp-block-column is-vertically-aligned-center prog-text is-layout-flow wp-block-column-is-layout-flow\" style=\"flex-basis:55%\">\n<p><strong><sub>Rencontres litt\u00e9raires<br><\/sub><a href=\"https:\/\/visionsdafrique.fr\/2023\/intervenant\/akli-tadjer\/\" data-type=\"intervenants\" data-id=\"4953\">Akli Tadjer<\/a><\/strong> &#8211; Public<\/p>\n<\/div>\n<\/div>\n\n\n\n<div class=\"wp-block-columns are-vertically-aligned-center gap-0 row align-items-center is-layout-flex wp-container-core-columns-is-layout-9d6595d7 wp-block-columns-is-layout-flex\">\n<div class=\"wp-block-column is-vertically-aligned-center is-layout-flow wp-block-column-is-layout-flow\" style=\"flex-basis:15%\">\n<figure class=\"wp-block-image size-thumbnail is-resized is-style-rounded mb-0\"><img loading=\"lazy\" decoding=\"async\" src=\"https:\/\/visionsdafrique.fr\/2023\/wp-content\/uploads\/sites\/8\/2023\/09\/akli-tadjer-01-150x150.jpg\" alt=\"\" class=\"wp-image-4954\" style=\"width:60px;height:60px\" width=\"60\" height=\"60\"\/><\/figure>\n<\/div>\n\n\n\n<div class=\"wp-block-column is-vertically-aligned-center prog-date is-layout-flow wp-block-column-is-layout-flow\" style=\"flex-basis:15%\">\n<p>21 h<\/p>\n<\/div>\n\n\n\n<div class=\"wp-block-column is-vertically-aligned-center prog-lieu is-layout-flow wp-block-column-is-layout-flow\" style=\"flex-basis:15%\">\n<p>Estran<\/p>\n<\/div>\n\n\n\n<div class=\"wp-block-column is-vertically-aligned-center prog-text is-layout-flow wp-block-column-is-layout-flow\" style=\"flex-basis:55%\">\n<p><strong><sub>Rencontres litt\u00e9raires<br><\/sub><a href=\"https:\/\/visionsdafrique.fr\/2023\/intervenant\/akli-tadjer\/\" data-type=\"intervenants\" data-id=\"4953\">Akli Tadjer<\/a><\/strong> &#8211; S\u00e9ance cin\u00e9 \u00e0 l\u2019Estran<br>avec <a href=\"https:\/\/visionsdafrique.fr\/2023\/intervenant\/bernard-magnier\/\" data-type=\"intervenants\" data-id=\"1091\">B. Magnier<\/a> et <a href=\"https:\/\/visionsdafrique.fr\/2023\/intervenant\/catherine-ruelle\/\" data-type=\"intervenants\" data-id=\"934\">C. Ruelle<\/a><\/p>\n<\/div>\n<\/div>\n\n\n\n<h4 class=\"wp-block-heading\">Vendredi 20<\/h4>\n\n\n\n<div class=\"wp-block-columns are-vertically-aligned-center gap-0 row align-items-center is-layout-flex wp-container-core-columns-is-layout-9d6595d7 wp-block-columns-is-layout-flex\">\n<div class=\"wp-block-column is-vertically-aligned-center is-layout-flow wp-block-column-is-layout-flow\" style=\"flex-basis:15%\">\n<figure class=\"wp-block-image size-thumbnail is-resized is-style-rounded mb-0\"><img loading=\"lazy\" decoding=\"async\" src=\"https:\/\/visionsdafrique.fr\/2023\/wp-content\/uploads\/sites\/8\/2023\/09\/souleymane-mbodj-150x150.jpg\" alt=\"\" class=\"wp-image-4956\" style=\"width:60px;height:60px\" width=\"60\" height=\"60\"\/><\/figure>\n<\/div>\n\n\n\n<div class=\"wp-block-column is-vertically-aligned-center prog-date is-layout-flow wp-block-column-is-layout-flow\" style=\"flex-basis:15%\">\n<p>9 h 30<\/p>\n<\/div>\n\n\n\n<div class=\"wp-block-column is-vertically-aligned-center prog-lieu is-layout-flow wp-block-column-is-layout-flow\" style=\"flex-basis:15%\">\n<p>M\u00e9d.<br>Marennes<\/p>\n<\/div>\n\n\n\n<div class=\"wp-block-column is-vertically-aligned-center prog-text is-layout-flow wp-block-column-is-layout-flow\" style=\"flex-basis:55%\">\n<p><strong><sub>Rencontres litt\u00e9raires<br><\/sub><a href=\"https:\/\/visionsdafrique.fr\/2023\/intervenant\/souleymane-mbodj\/\" data-type=\"intervenants\" data-id=\"4955\">Souleymane Mbodj<\/a><\/strong> &#8211; Scolaires coll\u00e8ge<\/p>\n<\/div>\n<\/div>\n\n\n\n<div class=\"wp-block-columns are-vertically-aligned-center gap-0 row align-items-center is-layout-flex wp-container-core-columns-is-layout-9d6595d7 wp-block-columns-is-layout-flex\">\n<div class=\"wp-block-column is-vertically-aligned-center is-layout-flow wp-block-column-is-layout-flow\" style=\"flex-basis:15%\">\n<figure class=\"wp-block-image size-thumbnail is-resized is-style-rounded mb-0\"><img loading=\"lazy\" decoding=\"async\" src=\"https:\/\/visionsdafrique.fr\/2023\/wp-content\/uploads\/sites\/8\/2023\/09\/akli-tadjer-01-150x150.jpg\" alt=\"\" class=\"wp-image-4954\" style=\"width:60px;height:60px\" width=\"60\" height=\"60\"\/><\/figure>\n<\/div>\n\n\n\n<div class=\"wp-block-column is-vertically-aligned-center prog-date is-layout-flow wp-block-column-is-layout-flow\" style=\"flex-basis:15%\">\n<p>10 h<\/p>\n<\/div>\n\n\n\n<div class=\"wp-block-column is-vertically-aligned-center prog-lieu is-layout-flow wp-block-column-is-layout-flow\" style=\"flex-basis:15%\">\n<p>M\u00e9d.<br>St-Georges<\/p>\n<\/div>\n\n\n\n<div class=\"wp-block-column is-vertically-aligned-center prog-text is-layout-flow wp-block-column-is-layout-flow\" style=\"flex-basis:55%\">\n<p><strong><sub>Rencontres litt\u00e9raires<br><\/sub><a href=\"https:\/\/visionsdafrique.fr\/2023\/intervenant\/akli-tadjer\/\" data-type=\"intervenants\" data-id=\"4953\">Akli Tadjer<\/a><\/strong> &#8211; Public<\/p>\n<\/div>\n<\/div>\n\n\n\n<div class=\"wp-block-columns are-vertically-aligned-center gap-0 row align-items-center is-layout-flex wp-container-core-columns-is-layout-9d6595d7 wp-block-columns-is-layout-flex\">\n<div class=\"wp-block-column is-vertically-aligned-center is-layout-flow wp-block-column-is-layout-flow\" style=\"flex-basis:15%\">\n<figure class=\"wp-block-image size-thumbnail is-resized is-style-rounded mb-0\"><img loading=\"lazy\" decoding=\"async\" src=\"https:\/\/visionsdafrique.fr\/2023\/wp-content\/uploads\/sites\/8\/2023\/09\/souleymane-mbodj-150x150.jpg\" alt=\"\" class=\"wp-image-4956\" style=\"width:60px;height:60px\" width=\"60\" height=\"60\"\/><\/figure>\n<\/div>\n\n\n\n<div class=\"wp-block-column is-vertically-aligned-center prog-date is-layout-flow wp-block-column-is-layout-flow\" style=\"flex-basis:15%\">\n<p>14 h<\/p>\n<\/div>\n\n\n\n<div class=\"wp-block-column is-vertically-aligned-center prog-lieu is-layout-flow wp-block-column-is-layout-flow\" style=\"flex-basis:15%\">\n<p>M\u00e9d.<br>St-Georges<\/p>\n<\/div>\n\n\n\n<div class=\"wp-block-column is-vertically-aligned-center prog-text is-layout-flow wp-block-column-is-layout-flow\" style=\"flex-basis:55%\">\n<p><strong><sub>Rencontres litt\u00e9raires<br><\/sub><a href=\"https:\/\/visionsdafrique.fr\/2023\/intervenant\/souleymane-mbodj\/\" data-type=\"intervenants\" data-id=\"4955\">Souleymane Mbodj<\/a><\/strong> &#8211; Scolaires<\/p>\n<\/div>\n<\/div>\n\n\n\n<div class=\"wp-block-columns are-vertically-aligned-center gap-0 row align-items-center is-layout-flex wp-container-core-columns-is-layout-9d6595d7 wp-block-columns-is-layout-flex\">\n<div class=\"wp-block-column is-vertically-aligned-center is-layout-flow wp-block-column-is-layout-flow\" style=\"flex-basis:15%\">\n<figure class=\"wp-block-image size-thumbnail is-resized is-style-rounded mb-0\"><img loading=\"lazy\" decoding=\"async\" src=\"https:\/\/visionsdafrique.fr\/2023\/wp-content\/uploads\/sites\/8\/2023\/09\/akli-tadjer-01-150x150.jpg\" alt=\"\" class=\"wp-image-4954\" style=\"width:60px;height:60px\" width=\"60\" height=\"60\"\/><\/figure>\n<\/div>\n\n\n\n<div class=\"wp-block-column is-vertically-aligned-center prog-date is-layout-flow wp-block-column-is-layout-flow\" style=\"flex-basis:15%\">\n<p>14 h<\/p>\n<\/div>\n\n\n\n<div class=\"wp-block-column is-vertically-aligned-center prog-lieu is-layout-flow wp-block-column-is-layout-flow\" style=\"flex-basis:15%\">\n<p>Coll\u00e8ge<br>St-Pierre<\/p>\n<\/div>\n\n\n\n<div class=\"wp-block-column is-vertically-aligned-center prog-text is-layout-flow wp-block-column-is-layout-flow\" style=\"flex-basis:55%\">\n<p><strong><sub>Rencontres litt\u00e9raires<br><\/sub><a href=\"https:\/\/visionsdafrique.fr\/2023\/intervenant\/akli-tadjer\/\" data-type=\"intervenants\" data-id=\"4953\">Akli Tadjer<\/a><\/strong> &#8211; Scolaires coll\u00e8ge<\/p>\n<\/div>\n<\/div>\n\n\n\n<div class=\"wp-block-columns are-vertically-aligned-center gap-0 row align-items-center is-layout-flex wp-container-core-columns-is-layout-9d6595d7 wp-block-columns-is-layout-flex\">\n<div class=\"wp-block-column is-vertically-aligned-center is-layout-flow wp-block-column-is-layout-flow\" style=\"flex-basis:15%\">\n<figure class=\"wp-block-image size-thumbnail is-resized is-style-rounded mb-0\"><img loading=\"lazy\" decoding=\"async\" src=\"https:\/\/visionsdafrique.fr\/2023\/wp-content\/uploads\/sites\/8\/2023\/09\/akli-tadjer-01-150x150.jpg\" alt=\"\" class=\"wp-image-4954\" style=\"width:60px;height:60px\" width=\"60\" height=\"60\"\/><\/figure>\n<\/div>\n\n\n\n<div class=\"wp-block-column is-vertically-aligned-center prog-date is-layout-flow wp-block-column-is-layout-flow\" style=\"flex-basis:15%\">\n<p>18 h<\/p>\n<\/div>\n\n\n\n<div class=\"wp-block-column is-vertically-aligned-center prog-lieu is-layout-flow wp-block-column-is-layout-flow\" style=\"flex-basis:15%\">\n<p>M\u00e9d.<br>St-Pierre<\/p>\n<\/div>\n\n\n\n<div class=\"wp-block-column is-vertically-aligned-center prog-text is-layout-flow wp-block-column-is-layout-flow\" style=\"flex-basis:55%\">\n<p><strong><sub>Rencontres litt\u00e9raires<br><\/sub><a href=\"https:\/\/visionsdafrique.fr\/2023\/intervenant\/akli-tadjer\/\" data-type=\"intervenants\" data-id=\"4953\">Akli Tadjer<\/a><\/strong> &#8211; Public<\/p>\n<\/div>\n<\/div>\n\n\n\n<h4 class=\"wp-block-heading\">Samedi 21<\/h4>\n\n\n\n<div class=\"wp-block-columns are-vertically-aligned-center gap-0 row align-items-center is-layout-flex wp-container-core-columns-is-layout-9d6595d7 wp-block-columns-is-layout-flex\">\n<div class=\"wp-block-column is-vertically-aligned-center is-layout-flow wp-block-column-is-layout-flow\" style=\"flex-basis:15%\">\n<figure class=\"wp-block-image size-thumbnail is-resized is-style-rounded mb-0\"><img loading=\"lazy\" decoding=\"async\" src=\"https:\/\/visionsdafrique.fr\/2023\/wp-content\/uploads\/sites\/8\/2023\/09\/VISIONS-D-AFRIQUE_AFFICHE_2023-150x150.jpg\" alt=\"Visions d'Afrique - 1'e \u00e9dition 2023 - Du 18 au 24 octobre - LEs Rencontres Cin\u00e9matographiques du pays Marennes Ol\u00e9ron\" class=\"wp-image-4600\" style=\"width:60px;height:60px\" width=\"60\" height=\"60\"\/><\/figure>\n<\/div>\n\n\n\n<div class=\"wp-block-column is-vertically-aligned-center prog-date is-layout-flow wp-block-column-is-layout-flow\" style=\"flex-basis:15%\">\n<p>10 h<\/p>\n<\/div>\n\n\n\n<div class=\"wp-block-column is-vertically-aligned-center prog-lieu is-layout-flow wp-block-column-is-layout-flow\" style=\"flex-basis:15%\">\n<p>Eldorado<\/p>\n<\/div>\n\n\n\n<div class=\"wp-block-column is-vertically-aligned-center prog-text is-layout-flow wp-block-column-is-layout-flow\" style=\"flex-basis:55%\">\n<p><strong><sub>Rencontres litt\u00e9raires<br><\/sub><a href=\"https:\/\/visionsdafrique.fr\/2023\/intervenant\/souleymane-mbodj\/\" data-type=\"intervenants\" data-id=\"4955\">Souleymane Mbodj<\/a><\/strong> \/ <strong><a href=\"https:\/\/visionsdafrique.fr\/2023\/intervenant\/akli-tadjer\/\" data-type=\"intervenants\" data-id=\"4953\">Akli Tadjer<\/a><\/strong><br>Rencontre anim\u00e9e par <a href=\"https:\/\/visionsdafrique.fr\/2023\/intervenant\/bernard-magnier\/\" data-type=\"intervenants\" data-id=\"1091\">B. Magnier<\/a><\/p>\n<\/div>\n<\/div>\n\n\n\n<div class=\"wp-block-columns are-vertically-aligned-center gap-0 row align-items-center is-layout-flex wp-container-core-columns-is-layout-9d6595d7 wp-block-columns-is-layout-flex\">\n<div class=\"wp-block-column is-vertically-aligned-center is-layout-flow wp-block-column-is-layout-flow\" style=\"flex-basis:15%\">\n<figure class=\"wp-block-image size-thumbnail is-resized is-style-rounded mb-0\"><img loading=\"lazy\" decoding=\"async\" src=\"https:\/\/visionsdafrique.fr\/2023\/wp-content\/uploads\/sites\/8\/2023\/09\/VISIONS-D-AFRIQUE_AFFICHE_2023-150x150.jpg\" alt=\"Visions d'Afrique - 1'e \u00e9dition 2023 - Du 18 au 24 octobre - LEs Rencontres Cin\u00e9matographiques du pays Marennes Ol\u00e9ron\" class=\"wp-image-4600\" style=\"width:60px;height:60px\" width=\"60\" height=\"60\"\/><\/figure>\n<\/div>\n\n\n\n<div class=\"wp-block-column is-vertically-aligned-center prog-date is-layout-flow wp-block-column-is-layout-flow\" style=\"flex-basis:15%\">\n<p>12 h<\/p>\n<\/div>\n\n\n\n<div class=\"wp-block-column is-vertically-aligned-center prog-lieu is-layout-flow wp-block-column-is-layout-flow\" style=\"flex-basis:15%\">\n<p>Eldorado<\/p>\n<\/div>\n\n\n\n<div class=\"wp-block-column is-vertically-aligned-center prog-text is-layout-flow wp-block-column-is-layout-flow\" style=\"flex-basis:55%\">\n<p><strong><sub>Rencontres litt\u00e9raires<br><\/sub>Rencontre avec tous les invit\u00e9s<\/strong><\/p>\n<\/div>\n<\/div>\n\n\n\n<div style=\"height:50px\" aria-hidden=\"true\" class=\"wp-block-spacer\"><\/div>\n","protected":false},"excerpt":{"rendered":"<p>Les Rencontres litt\u00e9raires Visions d&rsquo;Afrique se tiendront du mercredi 18 au samedi 21 octobre. Dialogue entre un conteur venu du S\u00e9n\u00e9gal et un romancier d\u2019origine alg\u00e9rienne Un romancier alg\u00e9rien, un conteur s\u00e9n\u00e9galais.Une rencontre et la d\u00e9couverte de deux univers culturels, deux genres litt\u00e9raires, deux personnalit\u00e9s attachantes et talentueuses. L\u2019\u00e9crivain s\u00e9n\u00e9galais, conteur et musicien, Souleymane Mbodj,&nbsp;dira [&hellip;]<\/p>\n","protected":false},"author":1,"featured_media":5050,"parent":0,"menu_order":7,"comment_status":"closed","ping_status":"closed","template":"","meta":{"_acf_changed":false,"_uag_custom_page_level_css":"","footnotes":""},"class_list":["post-106","page","type-page","status-publish","has-post-thumbnail","hentry"],"acf":[],"uagb_featured_image_src":{"full":["https:\/\/visionsdafrique.fr\/2023\/wp-content\/uploads\/sites\/8\/2023\/09\/rencontres-litteraires-2023.jpg",1200,488,false],"thumbnail":["https:\/\/visionsdafrique.fr\/2023\/wp-content\/uploads\/sites\/8\/2023\/09\/rencontres-litteraires-2023-150x150.jpg",150,150,true],"medium":["https:\/\/visionsdafrique.fr\/2023\/wp-content\/uploads\/sites\/8\/2023\/09\/rencontres-litteraires-2023-300x122.jpg",300,122,true],"medium_large":["https:\/\/visionsdafrique.fr\/2023\/wp-content\/uploads\/sites\/8\/2023\/09\/rencontres-litteraires-2023-768x312.jpg",768,312,true],"large":["https:\/\/visionsdafrique.fr\/2023\/wp-content\/uploads\/sites\/8\/2023\/09\/rencontres-litteraires-2023-1024x416.jpg",1024,416,true],"1536x1536":["https:\/\/visionsdafrique.fr\/2023\/wp-content\/uploads\/sites\/8\/2023\/09\/rencontres-litteraires-2023.jpg",1200,488,false],"2048x2048":["https:\/\/visionsdafrique.fr\/2023\/wp-content\/uploads\/sites\/8\/2023\/09\/rencontres-litteraires-2023.jpg",1200,488,false]},"uagb_author_info":{"display_name":"Julien","author_link":"https:\/\/visionsdafrique.fr\/2023\/author\/hapi_admin\/"},"uagb_comment_info":0,"uagb_excerpt":"Les Rencontres litt\u00e9raires Visions d&rsquo;Afrique se tiendront du mercredi 18 au samedi 21 octobre. Dialogue entre un conteur venu du S\u00e9n\u00e9gal et un romancier d\u2019origine alg\u00e9rienne Un romancier alg\u00e9rien, un conteur s\u00e9n\u00e9galais.Une rencontre et la d\u00e9couverte de deux univers culturels, deux genres litt\u00e9raires, deux personnalit\u00e9s attachantes et talentueuses. L\u2019\u00e9crivain s\u00e9n\u00e9galais, conteur et musicien, Souleymane Mbodj,&nbsp;dira\u2026","_links":{"self":[{"href":"https:\/\/visionsdafrique.fr\/2023\/wp-json\/wp\/v2\/pages\/106","targetHints":{"allow":["GET"]}}],"collection":[{"href":"https:\/\/visionsdafrique.fr\/2023\/wp-json\/wp\/v2\/pages"}],"about":[{"href":"https:\/\/visionsdafrique.fr\/2023\/wp-json\/wp\/v2\/types\/page"}],"author":[{"embeddable":true,"href":"https:\/\/visionsdafrique.fr\/2023\/wp-json\/wp\/v2\/users\/1"}],"replies":[{"embeddable":true,"href":"https:\/\/visionsdafrique.fr\/2023\/wp-json\/wp\/v2\/comments?post=106"}],"version-history":[{"count":75,"href":"https:\/\/visionsdafrique.fr\/2023\/wp-json\/wp\/v2\/pages\/106\/revisions"}],"predecessor-version":[{"id":5186,"href":"https:\/\/visionsdafrique.fr\/2023\/wp-json\/wp\/v2\/pages\/106\/revisions\/5186"}],"wp:featuredmedia":[{"embeddable":true,"href":"https:\/\/visionsdafrique.fr\/2023\/wp-json\/wp\/v2\/media\/5050"}],"wp:attachment":[{"href":"https:\/\/visionsdafrique.fr\/2023\/wp-json\/wp\/v2\/media?parent=106"}],"curies":[{"name":"wp","href":"https:\/\/api.w.org\/{rel}","templated":true}]}}