{"id":102,"date":"2018-08-08T10:57:25","date_gmt":"2018-08-08T08:57:25","guid":{"rendered":"https:\/\/visionsdafrique.fr\/2023\/?page_id=102"},"modified":"2023-09-19T16:01:35","modified_gmt":"2023-09-19T14:01:35","slug":"jeune-public","status":"publish","type":"page","link":"https:\/\/visionsdafrique.fr\/2023\/jeune-public\/","title":{"rendered":"Jeune public \/ Scolaires"},"content":{"rendered":"\n<blockquote class=\"wp-block-quote is-layout-flow wp-block-quote-is-layout-flow\">\n<p><strong>Faire conna\u00eetre aux \u00e9l\u00e8ves un autre cin\u00e9ma, d\u2019autres visions du monde et d\u2019autres relations humaines, tel est l\u2019objectif des s\u00e9ances scolaires propos\u00e9es durant Visions d\u2019Afrique. <\/strong><\/p>\n<\/blockquote>\n\n\n\n<div style=\"height:30px\" aria-hidden=\"true\" class=\"wp-block-spacer\"><\/div>\n\n\n\n<h3 class=\"wp-block-heading\">1. La projection destin\u00e9e aux primaires<\/h3>\n\n\n\n<p><strong>Rabi <\/strong>de <a href=\"https:\/\/visionsdafrique.fr\/2023\/intervenant\/gaston-kabore\/\" data-type=\"intervenants\" data-id=\"1649\">Gaston Kabor\u00e9<\/a> sera propos\u00e9 aux \u00e9coles \u00e9l\u00e9mentaires<\/p>\n\n\n\n<div class=\"wp-block-media-text alignwide is-stacked-on-mobile is-image-fill has-white-background-color has-background\" style=\"grid-template-columns:40% auto\"><figure class=\"wp-block-media-text__media\" style=\"background-image:url(https:\/\/visionsdafrique.fr\/2023\/wp-content\/uploads\/sites\/8\/2023\/09\/rabi-3-768x1024.jpg);background-position:50% 50%\"><img loading=\"lazy\" decoding=\"async\" width=\"768\" height=\"1024\" src=\"https:\/\/visionsdafrique.fr\/2023\/wp-content\/uploads\/sites\/8\/2023\/09\/rabi-3-768x1024.jpg\" alt=\"\" class=\"wp-image-5012 size-full\" srcset=\"https:\/\/visionsdafrique.fr\/2023\/wp-content\/uploads\/sites\/8\/2023\/09\/rabi-3-768x1023.jpg 768w, https:\/\/visionsdafrique.fr\/2023\/wp-content\/uploads\/sites\/8\/2023\/09\/rabi-3-225x300.jpg 225w, https:\/\/visionsdafrique.fr\/2023\/wp-content\/uploads\/sites\/8\/2023\/09\/rabi-3.jpg 800w\" sizes=\"auto, (max-width: 768px) 100vw, 768px\" \/><\/figure><div class=\"wp-block-media-text__content\">\n<h3 class=\"wp-block-heading\">Rabi<\/h3>\n\n\n\n<p>de <a href=\"https:\/\/visionsdafrique.fr\/2023\/intervenant\/gaston-kabore\/\" data-type=\"intervenants\" data-id=\"1649\">Gaston Kabor\u00e9<\/a><br><strong>1992 \u2013 1 h 02 &#8211; Burkina Faso &#8211; VF<br><\/strong>avec <strong>Yacouba Kabor\u00e9, Tinfissi Yerbanga<\/strong><\/p>\n\n\n\n<p><strong>Synopsis<br><\/strong>Au Burkina Faso, Rabi, dix ans, vit avec sa famille dans un village en pleine brousse. Son p\u00e8re voudrait lui apprendre le m\u00e9tier de forgeron, tandis que sa m\u00e8re apprend \u00e0 sa soeur Laal\u00e9 le d\u00e9licat m\u00e9tier de poti\u00e8re. La vie de Rabi va \u00eatre transform\u00e9e quand son p\u00e8re lui demande de rendre de petits services \u00e0 Pugsa, vieux sage du village \u00e0 la sant\u00e9 fragile. Pugsa l\u2019initie au respect de la vie et l\u2019\u00e9veille \u00e0 celui de la nature<\/p>\n<\/div><\/div>\n\n\n\n<div style=\"height:60px\" aria-hidden=\"true\" class=\"wp-block-spacer\"><\/div>\n\n\n\n<h3 class=\"wp-block-heading\">2. La projection destin\u00e9e aux coll\u00e9giens<\/h3>\n\n\n\n<p>Les coll\u00e9giens du pays Marennes Ol\u00e9ron visionneront le film b\u00e9ninois <strong><a href=\"https:\/\/visionsdafrique.fr\/2023\/film\/le-pantheon-de-la-joie\/\" data-type=\"film\" data-id=\"4876\">Le Panth\u00e9on de la Joie<\/a><\/strong> en pr\u00e9sence de son r\u00e9alisateur <a href=\"https:\/\/visionsdafrique.fr\/2023\/intervenant\/jean-odoutan\/\" data-type=\"intervenants\" data-id=\"3864\">Jean Odoutan<\/a>.<\/p>\n\n\n\n<div class=\"wp-block-media-text alignwide is-stacked-on-mobile has-white-background-color has-background\" style=\"grid-template-columns:40% auto\"><figure class=\"wp-block-media-text__media\"><a href=\"https:\/\/visionsdafrique.fr\/2023\/film\/le-pantheon-de-la-joie\/\"><img loading=\"lazy\" decoding=\"async\" width=\"724\" height=\"1024\" src=\"https:\/\/visionsdafrique.fr\/2023\/wp-content\/uploads\/sites\/8\/2023\/09\/affiche-modifiee-pantheon-de-la-joie-scaled-2-724x1024.jpg\" alt=\"\" class=\"wp-image-4877 size-full\" srcset=\"https:\/\/visionsdafrique.fr\/2023\/wp-content\/uploads\/sites\/8\/2023\/09\/affiche-modifiee-pantheon-de-la-joie-scaled-2-724x1024.jpg 724w, https:\/\/visionsdafrique.fr\/2023\/wp-content\/uploads\/sites\/8\/2023\/09\/affiche-modifiee-pantheon-de-la-joie-scaled-2-212x300.jpg 212w, https:\/\/visionsdafrique.fr\/2023\/wp-content\/uploads\/sites\/8\/2023\/09\/affiche-modifiee-pantheon-de-la-joie-scaled-2-768x1086.jpg 768w, https:\/\/visionsdafrique.fr\/2023\/wp-content\/uploads\/sites\/8\/2023\/09\/affiche-modifiee-pantheon-de-la-joie-scaled-2-1086x1536.jpg 1086w, https:\/\/visionsdafrique.fr\/2023\/wp-content\/uploads\/sites\/8\/2023\/09\/affiche-modifiee-pantheon-de-la-joie-scaled-2.jpg 1358w\" sizes=\"auto, (max-width: 724px) 100vw, 724px\" \/><\/a><\/figure><div class=\"wp-block-media-text__content\">\n<h3 class=\"wp-block-heading\"><a href=\"https:\/\/visionsdafrique.fr\/2023\/film\/le-pantheon-de-la-joie\/\" data-type=\"film\" data-id=\"4876\">Le Panth\u00e9on de la Joie<\/a><\/h3>\n\n\n\n<p>de&nbsp;<a href=\"https:\/\/visionsdafrique.fr\/2023\/intervenant\/jean-odoutan\/\">Jean Odoutan<\/a><br>Fiction musicale<br><strong>2023 &#8211; 1 h 37 &#8211; B\u00e9nin<\/strong><br>Avec Jacob Gbetie Marcos, J\u00e9r\u00e9mie Ahouansou, Coffi Jean-Phlorique Anato, Carl Tchanou<\/p>\n<\/div><\/div>\n\n\n\n<div style=\"height:50px\" aria-hidden=\"true\" class=\"wp-block-spacer\"><\/div>\n\n\n\n<h3 class=\"wp-block-heading\">3. Pour les classes \u00ab\u00a0Cin\u00e9ma\u00a0\u00bb du lyc\u00e9e Merleau-Ponty de Rochefort<\/h3>\n\n\n\n<p>Enfin, la classe cin\u00e9ma du lyc\u00e9e Merleau-Ponty rencontrera le r\u00e9alisateur <strong><a href=\"https:\/\/visionsdafrique.fr\/2023\/intervenant\/moussa-sene-absa\/\" data-type=\"intervenants\" data-id=\"4637\">Moussa S\u00e8ne Absa<\/a><\/strong> apr\u00e8s avoir vu <strong><em>Teranga Blues<\/em><\/strong>. Elle se rendra \u00e0 l\u2019Eldorado pour rencontrer le cin\u00e9aste apr\u00e8s la projection de <strong><em><a href=\"https:\/\/visionsdafrique.fr\/2023\/film\/yoole-le-sacrifice\/\" data-type=\"film\" data-id=\"4888\">Yool\u00e9<\/a><\/em><\/strong>.<\/p>\n\n\n\n<div class=\"wp-block-media-text alignwide is-stacked-on-mobile\" style=\"grid-template-columns:40% auto\"><figure class=\"wp-block-media-text__media\"><a href=\"https:\/\/visionsdafrique.fr\/2023\/film\/yoole-le-sacrifice\/\"><img loading=\"lazy\" decoding=\"async\" width=\"280\" height=\"373\" src=\"https:\/\/visionsdafrique.fr\/2023\/wp-content\/uploads\/sites\/8\/2023\/09\/teranga-blues.webp\" alt=\"\" class=\"wp-image-5107 size-full\" srcset=\"https:\/\/visionsdafrique.fr\/2023\/wp-content\/uploads\/sites\/8\/2023\/09\/teranga-blues.webp 280w, https:\/\/visionsdafrique.fr\/2023\/wp-content\/uploads\/sites\/8\/2023\/09\/teranga-blues-225x300.webp 225w\" sizes=\"auto, (max-width: 280px) 100vw, 280px\" \/><\/a><\/figure><div class=\"wp-block-media-text__content\">\n<h3 class=\"wp-block-heading\">Teranga Blues<\/h3>\n\n\n\n<p>de <a href=\"https:\/\/visionsdafrique.fr\/2023\/intervenant\/moussa-sene-absa\/\" data-type=\"intervenants\" data-id=\"4637\"><strong>Moussa S\u00e8ne Absa<\/strong><\/a><br>Fiction<br><strong>2006 &#8211; 1 h 28 &#8211; S\u00e9n\u00e9gal<\/strong><\/p>\n\n\n\n<p><strong>Synopsis<\/strong><br>Un jeune migrant s\u00e9n\u00e9galais est expuls\u00e9 de Paris vers Dakar menottes aux mains. R\u00e9volt\u00e9, en col\u00e8re, il int\u00e8gre un r\u00e9seau de trafiquants alors qu\u2019il ne r\u00eave que de musique.<\/p>\n<\/div><\/div>\n\n\n\n<div style=\"height:30px\" aria-hidden=\"true\" class=\"wp-block-spacer\"><\/div>\n","protected":false},"excerpt":{"rendered":"<p>Faire conna\u00eetre aux \u00e9l\u00e8ves un autre cin\u00e9ma, d\u2019autres visions du monde et d\u2019autres relations humaines, tel est l\u2019objectif des s\u00e9ances scolaires propos\u00e9es durant Visions d\u2019Afrique. 1. La projection destin\u00e9e aux primaires Rabi de Gaston Kabor\u00e9 sera propos\u00e9 aux \u00e9coles \u00e9l\u00e9mentaires Rabi de Gaston Kabor\u00e91992 \u2013 1 h 02 &#8211; Burkina Faso &#8211; VFavec Yacouba Kabor\u00e9, [&hellip;]<\/p>\n","protected":false},"author":1,"featured_media":4877,"parent":0,"menu_order":6,"comment_status":"closed","ping_status":"closed","template":"","meta":{"_acf_changed":false,"_uag_custom_page_level_css":"","footnotes":""},"class_list":["post-102","page","type-page","status-publish","has-post-thumbnail","hentry"],"acf":[],"uagb_featured_image_src":{"full":["https:\/\/visionsdafrique.fr\/2023\/wp-content\/uploads\/sites\/8\/2023\/09\/affiche-modifiee-pantheon-de-la-joie-scaled-2.jpg",1358,1920,false],"thumbnail":["https:\/\/visionsdafrique.fr\/2023\/wp-content\/uploads\/sites\/8\/2023\/09\/affiche-modifiee-pantheon-de-la-joie-scaled-2-150x150.jpg",150,150,true],"medium":["https:\/\/visionsdafrique.fr\/2023\/wp-content\/uploads\/sites\/8\/2023\/09\/affiche-modifiee-pantheon-de-la-joie-scaled-2-212x300.jpg",212,300,true],"medium_large":["https:\/\/visionsdafrique.fr\/2023\/wp-content\/uploads\/sites\/8\/2023\/09\/affiche-modifiee-pantheon-de-la-joie-scaled-2-768x1086.jpg",768,1086,true],"large":["https:\/\/visionsdafrique.fr\/2023\/wp-content\/uploads\/sites\/8\/2023\/09\/affiche-modifiee-pantheon-de-la-joie-scaled-2-724x1024.jpg",724,1024,true],"1536x1536":["https:\/\/visionsdafrique.fr\/2023\/wp-content\/uploads\/sites\/8\/2023\/09\/affiche-modifiee-pantheon-de-la-joie-scaled-2-1086x1536.jpg",1086,1536,true],"2048x2048":["https:\/\/visionsdafrique.fr\/2023\/wp-content\/uploads\/sites\/8\/2023\/09\/affiche-modifiee-pantheon-de-la-joie-scaled-2.jpg",1358,1920,false]},"uagb_author_info":{"display_name":"Julien","author_link":"https:\/\/visionsdafrique.fr\/2023\/author\/hapi_admin\/"},"uagb_comment_info":0,"uagb_excerpt":"Faire conna\u00eetre aux \u00e9l\u00e8ves un autre cin\u00e9ma, d\u2019autres visions du monde et d\u2019autres relations humaines, tel est l\u2019objectif des s\u00e9ances scolaires propos\u00e9es durant Visions d\u2019Afrique. 1. La projection destin\u00e9e aux primaires Rabi de Gaston Kabor\u00e9 sera propos\u00e9 aux \u00e9coles \u00e9l\u00e9mentaires Rabi de Gaston Kabor\u00e91992 \u2013 1 h 02 &#8211; Burkina Faso &#8211; VFavec Yacouba Kabor\u00e9,\u2026","_links":{"self":[{"href":"https:\/\/visionsdafrique.fr\/2023\/wp-json\/wp\/v2\/pages\/102","targetHints":{"allow":["GET"]}}],"collection":[{"href":"https:\/\/visionsdafrique.fr\/2023\/wp-json\/wp\/v2\/pages"}],"about":[{"href":"https:\/\/visionsdafrique.fr\/2023\/wp-json\/wp\/v2\/types\/page"}],"author":[{"embeddable":true,"href":"https:\/\/visionsdafrique.fr\/2023\/wp-json\/wp\/v2\/users\/1"}],"replies":[{"embeddable":true,"href":"https:\/\/visionsdafrique.fr\/2023\/wp-json\/wp\/v2\/comments?post=102"}],"version-history":[{"count":58,"href":"https:\/\/visionsdafrique.fr\/2023\/wp-json\/wp\/v2\/pages\/102\/revisions"}],"predecessor-version":[{"id":5161,"href":"https:\/\/visionsdafrique.fr\/2023\/wp-json\/wp\/v2\/pages\/102\/revisions\/5161"}],"wp:featuredmedia":[{"embeddable":true,"href":"https:\/\/visionsdafrique.fr\/2023\/wp-json\/wp\/v2\/media\/4877"}],"wp:attachment":[{"href":"https:\/\/visionsdafrique.fr\/2023\/wp-json\/wp\/v2\/media?parent=102"}],"curies":[{"name":"wp","href":"https:\/\/api.w.org\/{rel}","templated":true}]}}