{"id":100,"date":"2018-08-08T10:57:03","date_gmt":"2018-08-08T08:57:03","guid":{"rendered":"https:\/\/visionsdafrique.fr\/2023\/?page_id=100"},"modified":"2023-09-20T09:02:51","modified_gmt":"2023-09-20T07:02:51","slug":"films-de-lannee","status":"publish","type":"page","link":"https:\/\/visionsdafrique.fr\/2023\/films-de-lannee\/","title":{"rendered":"Films de l&rsquo;ann\u00e9e"},"content":{"rendered":"\n<blockquote class=\"wp-block-quote is-layout-flow wp-block-quote-is-layout-flow\">\n<p><strong>22 films, dont 2 courts-m\u00e9trages, venus de 13 pays<\/strong><\/p>\n<\/blockquote>\n\n\n\n<div style=\"height:30px\" aria-hidden=\"true\" class=\"wp-block-spacer\"><\/div>\n\n\n\n<h2 class=\"wp-block-heading icon-title\">Les films des invit\u00e9s<\/h2>\n\n\n\n<div class=\"wp-block-columns is-layout-flex wp-container-core-columns-is-layout-9d6595d7 wp-block-columns-is-layout-flex\">\n<div class=\"wp-block-column is-layout-flow wp-block-column-is-layout-flow\">\n<div class=\"wp-block-media-text alignwide is-vertically-aligned-center\" style=\"grid-template-columns:15% auto\"><figure class=\"wp-block-media-text__media\"><img loading=\"lazy\" decoding=\"async\" width=\"500\" height=\"500\" src=\"https:\/\/visionsdafrique.fr\/2023\/wp-content\/uploads\/sites\/8\/2023\/09\/seneabsamouss-\u00a9-Gerhard-Kassner-Berlinale.png\" alt=\"\" class=\"wp-image-4700 size-full\" srcset=\"https:\/\/visionsdafrique.fr\/2023\/wp-content\/uploads\/sites\/8\/2023\/09\/seneabsamouss-\u00a9-Gerhard-Kassner-Berlinale.png 500w, https:\/\/visionsdafrique.fr\/2023\/wp-content\/uploads\/sites\/8\/2023\/09\/seneabsamouss-\u00a9-Gerhard-Kassner-Berlinale-300x300.png 300w, https:\/\/visionsdafrique.fr\/2023\/wp-content\/uploads\/sites\/8\/2023\/09\/seneabsamouss-\u00a9-Gerhard-Kassner-Berlinale-150x150.png 150w, https:\/\/visionsdafrique.fr\/2023\/wp-content\/uploads\/sites\/8\/2023\/09\/seneabsamouss-\u00a9-Gerhard-Kassner-Berlinale-24x24.png 24w, https:\/\/visionsdafrique.fr\/2023\/wp-content\/uploads\/sites\/8\/2023\/09\/seneabsamouss-\u00a9-Gerhard-Kassner-Berlinale-36x36.png 36w, https:\/\/visionsdafrique.fr\/2023\/wp-content\/uploads\/sites\/8\/2023\/09\/seneabsamouss-\u00a9-Gerhard-Kassner-Berlinale-48x48.png 48w\" sizes=\"auto, (max-width: 500px) 100vw, 500px\" \/><\/figure><div class=\"wp-block-media-text__content\">\n<h3 class=\"wp-block-heading\"><a href=\"https:\/\/visionsdafrique.fr\/2023\/intervenant\/moussa-sene-absa\/\" data-type=\"intervenants\" data-id=\"4637\">Moussa S\u00e8ne Absa<\/a><\/h3>\n<\/div><\/div>\n<\/div>\n\n\n\n<div class=\"wp-block-column is-layout-flow wp-block-column-is-layout-flow\"><\/div>\n\n\n\n<div class=\"wp-block-column is-vertically-aligned-top is-layout-flow wp-block-column-is-layout-flow\"><\/div>\n<\/div>\n\n\n\n<div class=\"wp-block-columns is-layout-flex wp-container-core-columns-is-layout-9d6595d7 wp-block-columns-is-layout-flex\">\n<div class=\"wp-block-column is-layout-flow wp-block-column-is-layout-flow\">\n<div class=\"wp-block-group film-card\"><div class=\"wp-block-group__inner-container is-layout-flow wp-block-group-is-layout-flow\"><div class=\"wp-block-image\">\n<figure class=\"aligncenter size-large is-resized\"><a href=\"https:\/\/visionsdafrique.fr\/2023\/film\/tableau-ferraille\/\"><img loading=\"lazy\" decoding=\"async\" src=\"https:\/\/visionsdafrique.fr\/2023\/wp-content\/uploads\/sites\/8\/2023\/09\/tableau-ferraille-741x1024.jpg\" alt=\"\" class=\"wp-image-4894\" style=\"object-fit:cover;width:250px;height:360px\" width=\"250\" height=\"360\"\/><\/a><\/figure>\n<\/div>\n\n\n<p class=\"has-text-align-center\"><strong><a href=\"https:\/\/visionsdafrique.fr\/2023\/film\/tableau-ferraille\/\" data-type=\"film\" data-id=\"4893\">Tableau Ferraille<br><\/a><\/strong>1996 \u2013 1 h 40 \u2013 S\u00e9n\u00e9gal<\/p>\n<\/div><\/div>\n<\/div>\n\n\n\n<div class=\"wp-block-column is-vertically-aligned-top is-layout-flow wp-block-column-is-layout-flow\">\n<div class=\"wp-block-group film-card\"><div class=\"wp-block-group__inner-container is-layout-flow wp-block-group-is-layout-flow\"><div class=\"wp-block-image\">\n<figure class=\"aligncenter size-full is-resized\"><a href=\"https:\/\/visionsdafrique.fr\/2023\/film\/yoole-le-sacrifice\/\"><img loading=\"lazy\" decoding=\"async\" src=\"https:\/\/visionsdafrique.fr\/2023\/wp-content\/uploads\/sites\/8\/2023\/09\/Yoole_Film_102022.jpg\" alt=\"\" class=\"wp-image-4892\" style=\"object-fit:cover;width:250px;height:360px\" width=\"250\" height=\"360\"\/><\/a><\/figure>\n<\/div>\n\n\n<p class=\"has-text-align-center\"><a href=\"https:\/\/visionsdafrique.fr\/2023\/film\/yoole-le-sacrifice\/\" data-type=\"film\" data-id=\"4888\"><strong>Yool\u00e9 &#8211; Le Sacrifice<br><\/strong><\/a>2010 \u2013 1 h 15 \u2013 S\u00e9n\u00e9gal<\/p>\n<\/div><\/div>\n<\/div>\n\n\n\n<div class=\"wp-block-column is-layout-flow wp-block-column-is-layout-flow\">\n<div class=\"wp-block-group film-card\"><div class=\"wp-block-group__inner-container is-layout-flow wp-block-group-is-layout-flow\"><div class=\"wp-block-image\">\n<figure class=\"aligncenter size-large is-resized\"><a href=\"https:\/\/visionsdafrique.fr\/2023\/film\/xale-les-blessures-de-lenfance\/\"><img loading=\"lazy\" decoding=\"async\" src=\"https:\/\/visionsdafrique.fr\/2023\/wp-content\/uploads\/sites\/8\/2023\/09\/Affiche_Xale_FR_BFI-768x1024.jpg\" alt=\"\" class=\"wp-image-4887\" style=\"object-fit:cover;width:250px;height:360px\" width=\"250\" height=\"360\"\/><\/a><\/figure>\n<\/div>\n\n\n<p class=\"has-text-align-center\"><strong><a href=\"https:\/\/visionsdafrique.fr\/2023\/film\/nome\/\" data-type=\"film\" data-id=\"4853\">Xal\u00e9, les blessures de l&rsquo;enfance<\/a><a href=\"https:\/\/visionsdafrique.fr\/2023\/film\/xale-les-blessures-de-lenfance\/\" data-type=\"film\" data-id=\"4881\"><br><\/a><\/strong>2022 \u2013 1 h 41 \u2013 S\u00e9n\u00e9gal<\/p>\n\n\n\n<p class=\"has-text-align-center badge badge-avant-premiere\">Avant-premi\u00e8re<\/p>\n<\/div><\/div>\n<\/div>\n<\/div>\n\n\n\n<div class=\"wp-block-columns is-layout-flex wp-container-core-columns-is-layout-9d6595d7 wp-block-columns-is-layout-flex\">\n<div class=\"wp-block-column is-layout-flow wp-block-column-is-layout-flow\">\n<div class=\"wp-block-media-text alignwide is-vertically-aligned-center\" style=\"grid-template-columns:15% auto\"><figure class=\"wp-block-media-text__media\"><img loading=\"lazy\" decoding=\"async\" width=\"500\" height=\"500\" src=\"https:\/\/visionsdafrique.fr\/2023\/wp-content\/uploads\/sites\/8\/2023\/09\/Jean-Odoutan-Realisateur-Auteur-Acteur-2015-1-1.png\" alt=\"\" class=\"wp-image-4699 size-full\" srcset=\"https:\/\/visionsdafrique.fr\/2023\/wp-content\/uploads\/sites\/8\/2023\/09\/Jean-Odoutan-Realisateur-Auteur-Acteur-2015-1-1.png 500w, https:\/\/visionsdafrique.fr\/2023\/wp-content\/uploads\/sites\/8\/2023\/09\/Jean-Odoutan-Realisateur-Auteur-Acteur-2015-1-1-300x300.png 300w, https:\/\/visionsdafrique.fr\/2023\/wp-content\/uploads\/sites\/8\/2023\/09\/Jean-Odoutan-Realisateur-Auteur-Acteur-2015-1-1-150x150.png 150w, https:\/\/visionsdafrique.fr\/2023\/wp-content\/uploads\/sites\/8\/2023\/09\/Jean-Odoutan-Realisateur-Auteur-Acteur-2015-1-1-24x24.png 24w, https:\/\/visionsdafrique.fr\/2023\/wp-content\/uploads\/sites\/8\/2023\/09\/Jean-Odoutan-Realisateur-Auteur-Acteur-2015-1-1-36x36.png 36w, https:\/\/visionsdafrique.fr\/2023\/wp-content\/uploads\/sites\/8\/2023\/09\/Jean-Odoutan-Realisateur-Auteur-Acteur-2015-1-1-48x48.png 48w\" sizes=\"auto, (max-width: 500px) 100vw, 500px\" \/><\/figure><div class=\"wp-block-media-text__content\">\n<h3 class=\"wp-block-heading\"><a href=\"https:\/\/visionsdafrique.fr\/2023\/intervenant\/jean-odoutan\/\" data-type=\"intervenants\" data-id=\"3864\">Jean<\/a><br><a href=\"https:\/\/visionsdafrique.fr\/2023\/intervenant\/jean-odoutan\/\" data-type=\"intervenants\" data-id=\"3864\">Odoutan<\/a><\/h3>\n<\/div><\/div>\n\n\n\n<div class=\"wp-block-group film-card\"><div class=\"wp-block-group__inner-container is-layout-flow wp-block-group-is-layout-flow\"><div class=\"wp-block-image\">\n<figure class=\"aligncenter size-large is-resized\"><a href=\"https:\/\/visionsdafrique.fr\/2023\/film\/le-pantheon-de-la-joie\/\"><img loading=\"lazy\" decoding=\"async\" src=\"https:\/\/visionsdafrique.fr\/2023\/wp-content\/uploads\/sites\/8\/2023\/09\/affiche-modifiee-pantheon-de-la-joie-scaled-2-724x1024.jpg\" alt=\"\" class=\"wp-image-4877\" style=\"object-fit:cover;width:250px;height:360px\" width=\"250\" height=\"360\"\/><\/a><\/figure>\n<\/div>\n\n\n<p class=\"has-text-align-center\"><strong><a href=\"https:\/\/visionsdafrique.fr\/2023\/film\/le-pantheon-de-la-joie\/\" data-type=\"film\" data-id=\"4876\">Le Panth\u00e9on de la Joie<br><\/a><\/strong>2023 &#8211; 1 h 37 &#8211; B\u00e9nin<\/p>\n<\/div><\/div>\n<\/div>\n\n\n\n<div class=\"wp-block-column is-layout-flow wp-block-column-is-layout-flow\">\n<div class=\"wp-block-media-text alignwide is-vertically-aligned-center\" style=\"grid-template-columns:15% auto\"><figure class=\"wp-block-media-text__media\"><img loading=\"lazy\" decoding=\"async\" width=\"500\" height=\"500\" src=\"https:\/\/visionsdafrique.fr\/2023\/wp-content\/uploads\/sites\/8\/2023\/09\/Sana_Na_Nhada_2023-1.png\" alt=\"\" class=\"wp-image-4698 size-full\" srcset=\"https:\/\/visionsdafrique.fr\/2023\/wp-content\/uploads\/sites\/8\/2023\/09\/Sana_Na_Nhada_2023-1.png 500w, https:\/\/visionsdafrique.fr\/2023\/wp-content\/uploads\/sites\/8\/2023\/09\/Sana_Na_Nhada_2023-1-300x300.png 300w, https:\/\/visionsdafrique.fr\/2023\/wp-content\/uploads\/sites\/8\/2023\/09\/Sana_Na_Nhada_2023-1-150x150.png 150w, https:\/\/visionsdafrique.fr\/2023\/wp-content\/uploads\/sites\/8\/2023\/09\/Sana_Na_Nhada_2023-1-24x24.png 24w, https:\/\/visionsdafrique.fr\/2023\/wp-content\/uploads\/sites\/8\/2023\/09\/Sana_Na_Nhada_2023-1-36x36.png 36w, https:\/\/visionsdafrique.fr\/2023\/wp-content\/uploads\/sites\/8\/2023\/09\/Sana_Na_Nhada_2023-1-48x48.png 48w\" sizes=\"auto, (max-width: 500px) 100vw, 500px\" \/><\/figure><div class=\"wp-block-media-text__content\">\n<h3 class=\"wp-block-heading\"><a href=\"https:\/\/visionsdafrique.fr\/2023\/intervenant\/sana-na-nhada\/\" data-type=\"intervenants\" data-id=\"4851\">Sana Na<\/a><br><a href=\"https:\/\/visionsdafrique.fr\/2023\/intervenant\/sana-na-nhada\/\" data-type=\"intervenants\" data-id=\"4851\">N&rsquo;Hada<\/a><\/h3>\n<\/div><\/div>\n\n\n\n<div class=\"wp-block-group film-card\"><div class=\"wp-block-group__inner-container is-layout-flow wp-block-group-is-layout-flow\"><div class=\"wp-block-image\">\n<figure class=\"aligncenter size-large is-resized\"><a href=\"https:\/\/visionsdafrique.fr\/2023\/film\/nome\/\"><img loading=\"lazy\" decoding=\"async\" src=\"https:\/\/visionsdafrique.fr\/2023\/wp-content\/uploads\/sites\/8\/2023\/09\/afficheA2_nome_V5-Site_TD-1-724x1024.jpg\" alt=\"\" class=\"wp-image-4854\" style=\"object-fit:cover;width:250px;height:360px\" width=\"250\" height=\"360\"\/><\/a><\/figure>\n<\/div>\n\n\n<p class=\"has-text-align-center\"><strong><a href=\"https:\/\/visionsdafrique.fr\/2023\/film\/nome\/\" data-type=\"film\" data-id=\"4853\">Nome<\/a><a href=\"https:\/\/visionsdafrique.fr\/2023\/film\/moolaade\/\" data-type=\"film\" data-id=\"4863\"><br><\/a><\/strong>2023 \u2013 1 h 52 \u2013 Guin\u00e9e-Bissau<\/p>\n\n\n\n<p class=\"has-text-align-center badge badge-avant-premiere\">Avant-premi\u00e8re<\/p>\n<\/div><\/div>\n<\/div>\n\n\n\n<div class=\"wp-block-column is-vertically-aligned-top is-layout-flow wp-block-column-is-layout-flow\">\n<div class=\"wp-block-media-text alignwide is-vertically-aligned-center\" style=\"grid-template-columns:15% auto\"><figure class=\"wp-block-media-text__media\"><img loading=\"lazy\" decoding=\"async\" width=\"500\" height=\"500\" src=\"https:\/\/visionsdafrique.fr\/2023\/wp-content\/uploads\/sites\/8\/2023\/09\/Sembene-Senegal-A-01-01\u00a9Desjeux_2-1.png\" alt=\"\" class=\"wp-image-4697 size-full\" srcset=\"https:\/\/visionsdafrique.fr\/2023\/wp-content\/uploads\/sites\/8\/2023\/09\/Sembene-Senegal-A-01-01\u00a9Desjeux_2-1.png 500w, https:\/\/visionsdafrique.fr\/2023\/wp-content\/uploads\/sites\/8\/2023\/09\/Sembene-Senegal-A-01-01\u00a9Desjeux_2-1-300x300.png 300w, https:\/\/visionsdafrique.fr\/2023\/wp-content\/uploads\/sites\/8\/2023\/09\/Sembene-Senegal-A-01-01\u00a9Desjeux_2-1-150x150.png 150w, https:\/\/visionsdafrique.fr\/2023\/wp-content\/uploads\/sites\/8\/2023\/09\/Sembene-Senegal-A-01-01\u00a9Desjeux_2-1-24x24.png 24w, https:\/\/visionsdafrique.fr\/2023\/wp-content\/uploads\/sites\/8\/2023\/09\/Sembene-Senegal-A-01-01\u00a9Desjeux_2-1-36x36.png 36w, https:\/\/visionsdafrique.fr\/2023\/wp-content\/uploads\/sites\/8\/2023\/09\/Sembene-Senegal-A-01-01\u00a9Desjeux_2-1-48x48.png 48w\" sizes=\"auto, (max-width: 500px) 100vw, 500px\" \/><\/figure><div class=\"wp-block-media-text__content\">\n<h3 class=\"wp-block-heading\"><a href=\"https:\/\/visionsdafrique.fr\/2023\/intervenant\/sembene-ousmane\/\" data-type=\"intervenants\" data-id=\"4843\">Semb\u00e8ne<\/a><br><a href=\"https:\/\/visionsdafrique.fr\/2023\/intervenant\/sembene-ousmane\/\" data-type=\"intervenants\" data-id=\"4843\">Ousmane<\/a><\/h3>\n<\/div><\/div>\n\n\n\n<div class=\"wp-block-group film-card\"><div class=\"wp-block-group__inner-container is-layout-flow wp-block-group-is-layout-flow\"><div class=\"wp-block-image\">\n<figure class=\"aligncenter size-full is-resized\"><a href=\"https:\/\/visionsdafrique.fr\/2023\/film\/moolaade\/\"><img loading=\"lazy\" decoding=\"async\" src=\"https:\/\/visionsdafrique.fr\/2023\/wp-content\/uploads\/sites\/8\/2023\/09\/mooladae.jpg\" alt=\"\" class=\"wp-image-4840\" style=\"object-fit:cover;width:250px;height:360px\" width=\"250\" height=\"360\"\/><\/a><\/figure>\n<\/div>\n\n\n<p class=\"has-text-align-center\"><strong><a href=\"https:\/\/visionsdafrique.fr\/2023\/film\/moolaade\/\" data-type=\"film\" data-id=\"4863\">Moolaad\u00e9<br><\/a><\/strong>2004 \u2013 1 h 57 \u2013 S\u00e9n\u00e9gal<\/p>\n<\/div><\/div>\n<\/div>\n<\/div>\n\n\n\n<div style=\"height:30px\" aria-hidden=\"true\" class=\"wp-block-spacer\"><\/div>\n\n\n\n<h2 class=\"wp-block-heading icon-title\">Les autres films pr\u00e9sent\u00e9s<\/h2>\n\n\n\n<div class=\"wp-block-columns is-layout-flex wp-container-core-columns-is-layout-9d6595d7 wp-block-columns-is-layout-flex\">\n<div class=\"wp-block-column is-layout-flow wp-block-column-is-layout-flow\">\n<div style=\"height:20px\" aria-hidden=\"true\" class=\"wp-block-spacer\"><\/div>\n\n\n\n<div class=\"wp-block-group film-card\"><div class=\"wp-block-group__inner-container is-layout-flow wp-block-group-is-layout-flow\"><div class=\"wp-block-image\">\n<figure class=\"aligncenter size-full is-resized\"><a href=\"https:\/\/visionsdafrique.fr\/2023\/film\/astel\/\"><img loading=\"lazy\" decoding=\"async\" src=\"https:\/\/visionsdafrique.fr\/2023\/wp-content\/uploads\/sites\/8\/2023\/09\/astel.jpg\" alt=\"\" class=\"wp-image-4675\" style=\"object-fit:cover;width:250px;height:360px\" width=\"250\" height=\"360\"\/><\/a><\/figure>\n<\/div>\n\n\n<p class=\"has-text-align-center\"><strong><a href=\"https:\/\/visionsdafrique.fr\/2023\/film\/astel\/\" data-type=\"film\" data-id=\"4674\">Astel<\/a><\/strong><br>2021 &#8211; 0 h 24 &#8211; S\u00e9n\u00e9gal<br>de <a href=\"https:\/\/visionsdafrique.fr\/2023\/intervenant\/ramata-toulaye-sy\/\" data-type=\"intervenants\" data-id=\"4649\">Ramata-Toulaye Sy<\/a><\/p>\n\n\n\n<p class=\"has-text-align-center badge badge-court-metrage\">Court-m\u00e9trage<\/p>\n<\/div><\/div>\n<\/div>\n\n\n\n<div class=\"wp-block-column is-layout-flow wp-block-column-is-layout-flow\">\n<div style=\"height:20px\" aria-hidden=\"true\" class=\"wp-block-spacer\"><\/div>\n\n\n\n<div class=\"wp-block-group film-card\"><div class=\"wp-block-group__inner-container is-layout-flow wp-block-group-is-layout-flow\"><div class=\"wp-block-image\">\n<figure class=\"aligncenter size-large is-resized\"><a href=\"https:\/\/visionsdafrique.fr\/2023\/film\/augure\/\"><img loading=\"lazy\" decoding=\"async\" src=\"https:\/\/visionsdafrique.fr\/2023\/wp-content\/uploads\/sites\/8\/2023\/09\/augure-768x1024.jpg\" alt=\"\" class=\"wp-image-4634\" style=\"object-fit:cover;width:250px;height:360px\" width=\"250\" height=\"360\"\/><\/a><\/figure>\n<\/div>\n\n\n<p class=\"has-text-align-center\"><strong><a href=\"https:\/\/visionsdafrique.fr\/2023\/film\/augure\/\" data-type=\"film\" data-id=\"4633\">Augure<\/a><\/strong><a href=\"https:\/\/visionsdafrique.fr\/2023\/film\/aya\/\" data-type=\"film\" data-id=\"4078\"><br><\/a>2023 \u2013 1 h 30 \u2013 RDC<br>de<em><a href=\"https:\/\/visionsdafrique.fr\/2023\/intervenant\/simon-coulibaly-gillard\/\" data-type=\"intervenants\" data-id=\"3946\"> <\/a><\/em><a href=\"https:\/\/visionsdafrique.fr\/2023\/intervenant\/simon-coulibaly-gillard\/\" data-type=\"intervenants\" data-id=\"3946\">Baloji<\/a><\/p>\n\n\n\n<p class=\"has-text-align-center badge badge-avant-premiere\">Avant-premi\u00e8re<\/p>\n<\/div><\/div>\n<\/div>\n\n\n\n<div class=\"wp-block-column is-layout-flow wp-block-column-is-layout-flow\">\n<div style=\"height:20px\" aria-hidden=\"true\" class=\"wp-block-spacer\"><\/div>\n\n\n\n<div class=\"wp-block-group film-card\"><div class=\"wp-block-group__inner-container is-layout-flow wp-block-group-is-layout-flow\"><div class=\"wp-block-image\">\n<figure class=\"aligncenter size-large is-resized\"><a href=\"https:\/\/visionsdafrique.fr\/2023\/film\/banel-et-adama\/\"><img loading=\"lazy\" decoding=\"async\" src=\"https:\/\/visionsdafrique.fr\/2023\/wp-content\/uploads\/sites\/8\/2023\/09\/BANEL-ADAMA_AFFICHE1-770x1024.jpg\" alt=\"\" class=\"wp-image-4653\" style=\"object-fit:cover;width:250px;height:360px\" width=\"250\" height=\"360\"\/><\/a><\/figure>\n<\/div>\n\n\n<p class=\"has-text-align-center\"><strong><a href=\"https:\/\/visionsdafrique.fr\/2023\/film\/banel-et-adama\/\" data-type=\"film\" data-id=\"4652\">Banel &amp; Adama<br><\/a><\/strong>2023 \u2013 1 h 27 \u2013 S\u00e9n\u00e9gal<br>de <a href=\"https:\/\/visionsdafrique.fr\/2023\/intervenant\/ramata-toulaye-sy\/\" data-type=\"intervenants\" data-id=\"4649\">Ramata-Toulaye Sy<\/a><\/p>\n<\/div><\/div>\n<\/div>\n<\/div>\n\n\n\n<div class=\"wp-block-columns is-layout-flex wp-container-core-columns-is-layout-9d6595d7 wp-block-columns-is-layout-flex\">\n<div class=\"wp-block-column is-layout-flow wp-block-column-is-layout-flow\">\n<div style=\"height:20px\" aria-hidden=\"true\" class=\"wp-block-spacer\"><\/div>\n\n\n\n<div class=\"wp-block-group film-card\"><div class=\"wp-block-group__inner-container is-layout-flow wp-block-group-is-layout-flow\"><div class=\"wp-block-image\">\n<figure class=\"aligncenter size-full is-resized\"><a href=\"https:\/\/visionsdafrique.fr\/2023\/film\/deserts\/\"><img loading=\"lazy\" decoding=\"async\" src=\"https:\/\/visionsdafrique.fr\/2023\/wp-content\/uploads\/sites\/8\/2023\/09\/desert.webp\" alt=\"\" class=\"wp-image-4659\" style=\"object-fit:cover;width:250px;height:360px\" width=\"250\" height=\"360\"\/><\/a><\/figure>\n<\/div>\n\n\n<p class=\"has-text-align-center\"><strong><a href=\"https:\/\/visionsdafrique.fr\/2023\/film\/deserts\/\" data-type=\"film\" data-id=\"4658\">D\u00e9serts<br><\/a><\/strong>2021 &#8211; 0 h 24 &#8211; S\u00e9n\u00e9gal<br>de <a href=\"https:\/\/visionsdafrique.fr\/2023\/intervenant\/faouzi-bensaidi\/\" data-type=\"intervenants\" data-id=\"3861\">Faouzi Bensa\u00efdi<\/a><\/p>\n<\/div><\/div>\n<\/div>\n\n\n\n<div class=\"wp-block-column is-layout-flow wp-block-column-is-layout-flow\">\n<div style=\"height:20px\" aria-hidden=\"true\" class=\"wp-block-spacer\"><\/div>\n\n\n\n<div class=\"wp-block-group film-card\"><div class=\"wp-block-group__inner-container is-layout-flow wp-block-group-is-layout-flow\"><div class=\"wp-block-image\">\n<figure class=\"aligncenter size-large is-resized\"><a href=\"https:\/\/visionsdafrique.fr\/2023\/film\/goodbye-julia\/\"><img loading=\"lazy\" decoding=\"async\" src=\"https:\/\/visionsdafrique.fr\/2023\/wp-content\/uploads\/sites\/8\/2023\/09\/afficheGoodbye-Julia_120x160_HD-e1694520842261-751x1024.jpg\" alt=\"\" class=\"wp-image-4728\" style=\"object-fit:cover;width:250px;height:360px\" width=\"250\" height=\"360\"\/><\/a><\/figure>\n<\/div>\n\n\n<p class=\"has-text-align-center\"><strong><a href=\"https:\/\/visionsdafrique.fr\/2023\/film\/goodbye-julia\/\" data-type=\"film\" data-id=\"4725\">Goodbye Julia<br><\/a><\/strong>2023 \u2013 2 h \u2013 Soudan<br>de <a href=\"https:\/\/visionsdafrique.fr\/2023\/intervenant\/mohamed-kordofani\/\" data-type=\"intervenants\" data-id=\"4714\">Mohamed Kordofani<\/a><\/p>\n\n\n\n<p class=\"has-text-align-center badge badge-avant-premiere\">Avant-premi\u00e8re<\/p>\n<\/div><\/div>\n<\/div>\n\n\n\n<div class=\"wp-block-column is-layout-flow wp-block-column-is-layout-flow\">\n<div style=\"height:20px\" aria-hidden=\"true\" class=\"wp-block-spacer\"><\/div>\n\n\n\n<div class=\"wp-block-group film-card\"><div class=\"wp-block-group__inner-container is-layout-flow wp-block-group-is-layout-flow\"><div class=\"wp-block-image\">\n<figure class=\"aligncenter size-full is-resized\"><a href=\"https:\/\/visionsdafrique.fr\/2023\/film\/harka\/\"><img loading=\"lazy\" decoding=\"async\" src=\"https:\/\/visionsdafrique.fr\/2023\/wp-content\/uploads\/sites\/8\/2023\/09\/harka-120x160-web-633aefef98ee8.jpg\" alt=\"\" class=\"wp-image-4740\" style=\"object-fit:cover;width:250px;height:360px\" width=\"250\" height=\"360\"\/><\/a><\/figure>\n<\/div>\n\n\n<p class=\"has-text-align-center\"><strong><a href=\"https:\/\/visionsdafrique.fr\/2023\/film\/augure\/\" data-type=\"film\" data-id=\"4633\">Harka<\/a><\/strong><a href=\"https:\/\/visionsdafrique.fr\/2023\/film\/harka\/\" data-type=\"film\" data-id=\"4633\"><br><\/a>2022 \u2013 1 h 22 \u2013 Tunisie<br>de <a href=\"https:\/\/visionsdafrique.fr\/2023\/intervenant\/lotfy-nathan\/\" data-type=\"intervenants\" data-id=\"4732\">Lotfy Nathan<\/a><\/p>\n<\/div><\/div>\n<\/div>\n<\/div>\n\n\n\n<div class=\"wp-block-columns is-layout-flex wp-container-core-columns-is-layout-9d6595d7 wp-block-columns-is-layout-flex\">\n<div class=\"wp-block-column is-layout-flow wp-block-column-is-layout-flow\">\n<div style=\"height:20px\" aria-hidden=\"true\" class=\"wp-block-spacer\"><\/div>\n\n\n\n<div class=\"wp-block-group film-card\"><div class=\"wp-block-group__inner-container is-layout-flow wp-block-group-is-layout-flow\"><div class=\"wp-block-image\">\n<figure class=\"aligncenter size-large is-resized\"><a href=\"https:\/\/visionsdafrique.fr\/2023\/film\/la-derniere-reine\/\"><img loading=\"lazy\" decoding=\"async\" src=\"https:\/\/visionsdafrique.fr\/2023\/wp-content\/uploads\/sites\/8\/2023\/09\/derniere-reine_affiche-731x1024.jpg\" alt=\"\" class=\"wp-image-4933\" style=\"object-fit:cover;width:250px;height:360px\" width=\"250\" height=\"360\"\/><\/a><\/figure>\n<\/div>\n\n\n<p class=\"has-text-align-center\"><strong><a href=\"https:\/\/visionsdafrique.fr\/2023\/film\/la-derniere-reine\/\" data-type=\"film\" data-id=\"4725\">La Derni\u00e8re Reine<br><\/a><\/strong>2022 \u2013 1 h 50 \u2013 Alg\u00e9rie<br>de <a href=\"https:\/\/visionsdafrique.fr\/2023\/intervenant\/adila-bendimerad\/\" data-type=\"intervenants\" data-id=\"4741\">Adila Bendimerad <\/a>et <a href=\"https:\/\/visionsdafrique.fr\/2023\/intervenant\/damien-ounouri\/\" data-type=\"intervenants\" data-id=\"4742\">Damien Ounouri<\/a><\/p>\n<\/div><\/div>\n<\/div>\n\n\n\n<div class=\"wp-block-column is-layout-flow wp-block-column-is-layout-flow\">\n<div style=\"height:20px\" aria-hidden=\"true\" class=\"wp-block-spacer\"><\/div>\n\n\n\n<div class=\"wp-block-group film-card\"><div class=\"wp-block-group__inner-container is-layout-flow wp-block-group-is-layout-flow\"><div class=\"wp-block-image\">\n<figure class=\"aligncenter size-large is-resized\"><a href=\"https:\/\/visionsdafrique.fr\/2023\/film\/les-filles-dolfa\/\"><img loading=\"lazy\" decoding=\"async\" src=\"https:\/\/visionsdafrique.fr\/2023\/wp-content\/uploads\/sites\/8\/2023\/09\/Affiche-LES-FILLES-DOLFA-752x1024.jpg\" alt=\"\" class=\"wp-image-4762\" style=\"object-fit:cover;width:250px;height:360px\" width=\"250\" height=\"360\"\/><\/a><\/figure>\n<\/div>\n\n\n<p class=\"has-text-align-center\"><strong><a href=\"https:\/\/visionsdafrique.fr\/2023\/film\/les-filles-dolfa\/\" data-type=\"film\" data-id=\"4756\">Les Filles d&rsquo;Olfa<br><\/a><\/strong>2023 \u20131 h 50 \u2013 Tunisie<br>de <a href=\"https:\/\/visionsdafrique.fr\/2023\/intervenant\/kaouther-ben-hania\/\" data-type=\"intervenants\" data-id=\"4743\">Kaouther Ben Hania<\/a><\/p>\n<\/div><\/div>\n<\/div>\n\n\n\n<div class=\"wp-block-column is-layout-flow wp-block-column-is-layout-flow\">\n<div style=\"height:20px\" aria-hidden=\"true\" class=\"wp-block-spacer\"><\/div>\n\n\n\n<div class=\"wp-block-group film-card\"><div class=\"wp-block-group__inner-container is-layout-flow wp-block-group-is-layout-flow\"><div class=\"wp-block-image\">\n<figure class=\"aligncenter size-large is-resized\"><a href=\"https:\/\/visionsdafrique.fr\/2023\/film\/les-meutes\/\"><img loading=\"lazy\" decoding=\"async\" src=\"https:\/\/visionsdafrique.fr\/2023\/wp-content\/uploads\/sites\/8\/2023\/09\/LES-MEUTES_120_HD-754x1024.jpg\" alt=\"\" class=\"wp-image-4765\" style=\"object-fit:cover;width:250px;height:360px\" width=\"250\" height=\"360\"\/><\/a><\/figure>\n<\/div>\n\n\n<p class=\"has-text-align-center\"><a href=\"https:\/\/visionsdafrique.fr\/2023\/film\/les-meutes\/\" data-type=\"film\" data-id=\"4764\"><strong>Les Meutes<\/strong><br><\/a>2023 \u2013 1 h 34 \u2013 Maroc<br>de <a href=\"https:\/\/visionsdafrique.fr\/2023\/intervenant\/kamal-lazraq\/\" data-type=\"intervenants\" data-id=\"4763\">Kamal Lazraq<\/a><\/p>\n<\/div><\/div>\n<\/div>\n<\/div>\n\n\n\n<div class=\"wp-block-columns is-layout-flex wp-container-core-columns-is-layout-9d6595d7 wp-block-columns-is-layout-flex\">\n<div class=\"wp-block-column is-layout-flow wp-block-column-is-layout-flow\">\n<div style=\"height:20px\" aria-hidden=\"true\" class=\"wp-block-spacer\"><\/div>\n\n\n\n<div class=\"wp-block-group film-card\"><div class=\"wp-block-group__inner-container is-layout-flow wp-block-group-is-layout-flow\"><div class=\"wp-block-image\">\n<figure class=\"aligncenter size-full is-resized\"><a href=\"https:\/\/visionsdafrique.fr\/2023\/film\/mambar-pierrette\/\"><img loading=\"lazy\" decoding=\"async\" src=\"https:\/\/visionsdafrique.fr\/2023\/wp-content\/uploads\/sites\/8\/2023\/09\/mambar_pierrette.jpg\" alt=\"\" class=\"wp-image-5175\" style=\"object-fit:cover;width:250px;height:360px\" width=\"250\" height=\"360\"\/><\/a><\/figure>\n<\/div>\n\n\n<p class=\"has-text-align-center\"><strong><a href=\"https:\/\/visionsdafrique.fr\/2023\/film\/mambar-pierrette\/\" data-type=\"film\" data-id=\"4769\">Mambar Pierrette<br><\/a><\/strong>2023 \u2013 1 h 33 \u2013 Cameroun<br>de <a href=\"https:\/\/visionsdafrique.fr\/2023\/intervenant\/rosine-mbakam\/\" data-type=\"intervenants\" data-id=\"4768\">Rosine Mbakam<\/a><\/p>\n\n\n\n<p class=\"has-text-align-center badge badge-avant-premiere\">Avant-premi\u00e8re<\/p>\n<\/div><\/div>\n<\/div>\n\n\n\n<div class=\"wp-block-column is-layout-flow wp-block-column-is-layout-flow\">\n<div style=\"height:20px\" aria-hidden=\"true\" class=\"wp-block-spacer\"><\/div>\n\n\n\n<div class=\"wp-block-group film-card\"><div class=\"wp-block-group__inner-container is-layout-flow wp-block-group-is-layout-flow\"><div class=\"wp-block-image\">\n<figure class=\"aligncenter size-large is-resized\"><a href=\"https:\/\/visionsdafrique.fr\/2023\/film\/neptune-frost\/\"><img loading=\"lazy\" decoding=\"async\" src=\"https:\/\/visionsdafrique.fr\/2023\/wp-content\/uploads\/sites\/8\/2023\/09\/1757181-758x1024.webp\" alt=\"\" class=\"wp-image-4780\" style=\"object-fit:cover;width:250px;height:360px\" width=\"250\" height=\"360\"\/><\/a><\/figure>\n<\/div>\n\n\n<p class=\"has-text-align-center\"><a href=\"https:\/\/visionsdafrique.fr\/2023\/film\/neptune-frost\/\" data-type=\"film\" data-id=\"4779\"><strong>Neptune Frost<\/strong><br><\/a>2023 -1 h 45 &#8211; Rwanda<br>de <a href=\"https:\/\/visionsdafrique.fr\/2023\/intervenant\/saul-williams\/\" data-type=\"intervenants\" data-id=\"4777\">Saul Williams<\/a> et <a href=\"https:\/\/visionsdafrique.fr\/2023\/intervenant\/anisia-uzeyman\/\" data-type=\"intervenants\" data-id=\"4778\">Anisia Uzeyman<\/a><\/p>\n<\/div><\/div>\n<\/div>\n\n\n\n<div class=\"wp-block-column is-layout-flow wp-block-column-is-layout-flow\">\n<div style=\"height:20px\" aria-hidden=\"true\" class=\"wp-block-spacer\"><\/div>\n\n\n\n<div class=\"wp-block-group film-card\"><div class=\"wp-block-group__inner-container is-layout-flow wp-block-group-is-layout-flow\"><div class=\"wp-block-image\">\n<figure class=\"aligncenter size-large is-resized\"><a href=\"https:\/\/visionsdafrique.fr\/2023\/film\/shimoni\/\"><img decoding=\"async\" src=\"https:\/\/visionsdafrique.fr\/2023\/wp-content\/uploads\/sites\/8\/2023\/09\/Shimoni-Poste-719x1024.jpg\" alt=\"\" class=\"wp-image-4794\" style=\"height:360px\" height=\"360\" srcset=\"https:\/\/visionsdafrique.fr\/2023\/wp-content\/uploads\/sites\/8\/2023\/09\/Shimoni-Poste-719x1024.jpg 719w, https:\/\/visionsdafrique.fr\/2023\/wp-content\/uploads\/sites\/8\/2023\/09\/Shimoni-Poste-211x300.jpg 211w, https:\/\/visionsdafrique.fr\/2023\/wp-content\/uploads\/sites\/8\/2023\/09\/Shimoni-Poste-768x1093.jpg 768w, https:\/\/visionsdafrique.fr\/2023\/wp-content\/uploads\/sites\/8\/2023\/09\/Shimoni-Poste-1079x1536.jpg 1079w, https:\/\/visionsdafrique.fr\/2023\/wp-content\/uploads\/sites\/8\/2023\/09\/Shimoni-Poste-17x24.jpg 17w, https:\/\/visionsdafrique.fr\/2023\/wp-content\/uploads\/sites\/8\/2023\/09\/Shimoni-Poste-25x36.jpg 25w, https:\/\/visionsdafrique.fr\/2023\/wp-content\/uploads\/sites\/8\/2023\/09\/Shimoni-Poste-34x48.jpg 34w, https:\/\/visionsdafrique.fr\/2023\/wp-content\/uploads\/sites\/8\/2023\/09\/Shimoni-Poste.jpg 1200w\" sizes=\"(max-width: 719px) 100vw, 719px\" \/><\/a><\/figure>\n<\/div>\n\n\n<p class=\"has-text-align-center\"><a href=\"https:\/\/visionsdafrique.fr\/2023\/film\/shimoni\/\" data-type=\"film\" data-id=\"4793\"><strong>Shimoni<\/strong><br><\/a>2023 \u2013 1 h 30 \u2013 Kenya<br>de <a href=\"https:\/\/visionsdafrique.fr\/2023\/intervenant\/angela-wanjiku-wamai\/\" data-type=\"intervenants\" data-id=\"4792\">Angela Wanjiku Wamai<\/a><\/p>\n\n\n\n<p class=\"has-text-align-center badge badge-avant-premiere\">Avant-premi\u00e8re<\/p>\n<\/div><\/div>\n<\/div>\n<\/div>\n\n\n\n<div class=\"wp-block-columns is-layout-flex wp-container-core-columns-is-layout-9d6595d7 wp-block-columns-is-layout-flex\">\n<div class=\"wp-block-column is-layout-flow wp-block-column-is-layout-flow\">\n<div style=\"height:20px\" aria-hidden=\"true\" class=\"wp-block-spacer\"><\/div>\n\n\n\n<div class=\"wp-block-group film-card\"><div class=\"wp-block-group__inner-container is-layout-flow wp-block-group-is-layout-flow\"><div class=\"wp-block-image\">\n<figure class=\"aligncenter size-large is-resized\"><a href=\"https:\/\/visionsdafrique.fr\/2023\/film\/sira\/\"><img decoding=\"async\" src=\"https:\/\/visionsdafrique.fr\/2023\/wp-content\/uploads\/sites\/8\/2023\/09\/SIRA-AFFICHE-berlin-fespaco-717x1024.jpg\" alt=\"\" class=\"wp-image-4799\" style=\"height:360px\" height=\"360\" srcset=\"https:\/\/visionsdafrique.fr\/2023\/wp-content\/uploads\/sites\/8\/2023\/09\/SIRA-AFFICHE-berlin-fespaco-717x1024.jpg 717w, https:\/\/visionsdafrique.fr\/2023\/wp-content\/uploads\/sites\/8\/2023\/09\/SIRA-AFFICHE-berlin-fespaco-210x300.jpg 210w, https:\/\/visionsdafrique.fr\/2023\/wp-content\/uploads\/sites\/8\/2023\/09\/SIRA-AFFICHE-berlin-fespaco-768x1097.jpg 768w, https:\/\/visionsdafrique.fr\/2023\/wp-content\/uploads\/sites\/8\/2023\/09\/SIRA-AFFICHE-berlin-fespaco-1075x1536.jpg 1075w, https:\/\/visionsdafrique.fr\/2023\/wp-content\/uploads\/sites\/8\/2023\/09\/SIRA-AFFICHE-berlin-fespaco-17x24.jpg 17w, https:\/\/visionsdafrique.fr\/2023\/wp-content\/uploads\/sites\/8\/2023\/09\/SIRA-AFFICHE-berlin-fespaco-25x36.jpg 25w, https:\/\/visionsdafrique.fr\/2023\/wp-content\/uploads\/sites\/8\/2023\/09\/SIRA-AFFICHE-berlin-fespaco-34x48.jpg 34w, https:\/\/visionsdafrique.fr\/2023\/wp-content\/uploads\/sites\/8\/2023\/09\/SIRA-AFFICHE-berlin-fespaco.jpg 1200w\" sizes=\"(max-width: 717px) 100vw, 717px\" \/><\/a><\/figure>\n<\/div>\n\n\n<p class=\"has-text-align-center\"><strong><a href=\"https:\/\/visionsdafrique.fr\/2023\/film\/sira\/\" data-type=\"film\" data-id=\"4797\">Sira<\/a><\/strong><br>2022 \u2013 2 h 02 \u2013 Burkina Faso<br>de <a href=\"https:\/\/visionsdafrique.fr\/2023\/intervenant\/apolline-traore\/\" data-type=\"intervenants\" data-id=\"4798\">Apolline Traor\u00e9<\/a><\/p>\n\n\n\n<p class=\"has-text-align-center badge badge-avant-premiere\">Avant-premi\u00e8re<\/p>\n<\/div><\/div>\n<\/div>\n\n\n\n<div class=\"wp-block-column is-layout-flow wp-block-column-is-layout-flow\">\n<div style=\"height:20px\" aria-hidden=\"true\" class=\"wp-block-spacer\"><\/div>\n\n\n\n<div class=\"wp-block-group film-card\"><div class=\"wp-block-group__inner-container is-layout-flow wp-block-group-is-layout-flow\"><div class=\"wp-block-image\">\n<figure class=\"aligncenter size-large is-resized\"><a href=\"https:\/\/visionsdafrique.fr\/2023\/film\/sous-les-figues\/\"><img decoding=\"async\" src=\"https:\/\/visionsdafrique.fr\/2023\/wp-content\/uploads\/sites\/8\/2023\/09\/sous-les-figues-768x1024.jpg\" alt=\"\" class=\"wp-image-4917\" style=\"height:360px\" height=\"360\" srcset=\"https:\/\/visionsdafrique.fr\/2023\/wp-content\/uploads\/sites\/8\/2023\/09\/sous-les-figues-768x1024.jpg 768w, https:\/\/visionsdafrique.fr\/2023\/wp-content\/uploads\/sites\/8\/2023\/09\/sous-les-figues-225x300.jpg 225w, https:\/\/visionsdafrique.fr\/2023\/wp-content\/uploads\/sites\/8\/2023\/09\/sous-les-figues.jpg 900w\" sizes=\"(max-width: 768px) 100vw, 768px\" \/><\/a><\/figure>\n<\/div>\n\n\n<p class=\"has-text-align-center\"><strong><a href=\"https:\/\/visionsdafrique.fr\/2023\/sous-les-figues\/\" data-type=\"film\" data-id=\"4893\">Sous les Figues<br><\/a><\/strong>2022 \u2013 1 h 32 \u2013 Tunisie<br>de <a href=\"https:\/\/visionsdafrique.fr\/2023\/intervenant\/erige-sehiri\/\" data-type=\"intervenants\" data-id=\"4915\">Erige Sehiri<\/a><\/p>\n<\/div><\/div>\n<\/div>\n\n\n\n<div class=\"wp-block-column is-layout-flow wp-block-column-is-layout-flow\">\n<div style=\"height:20px\" aria-hidden=\"true\" class=\"wp-block-spacer\"><\/div>\n\n\n\n<div class=\"wp-block-group film-card\"><div class=\"wp-block-group__inner-container is-layout-flow wp-block-group-is-layout-flow\">\n<div class=\"wp-block-group film-card\"><div class=\"wp-block-group__inner-container is-layout-flow wp-block-group-is-layout-flow\"><div class=\"wp-block-image\">\n<figure class=\"aligncenter size-full is-resized\"><a href=\"https:\/\/visionsdafrique.fr\/2023\/film\/lenvoyee-de-dieu\/\"><img decoding=\"async\" src=\"https:\/\/visionsdafrique.fr\/2023\/wp-content\/uploads\/sites\/8\/2023\/09\/1675270311-5296ac4a8b36328b06c00e7086015c07.900x.jpg\" alt=\"\" class=\"wp-image-4716\" style=\"height:360px\" height=\"360\" srcset=\"https:\/\/visionsdafrique.fr\/2023\/wp-content\/uploads\/sites\/8\/2023\/09\/1675270311-5296ac4a8b36328b06c00e7086015c07.900x.jpg 683w, https:\/\/visionsdafrique.fr\/2023\/wp-content\/uploads\/sites\/8\/2023\/09\/1675270311-5296ac4a8b36328b06c00e7086015c07.900x-215x300.jpg 215w, https:\/\/visionsdafrique.fr\/2023\/wp-content\/uploads\/sites\/8\/2023\/09\/1675270311-5296ac4a8b36328b06c00e7086015c07.900x-17x24.jpg 17w, https:\/\/visionsdafrique.fr\/2023\/wp-content\/uploads\/sites\/8\/2023\/09\/1675270311-5296ac4a8b36328b06c00e7086015c07.900x-26x36.jpg 26w, https:\/\/visionsdafrique.fr\/2023\/wp-content\/uploads\/sites\/8\/2023\/09\/1675270311-5296ac4a8b36328b06c00e7086015c07.900x-34x48.jpg 34w\" sizes=\"(max-width: 683px) 100vw, 683px\" \/><\/a><\/figure>\n<\/div>\n\n\n<p class=\"has-text-align-center\"><strong><a href=\"https:\/\/visionsdafrique.fr\/2023\/sous-les-figues\/\" data-type=\"film\" data-id=\"4893\">L&rsquo;Envoy\u00e9e de Dieu<\/a><\/strong><br>2022 \u2013 0 h 23 \u2013 Niger<br>de&nbsp;<a href=\"https:\/\/visionsdafrique.fr\/2023\/intervenant\/amina-abdoulaye-mamani\/\">Amina Abdoulaye Mamani<\/a><\/p>\n\n\n\n<p class=\"has-text-align-center badge badge-court-metrage\">Court-m\u00e9trage<\/p>\n<\/div><\/div>\n<\/div><\/div>\n<\/div>\n<\/div>\n","protected":false},"excerpt":{"rendered":"<p>22 films, dont 2 courts-m\u00e9trages, venus de 13 pays Les films des invit\u00e9s Moussa S\u00e8ne Absa Tableau Ferraille1996 \u2013 1 h 40 \u2013 S\u00e9n\u00e9gal Yool\u00e9 &#8211; Le Sacrifice2010 \u2013 1 h 15 \u2013 S\u00e9n\u00e9gal Xal\u00e9, les blessures de l&rsquo;enfance2022 \u2013 1 h 41 \u2013 S\u00e9n\u00e9gal Avant-premi\u00e8re JeanOdoutan Le Panth\u00e9on de la Joie2023 &#8211; 1 h [&hellip;]<\/p>\n","protected":false},"author":1,"featured_media":4570,"parent":0,"menu_order":3,"comment_status":"closed","ping_status":"closed","template":"template-pagefilms.php","meta":{"_acf_changed":false,"_uag_custom_page_level_css":"","footnotes":""},"class_list":["post-100","page","type-page","status-publish","has-post-thumbnail","hentry"],"acf":[],"uagb_featured_image_src":{"full":["https:\/\/visionsdafrique.fr\/2023\/wp-content\/uploads\/sites\/8\/2023\/09\/viions-d-afrique_2023_14e-edition_18-24-oct-2023_visuel_fullpage.jpg",1980,1200,false],"thumbnail":["https:\/\/visionsdafrique.fr\/2023\/wp-content\/uploads\/sites\/8\/2023\/09\/viions-d-afrique_2023_14e-edition_18-24-oct-2023_visuel_fullpage-150x150.jpg",150,150,true],"medium":["https:\/\/visionsdafrique.fr\/2023\/wp-content\/uploads\/sites\/8\/2023\/09\/viions-d-afrique_2023_14e-edition_18-24-oct-2023_visuel_fullpage-300x182.jpg",300,182,true],"medium_large":["https:\/\/visionsdafrique.fr\/2023\/wp-content\/uploads\/sites\/8\/2023\/09\/viions-d-afrique_2023_14e-edition_18-24-oct-2023_visuel_fullpage-768x465.jpg",768,465,true],"large":["https:\/\/visionsdafrique.fr\/2023\/wp-content\/uploads\/sites\/8\/2023\/09\/viions-d-afrique_2023_14e-edition_18-24-oct-2023_visuel_fullpage-1024x621.jpg",1024,621,true],"1536x1536":["https:\/\/visionsdafrique.fr\/2023\/wp-content\/uploads\/sites\/8\/2023\/09\/viions-d-afrique_2023_14e-edition_18-24-oct-2023_visuel_fullpage-1536x931.jpg",1536,931,true],"2048x2048":["https:\/\/visionsdafrique.fr\/2023\/wp-content\/uploads\/sites\/8\/2023\/09\/viions-d-afrique_2023_14e-edition_18-24-oct-2023_visuel_fullpage.jpg",1980,1200,false]},"uagb_author_info":{"display_name":"Julien","author_link":"https:\/\/visionsdafrique.fr\/2023\/author\/hapi_admin\/"},"uagb_comment_info":0,"uagb_excerpt":"22 films, dont 2 courts-m\u00e9trages, venus de 13 pays Les films des invit\u00e9s Moussa S\u00e8ne Absa Tableau Ferraille1996 \u2013 1 h 40 \u2013 S\u00e9n\u00e9gal Yool\u00e9 &#8211; Le Sacrifice2010 \u2013 1 h 15 \u2013 S\u00e9n\u00e9gal Xal\u00e9, les blessures de l&rsquo;enfance2022 \u2013 1 h 41 \u2013 S\u00e9n\u00e9gal Avant-premi\u00e8re JeanOdoutan Le Panth\u00e9on de la Joie2023 &#8211; 1 h\u2026","_links":{"self":[{"href":"https:\/\/visionsdafrique.fr\/2023\/wp-json\/wp\/v2\/pages\/100","targetHints":{"allow":["GET"]}}],"collection":[{"href":"https:\/\/visionsdafrique.fr\/2023\/wp-json\/wp\/v2\/pages"}],"about":[{"href":"https:\/\/visionsdafrique.fr\/2023\/wp-json\/wp\/v2\/types\/page"}],"author":[{"embeddable":true,"href":"https:\/\/visionsdafrique.fr\/2023\/wp-json\/wp\/v2\/users\/1"}],"replies":[{"embeddable":true,"href":"https:\/\/visionsdafrique.fr\/2023\/wp-json\/wp\/v2\/comments?post=100"}],"version-history":[{"count":165,"href":"https:\/\/visionsdafrique.fr\/2023\/wp-json\/wp\/v2\/pages\/100\/revisions"}],"predecessor-version":[{"id":5178,"href":"https:\/\/visionsdafrique.fr\/2023\/wp-json\/wp\/v2\/pages\/100\/revisions\/5178"}],"wp:featuredmedia":[{"embeddable":true,"href":"https:\/\/visionsdafrique.fr\/2023\/wp-json\/wp\/v2\/media\/4570"}],"wp:attachment":[{"href":"https:\/\/visionsdafrique.fr\/2023\/wp-json\/wp\/v2\/media?parent=100"}],"curies":[{"name":"wp","href":"https:\/\/api.w.org\/{rel}","templated":true}]}}